{"id":13500,"date":"2024-05-17T17:57:27","date_gmt":"2024-05-17T15:57:27","guid":{"rendered":"https:\/\/torreviejarentals.es\/?post_type=listivo_listing&#038;p=13500"},"modified":"2026-03-09T18:53:00","modified_gmt":"2026-03-09T16:53:00","slug":"studio-with-large-rooftop-terrace","status":"publish","type":"listivo_listing","link":"https:\/\/www.torreviejarentals.es\/sv\/listing\/studio-with-large-rooftop-terrace\/","title":{"rendered":"Studio med stor takterrass"},"content":{"rendered":"<p><strong>Studio med stor takterrass<\/strong><\/p>\n<p>Liten l\u00e4genhet p\u00e5 egen v\u00e5ning med separat ing\u00e5ng uthyres i det popul\u00e4ra omr\u00e5det Rosaleda. Boendet har en dubbels\u00e4ng, toalett, dusch och ett v\u00e4lutrustat k\u00f6k. Utanf\u00f6r d\u00f6rren finns en stor privat takterrass med utem\u00f6bler d\u00e4r du kan njuta av solen n\u00e4stan hela dagen. Tv\u00e4ttmaskin och torktumlare finns i utek\u00f6ket p\u00e5 nedre plan och delas med en permanent boende.<\/p>\n<p>L\u00e4genheten ligger bara 7 minuters promenad fr\u00e5n den popul\u00e4ra stranden Los Locos, n\u00e4ra restauranger och pubar samt en stor mataff\u00e4r (Consum).<\/p>\n<p>El, vatten och internet ing\u00e5r i hyran.<\/p>","protected":false},"author":75,"template":"","listivo_5495":["Holiday Rentals"],"listivo_14303":[],"listivo_14297":[],"listivo_14311":[],"listivo_14299":[],"listivo_14298":[],"listivo_14300":[],"listivo_14301":[],"listivo_14305":[],"listivo_14307":[],"listivo_14309":[],"listivo_14310":[],"listivo_14":["Apartments"],"listivo_11876":["Torrevieja"],"listivo_9508":[],"listivo_12010":["Air Conditioner","Bed Sheets","Dryer","Furnished","Scandinavian Channels","Sea View","Towels","TV","Washing Machine","Wi-Fi"],"listivo_12008":["Coffee Maker or Kettle","Kitchen Tools","Microwave","Refrigerator &amp; Freezer","Stove"],"listivo_4661":["Balcony\/Terrasse","Parking (Shared)"],"listivo_11882":["English","Norwegian","Swedish"],"listivo_12017":["Smoking not allowed"],"listivo_12018":["Pets not allowed"],"class_list":["post-13500","listivo_listing","type-listivo_listing","status-publish","hentry","listivo_5495-holiday-rentals","listivo_14-apartments","listivo_11876-torrevieja","listivo_12010-air-conditioner","listivo_12010-bed-sheets","listivo_12010-dryer","listivo_12010-furnished","listivo_12010-scandinavian-channels","listivo_12010-sea-view","listivo_12010-towels","listivo_12010-tv","listivo_12010-washing-machine","listivo_12010-wi-fi","listivo_12008-coffee-maker-or-kettle","listivo_12008-kitchen-tools","listivo_12008-microwave","listivo_12008-refrigerator-and-freezer","listivo_12008-stove","listivo_4661-balcony-terrasse","listivo_4661-parking-shared","listivo_11882-english","listivo_11882-norwegian","listivo_11882-swedish","listivo_12017-smoking-not-allowed","listivo_12018-pets-not-allowed"],"acf":[],"listivo_12212":["6"],"listivo_14304":[],"listivo_14306":[],"listivo_14308":[],"listivo_11786":["2"],"listivo_5463":["1"],"listivo_12019":["1"],"listivo_340":["20 m\u00b2"],"listivo_11980":["50"],"listivo_145":["https:\/\/www.torreviejarentals.es\/wp-content\/uploads\/2026\/01\/tempImagerZEf2K-scaled.jpg","https:\/\/www.torreviejarentals.es\/wp-content\/uploads\/2026\/01\/tempImager6OhXX-scaled.jpg","https:\/\/www.torreviejarentals.es\/wp-content\/uploads\/2026\/01\/tempImageqr32YD-scaled.jpg","https:\/\/www.torreviejarentals.es\/wp-content\/uploads\/2026\/01\/tempImage0KDJDO-scaled.jpg","https:\/\/www.torreviejarentals.es\/wp-content\/uploads\/2026\/01\/tempImageqvGNBW-scaled.jpg","https:\/\/www.torreviejarentals.es\/wp-content\/uploads\/2026\/01\/tempImagebHvcVk-scaled.jpg","https:\/\/www.torreviejarentals.es\/wp-content\/uploads\/2026\/01\/tempImageSgw2QQ-scaled.jpg","https:\/\/www.torreviejarentals.es\/wp-content\/uploads\/2026\/01\/tempImageXSpJZv-scaled.jpg","https:\/\/www.torreviejarentals.es\/wp-content\/uploads\/2026\/01\/tempImageXZJEqz-scaled.jpg","https:\/\/www.torreviejarentals.es\/wp-content\/uploads\/2026\/01\/tempImagemUH30Y-scaled.jpg","https:\/\/www.torreviejarentals.es\/wp-content\/uploads\/2026\/01\/tempImage70Raga-scaled.jpg"],"listivo_344":[],"listivo_345":{"url":"","embed":""},"listivo_153":{"address":"C. Camilo Jos\u00e9 Cela, 5, 03183 Torrevieja, Alicante, Spain","location":{"lat":37.9893926,"lng":-0.6618648}},"listivo_11704":[],"listivo_11750":["4209"],"listivo_11885":["{\"reserved\":{\"10\":{\"from\":1776988800000,\"to\":1778025600000,\"name\":\"Rita och Roger\",\"note\":\"\",\"price\":\"Gratis\",\"phone\":\"\",\"email\":\"\"},\"13\":{\"from\":1783900800000,\"to\":1785024000000,\"name\":\"Sofia Fr\u00f6ling\",\"note\":\"Messenger\",\"price\":\"800\u20ac + 50\u20ac\",\"phone\":\"\",\"email\":\"\"},\"14\":{\"from\":1789948800000,\"to\":1794700800000,\"name\":\"Kjerstin L\u00f6fquist\",\"note\":\"Messenger\",\"price\":\"1100\u20ac + 50\u20ac\",\"phone\":\"\",\"email\":\"\"}},\"low-season\":{\"7\":{\"from\":1769040000000,\"to\":1780185600000,\"price\":\"50\",\"deposit\":\"\"},\"9\":{\"from\":1790812800000,\"to\":1811721600000,\"price\":\"50\",\"deposit\":\"\"}},\"high-season\":{\"11\":{\"from\":1780272000000,\"to\":1790726400000,\"price\":\"70\",\"deposit\":\"\"}}}"],"listivo_5974":["Price from:  \u20ac50 \/day"],"listivo_11948":[],"listivo_11949":[],"_links":{"self":[{"href":"https:\/\/www.torreviejarentals.es\/sv\/wp-json\/wp\/v2\/listings\/13500","targetHints":{"allow":["GET"]}}],"collection":[{"href":"https:\/\/www.torreviejarentals.es\/sv\/wp-json\/wp\/v2\/listings"}],"about":[{"href":"https:\/\/www.torreviejarentals.es\/sv\/wp-json\/wp\/v2\/types\/listivo_listing"}],"author":[{"embeddable":true,"href":"https:\/\/www.torreviejarentals.es\/sv\/wp-json\/wp\/v2\/users\/75"}],"wp:attachment":[{"href":"https:\/\/www.torreviejarentals.es\/sv\/wp-json\/wp\/v2\/media?parent=13500"}],"wp:term":[{"taxonomy":"listivo_5495","embeddable":true,"href":"https:\/\/www.torreviejarentals.es\/sv\/wp-json\/wp\/v2\/listivo_5495?post=13500"},{"taxonomy":"listivo_14303","embeddable":true,"href":"https:\/\/www.torreviejarentals.es\/sv\/wp-json\/wp\/v2\/listivo_14303?post=13500"},{"taxonomy":"listivo_14297","embeddable":true,"href":"https:\/\/www.torreviejarentals.es\/sv\/wp-json\/wp\/v2\/listivo_14297?post=13500"},{"taxonomy":"listivo_14311","embeddable":true,"href":"https:\/\/www.torreviejarentals.es\/sv\/wp-json\/wp\/v2\/listivo_14311?post=13500"},{"taxonomy":"listivo_14299","embeddable":true,"href":"https:\/\/www.torreviejarentals.es\/sv\/wp-json\/wp\/v2\/listivo_14299?post=13500"},{"taxonomy":"listivo_14298","embeddable":true,"href":"https:\/\/www.torreviejarentals.es\/sv\/wp-json\/wp\/v2\/listivo_14298?post=13500"},{"taxonomy":"listivo_14300","embeddable":true,"href":"https:\/\/www.torreviejarentals.es\/sv\/wp-json\/wp\/v2\/listivo_14300?post=13500"},{"taxonomy":"listivo_14301","embeddable":true,"href":"https:\/\/www.torreviejarentals.es\/sv\/wp-json\/wp\/v2\/listivo_14301?post=13500"},{"taxonomy":"listivo_14305","embeddable":true,"href":"https:\/\/www.torreviejarentals.es\/sv\/wp-json\/wp\/v2\/listivo_14305?post=13500"},{"taxonomy":"listivo_14307","embeddable":true,"href":"https:\/\/www.torreviejarentals.es\/sv\/wp-json\/wp\/v2\/listivo_14307?post=13500"},{"taxonomy":"listivo_14309","embeddable":true,"href":"https:\/\/www.torreviejarentals.es\/sv\/wp-json\/wp\/v2\/listivo_14309?post=13500"},{"taxonomy":"listivo_14310","embeddable":true,"href":"https:\/\/www.torreviejarentals.es\/sv\/wp-json\/wp\/v2\/listivo_14310?post=13500"},{"taxonomy":"listivo_14","embeddable":true,"href":"https:\/\/www.torreviejarentals.es\/sv\/wp-json\/wp\/v2\/listivo_14?post=13500"},{"taxonomy":"listivo_11876","embeddable":true,"href":"https:\/\/www.torreviejarentals.es\/sv\/wp-json\/wp\/v2\/listivo_11876?post=13500"},{"taxonomy":"listivo_9508","embeddable":true,"href":"https:\/\/www.torreviejarentals.es\/sv\/wp-json\/wp\/v2\/listivo_9508?post=13500"},{"taxonomy":"listivo_12010","embeddable":true,"href":"https:\/\/www.torreviejarentals.es\/sv\/wp-json\/wp\/v2\/listivo_12010?post=13500"},{"taxonomy":"listivo_12008","embeddable":true,"href":"https:\/\/www.torreviejarentals.es\/sv\/wp-json\/wp\/v2\/listivo_12008?post=13500"},{"taxonomy":"listivo_4661","embeddable":true,"href":"https:\/\/www.torreviejarentals.es\/sv\/wp-json\/wp\/v2\/listivo_4661?post=13500"},{"taxonomy":"listivo_11882","embeddable":true,"href":"https:\/\/www.torreviejarentals.es\/sv\/wp-json\/wp\/v2\/listivo_11882?post=13500"},{"taxonomy":"listivo_12017","embeddable":true,"href":"https:\/\/www.torreviejarentals.es\/sv\/wp-json\/wp\/v2\/listivo_12017?post=13500"},{"taxonomy":"listivo_12018","embeddable":true,"href":"https:\/\/www.torreviejarentals.es\/sv\/wp-json\/wp\/v2\/listivo_12018?post=13500"}],"curies":[{"name":"wp","href":"https:\/\/api.w.org\/{rel}","templated":true}]}}