{"id":13863,"date":"2024-06-02T13:42:09","date_gmt":"2024-06-02T11:42:09","guid":{"rendered":"https:\/\/torreviejarentals.es\/?post_type=listivo_listing&#038;p=13863"},"modified":"2025-11-26T17:49:49","modified_gmt":"2025-11-26T15:49:49","slug":"fantastictownhouseinlamata","status":"publish","type":"listivo_listing","link":"https:\/\/www.torreviejarentals.es\/sv\/listing\/fantastictownhouseinlamata\/","title":{"rendered":"Fantastiskt radhus i La Mata"},"content":{"rendered":"<p><strong>Fantastiskt radhus i La Mata<\/strong><\/p>\n<p>Vi hyr ut v\u00e5rt fantastiska radhus i La Mata som ligger bara 300 meter fr\u00e5n stranden och har poolen utanf\u00f6r d\u00f6rren!<\/p>\n<p>2 Sovrum, 1 med dubbels\u00e4ng 160 cm och 1 med tv\u00e5 enkels\u00e4ngar, 2 badrum varav 1 \u00e4r nyrenoverat. Dessutom finns en b\u00e4ddpuff som b\u00e4ddas ut till en enkels\u00e4ng f\u00f6r en mindre person. Fullt utrustat k\u00f6k med kyl och frys, diskmaskin. Inglasad terrass med matbord f\u00f6r 6 personer och sittgrupp p\u00e5 takterrassen. Gasolgrill.<\/p>\n<p>Matbutik p\u00e5 g\u00e5ngavst\u00e5nd och en m\u00e4ngd restauranger 5-10 min promenad. Fri parkering innanf\u00f6r grindarna om man har bil.<\/p>\n<p>Wifi, vatten och el ing\u00e5r likas\u00e5 lakan och handdukar. Speciella handdukar till pool och strand finns ocks\u00e5 liksom strandstolar och parasoll. Tennisbanor finns att l\u00e5na gratis och vi har rack\/bollar som man ocks\u00e5 f\u00e5r l\u00e5na. Omr\u00e5det \u00e4r v\u00e4ldigt vackert och v\u00e4lsk\u00f6tt, endast 10 st hus som delar p\u00e5 poolen och det inneb\u00e4r att det ytterst s\u00e4llan \u00e4r tr\u00e4ngsel d\u00e4r. Den h\u00e4rliga stranden \u00e4r den l\u00e4ngsta i Torrevieja och kommunen sk\u00f6ter om den p\u00e5 ett mycket bra s\u00e4tt, st\u00e4das varje dag. Sm\u00e5 strandbarer finns att tillg\u00e5 liksom restauranger.<\/p>\n<p>En kort promenad l\u00e4ngs med havet tar er in till La Mata d\u00e4r det finns ytterligare m\u00e4ngder av restauranger och aff\u00e4rer, p\u00e5 onsdagar \u00e4r det en stor marknad d\u00e4r.  F\u00f6rutom det finns \u00e4ven en bussh\u00e5llplats strax utanf\u00f6r huset s\u00e5 man l\u00e4tt och billigt kan ta sig inte till Torrevieja. D\u00e4r kan man flanera l\u00e4ngs strandpromenaden och kanske ta n\u00e5got att dricka medan man tittar p\u00e5 folkvimlet.<\/p>\n<p>F\u00f6r mer info skicka ett mail till agnetorp1@telia.com<\/p>\n<p>Tillg\u00e4ngliga veckor i maj och 1 vecka i augusti. All annan tid redan bokad f\u00f6r 2024.<\/p>\n<p>Priser maj 7500 SEK per vecka och augusti 9800 SEK per vecka.<\/p>\n<p>Licens nr VT-488841-A<\/p>","protected":false},"author":99,"template":"","listivo_5495":["Holiday Rentals"],"listivo_14303":[],"listivo_14297":[],"listivo_14311":[],"listivo_14299":[],"listivo_14298":[],"listivo_14300":[],"listivo_14301":[],"listivo_14305":[],"listivo_14307":[],"listivo_14309":[],"listivo_14310":[],"listivo_14":["Houses"],"listivo_11876":["Torrevieja"],"listivo_9508":[],"listivo_12010":["Air Conditioner","Bed Sheets","Furnished","Towels","TV","Washing Machine","Wi-Fi"],"listivo_12008":["Coffee Maker or Kettle","Kitchen Tools","Microwave","Oven","Refrigerator &amp; Freezer","Stove"],"listivo_4661":["Balcony\/Terrasse","Garden","Parking (Private)","Parking (Shared)","Pool (Shared)"],"listivo_11882":["English","Swedish"],"listivo_12017":["Smoking not allowed"],"listivo_12018":["Pets allowed"],"class_list":["post-13863","listivo_listing","type-listivo_listing","status-publish","hentry","listivo_5495-holiday-rentals","listivo_14-houses","listivo_11876-torrevieja","listivo_12010-air-conditioner","listivo_12010-bed-sheets","listivo_12010-furnished","listivo_12010-towels","listivo_12010-tv","listivo_12010-washing-machine","listivo_12010-wi-fi","listivo_12008-coffee-maker-or-kettle","listivo_12008-kitchen-tools","listivo_12008-microwave","listivo_12008-oven","listivo_12008-refrigerator-and-freezer","listivo_12008-stove","listivo_4661-balcony-terrasse","listivo_4661-garden","listivo_4661-parking-private","listivo_4661-parking-shared","listivo_4661-pool-shared","listivo_11882-english","listivo_11882-swedish","listivo_12017-smoking-not-allowed","listivo_12018-pets-allowed"],"acf":[],"listivo_12212":[],"listivo_14304":[],"listivo_14306":[],"listivo_14308":[],"listivo_11786":["4"],"listivo_5463":["2"],"listivo_12019":["2"],"listivo_340":["50 m\u00b2"],"listivo_11980":["70"],"listivo_145":["https:\/\/www.torreviejarentals.es\/wp-content\/uploads\/2024\/05\/1.Huset-vid-poolen.jpg","https:\/\/www.torreviejarentals.es\/wp-content\/uploads\/2024\/05\/2.-Framsidan-rotated.jpg","https:\/\/www.torreviejarentals.es\/wp-content\/uploads\/2024\/05\/14.Vy-fran-taket.jpg","https:\/\/www.torreviejarentals.es\/wp-content\/uploads\/2024\/05\/15.-Takterrass1-rotated.jpg","https:\/\/www.torreviejarentals.es\/wp-content\/uploads\/2024\/05\/4.-Kok-framifran.jpg","https:\/\/www.torreviejarentals.es\/wp-content\/uploads\/2024\/05\/6.-Badrum-van1-rotated.jpg","https:\/\/www.torreviejarentals.es\/wp-content\/uploads\/2024\/05\/7.-Vardagsrum2.jpg","https:\/\/www.torreviejarentals.es\/wp-content\/uploads\/2024\/05\/9.-Vy-inglas-mot-pool-rotated.jpg","https:\/\/www.torreviejarentals.es\/wp-content\/uploads\/2024\/05\/11.-Sovrum-1.jpg","https:\/\/www.torreviejarentals.es\/wp-content\/uploads\/2024\/05\/12.-Sovrum-2-rotated.jpg","https:\/\/www.torreviejarentals.es\/wp-content\/uploads\/2024\/05\/13.-Badrum-van2-rotated.jpg","https:\/\/www.torreviejarentals.es\/wp-content\/uploads\/2024\/05\/16.-Takterrass2-rotated.jpg","https:\/\/www.torreviejarentals.es\/wp-content\/uploads\/2024\/05\/17.-Grill-rotated.jpg"],"listivo_344":["https:\/\/www.torreviejarentals.es\/wp-content\/uploads\/2024\/05\/factura-F-2024-0080-Sr.-Magnus-Adolfsson.pdf"],"listivo_345":{"url":"","embed":""},"listivo_153":{"address":"C. Mimosas, 10, 03188 Torrevieja, Alicante, Spain","location":{"lat":38.0108735,"lng":-0.6566991}},"listivo_11704":["https:\/\/www.torreviejarentals.es\/wp-content\/uploads\/2024\/05\/Magnus-passkopia-scaled.jpg"],"listivo_11750":["4209"],"listivo_11885":["{\"high-season\":{\"1\":{\"from\":1717200000000,\"to\":1725062400000,\"price\":\"120\",\"deposit\":\"200\"}},\"low-season\":{\"2\":{\"from\":1714694400000,\"to\":1717113600000,\"price\":\"91\",\"deposit\":\"200\"}},\"reserved\":{\"3\":{\"from\":1715299200000,\"to\":1715558400000,\"name\":\"\",\"note\":\"\",\"price\":\"\",\"phone\":\"\",\"email\":\"\"},\"4\":{\"from\":1717027200000,\"to\":1724803200000,\"name\":\"\",\"note\":\"\",\"price\":\"\",\"phone\":\"\",\"email\":\"\"},\"5\":{\"from\":1725408000000,\"to\":1743379200000,\"name\":\"\",\"note\":\"\",\"price\":\"\",\"phone\":\"\",\"email\":\"\"}}}"],"listivo_5974":["Price from:  \u20ac91 \/day"],"listivo_11948":[],"listivo_11949":[],"_links":{"self":[{"href":"https:\/\/www.torreviejarentals.es\/sv\/wp-json\/wp\/v2\/listings\/13863","targetHints":{"allow":["GET"]}}],"collection":[{"href":"https:\/\/www.torreviejarentals.es\/sv\/wp-json\/wp\/v2\/listings"}],"about":[{"href":"https:\/\/www.torreviejarentals.es\/sv\/wp-json\/wp\/v2\/types\/listivo_listing"}],"author":[{"embeddable":true,"href":"https:\/\/www.torreviejarentals.es\/sv\/wp-json\/wp\/v2\/users\/99"}],"wp:attachment":[{"href":"https:\/\/www.torreviejarentals.es\/sv\/wp-json\/wp\/v2\/media?parent=13863"}],"wp:term":[{"taxonomy":"listivo_5495","embeddable":true,"href":"https:\/\/www.torreviejarentals.es\/sv\/wp-json\/wp\/v2\/listivo_5495?post=13863"},{"taxonomy":"listivo_14303","embeddable":true,"href":"https:\/\/www.torreviejarentals.es\/sv\/wp-json\/wp\/v2\/listivo_14303?post=13863"},{"taxonomy":"listivo_14297","embeddable":true,"href":"https:\/\/www.torreviejarentals.es\/sv\/wp-json\/wp\/v2\/listivo_14297?post=13863"},{"taxonomy":"listivo_14311","embeddable":true,"href":"https:\/\/www.torreviejarentals.es\/sv\/wp-json\/wp\/v2\/listivo_14311?post=13863"},{"taxonomy":"listivo_14299","embeddable":true,"href":"https:\/\/www.torreviejarentals.es\/sv\/wp-json\/wp\/v2\/listivo_14299?post=13863"},{"taxonomy":"listivo_14298","embeddable":true,"href":"https:\/\/www.torreviejarentals.es\/sv\/wp-json\/wp\/v2\/listivo_14298?post=13863"},{"taxonomy":"listivo_14300","embeddable":true,"href":"https:\/\/www.torreviejarentals.es\/sv\/wp-json\/wp\/v2\/listivo_14300?post=13863"},{"taxonomy":"listivo_14301","embeddable":true,"href":"https:\/\/www.torreviejarentals.es\/sv\/wp-json\/wp\/v2\/listivo_14301?post=13863"},{"taxonomy":"listivo_14305","embeddable":true,"href":"https:\/\/www.torreviejarentals.es\/sv\/wp-json\/wp\/v2\/listivo_14305?post=13863"},{"taxonomy":"listivo_14307","embeddable":true,"href":"https:\/\/www.torreviejarentals.es\/sv\/wp-json\/wp\/v2\/listivo_14307?post=13863"},{"taxonomy":"listivo_14309","embeddable":true,"href":"https:\/\/www.torreviejarentals.es\/sv\/wp-json\/wp\/v2\/listivo_14309?post=13863"},{"taxonomy":"listivo_14310","embeddable":true,"href":"https:\/\/www.torreviejarentals.es\/sv\/wp-json\/wp\/v2\/listivo_14310?post=13863"},{"taxonomy":"listivo_14","embeddable":true,"href":"https:\/\/www.torreviejarentals.es\/sv\/wp-json\/wp\/v2\/listivo_14?post=13863"},{"taxonomy":"listivo_11876","embeddable":true,"href":"https:\/\/www.torreviejarentals.es\/sv\/wp-json\/wp\/v2\/listivo_11876?post=13863"},{"taxonomy":"listivo_9508","embeddable":true,"href":"https:\/\/www.torreviejarentals.es\/sv\/wp-json\/wp\/v2\/listivo_9508?post=13863"},{"taxonomy":"listivo_12010","embeddable":true,"href":"https:\/\/www.torreviejarentals.es\/sv\/wp-json\/wp\/v2\/listivo_12010?post=13863"},{"taxonomy":"listivo_12008","embeddable":true,"href":"https:\/\/www.torreviejarentals.es\/sv\/wp-json\/wp\/v2\/listivo_12008?post=13863"},{"taxonomy":"listivo_4661","embeddable":true,"href":"https:\/\/www.torreviejarentals.es\/sv\/wp-json\/wp\/v2\/listivo_4661?post=13863"},{"taxonomy":"listivo_11882","embeddable":true,"href":"https:\/\/www.torreviejarentals.es\/sv\/wp-json\/wp\/v2\/listivo_11882?post=13863"},{"taxonomy":"listivo_12017","embeddable":true,"href":"https:\/\/www.torreviejarentals.es\/sv\/wp-json\/wp\/v2\/listivo_12017?post=13863"},{"taxonomy":"listivo_12018","embeddable":true,"href":"https:\/\/www.torreviejarentals.es\/sv\/wp-json\/wp\/v2\/listivo_12018?post=13863"}],"curies":[{"name":"wp","href":"https:\/\/api.w.org\/{rel}","templated":true}]}}