{"id":14432,"date":"2025-05-07T17:15:51","date_gmt":"2025-05-07T15:15:51","guid":{"rendered":"https:\/\/www.torreviejarentals.es\/?post_type=listivo_listing&#038;p=14432"},"modified":"2026-03-20T11:48:35","modified_gmt":"2026-03-20T09:48:35","slug":"renault-clio","status":"publish","type":"listivo_listing","link":"https:\/\/www.torreviejarentals.es\/sv\/listing\/renault-clio\/","title":{"rendered":"Renault Clio"},"content":{"rendered":"<p class=\"\" data-start=\"113\" data-end=\"166\"><span style=\"color: #000000\">\ud83d\ude97 Prisv\u00e4rd och p\u00e5litlig bil i Torrevieja! \ud83c\udf1e<\/span><\/p>\n<p class=\"\" data-start=\"168\" data-end=\"379\"><span style=\"color: #000000\">Beh\u00f6ver du ett bekv\u00e4mt och budgetv\u00e4nligt s\u00e4tt att ta dig runt i Torrevieja och de omgivande omr\u00e5dena? Hyr en kompakt och p\u00e5litlig Renault Clio (2010) - perfekt f\u00f6r dagsutflykter, strandbes\u00f6k eller f\u00f6r att g\u00f6ra \u00e4renden i stan.<\/span><\/p>\n<p class=\"\" data-start=\"381\" data-end=\"642\"><span style=\"color: #000000\">\u2705 4 d\u00f6rrar - enkel \u00e5tkomst f\u00f6r alla<\/span><br data-start=\"417\" data-end=\"420\" \/><span style=\"color: #000000\">\u2705 Br\u00e4nsleeffektiv - k\u00f6r mer, spendera mindre<\/span><br data-start=\"461\" data-end=\"464\" \/><span style=\"color: #000000\">\u2705 V\u00e4l underh\u00e5llen och p\u00e5litlig - g\u00e5r utm\u00e4rkt trots sin \u00e5lder<\/span><br data-start=\"523\" data-end=\"526\" \/><span style=\"color: #000000\">\u2705 Perfekt f\u00f6r lokala \u00e4ventyr - utforska str\u00e4nder, restauranger och sev\u00e4rdheter med l\u00e4tthet<\/span><br data-start=\"614\" data-end=\"617\" \/><span style=\"color: #000000\">\u2705 Mycket konkurrenskraftigt pris!<\/span><\/p>\n<p data-start=\"381\" data-end=\"642\"><span style=\"color: #000000;font-size: medium\">\u274c\u00a0<\/span><span style=\"color: #000000;font-size: medium\">Luftkonditioneringen fungerar inte.<\/span><\/p>\n<p class=\"\" data-start=\"644\" data-end=\"739\"><span style=\"color: #000000\">\ud83d\udcc5 Boka idag och njut av en smidig, prisv\u00e4rd och problemfri resa under din vistelse i solen!<\/span><\/p>","protected":false},"author":75,"template":"","listivo_5495":["Vehicle"],"listivo_14303":["Car"],"listivo_14297":["Renault"],"listivo_14311":[],"listivo_14299":[],"listivo_14298":["2000"],"listivo_14300":["Manual"],"listivo_14301":["Gas"],"listivo_14305":["Pick Up at Loction"],"listivo_14307":["Torrevieja Area"],"listivo_14309":[],"listivo_14310":[],"listivo_14":[],"listivo_11876":[],"listivo_9508":[],"listivo_12010":[],"listivo_12008":[],"listivo_4661":[],"listivo_11882":["English","Norwegian","Swedish"],"listivo_12017":[],"listivo_12018":[],"class_list":["post-14432","listivo_listing","type-listivo_listing","status-publish","hentry","listivo_5495-vehicle","listivo_14303-car","listivo_14297-renault","listivo_14298-602","listivo_14300-manual","listivo_14301-gas","listivo_14305-pick-up-at-loction","listivo_14307-torrevieja-area","listivo_11882-english","listivo_11882-norwegian","listivo_11882-swedish"],"acf":[],"listivo_12212":["3"],"listivo_14304":["200"],"listivo_14306":["5"],"listivo_14308":["26"],"listivo_11786":[],"listivo_5463":[],"listivo_12019":[],"listivo_340":[],"listivo_11980":[],"listivo_145":["https:\/\/www.torreviejarentals.es\/wp-content\/uploads\/2025\/04\/Skarmavbild-2025-04-20-kl.-20.55.25.png","https:\/\/www.torreviejarentals.es\/wp-content\/uploads\/2025\/04\/Skarmavbild-2025-04-20-kl.-20.55.40.png","https:\/\/www.torreviejarentals.es\/wp-content\/uploads\/2025\/04\/Skarmavbild-2025-04-20-kl.-20.56.49.png","https:\/\/www.torreviejarentals.es\/wp-content\/uploads\/2025\/04\/Skarmavbild-2025-04-08-kl.-09.49.59.png"],"listivo_344":[],"listivo_345":{"url":"","embed":""},"listivo_153":{"address":"C. Camilo Jos\u00e9 Cela, 5, 03183 Torrevieja, Alicante, Spain","location":{"lat":37.9893926,"lng":-0.6618648}},"listivo_11704":[],"listivo_11750":["14417"],"listivo_11885":["{\"reserved\":{\"17\":{\"from\":1780876800000,\"to\":1793404800000,\"name\":\"Paulina Severin\",\"note\":\"Messenger\",\"price\":\"300\u20ac \/ m\u00e5nad\",\"phone\":\"\",\"email\":\"\"},\"18\":{\"from\":1778716800000,\"to\":1779753600000,\"name\":\"Hans-Petter Simensen\",\"note\":\"Messenger\",\"price\":\"200\u20ac\",\"phone\":\"\",\"email\":\"\"},\"19\":{\"from\":1772755200000,\"to\":1773964800000,\"name\":\"Mats\",\"note\":\"Vanligt meddelande\",\"price\":\"200\u20ac\",\"phone\":\"+46702598616\",\"email\":\"\"},\"20\":{\"from\":1776988800000,\"to\":1778025600000,\"name\":\"Rita & Roger\",\"note\":\"\",\"price\":\"Gratis\",\"phone\":\"\",\"email\":\"\"},\"21\":{\"from\":1775260800000,\"to\":1776124800000,\"name\":\"Emilia Olofsson Arn\u00e9r\",\"note\":\"Messenger\",\"price\":\"150\u20ac\",\"phone\":\"\",\"email\":\"\"}},\"low-season\":{\"3\":{\"from\":1767830400000,\"to\":1798675200000,\"price\":\"20\",\"deposit\":\"\",\"priceWeek\":\"100\",\"priceMonth\":\"300\"}},\"high-season\":{\"2\":{\"from\":1745107200000,\"to\":1759190400000,\"price\":\"20\",\"deposit\":\"\",\"priceWeek\":\"100\",\"priceMonth\":\"300\"}}}"],"listivo_5974":["Price from:  \u20ac20 \/day"],"listivo_11948":[],"listivo_11949":[],"_links":{"self":[{"href":"https:\/\/www.torreviejarentals.es\/sv\/wp-json\/wp\/v2\/listings\/14432","targetHints":{"allow":["GET"]}}],"collection":[{"href":"https:\/\/www.torreviejarentals.es\/sv\/wp-json\/wp\/v2\/listings"}],"about":[{"href":"https:\/\/www.torreviejarentals.es\/sv\/wp-json\/wp\/v2\/types\/listivo_listing"}],"author":[{"embeddable":true,"href":"https:\/\/www.torreviejarentals.es\/sv\/wp-json\/wp\/v2\/users\/75"}],"wp:attachment":[{"href":"https:\/\/www.torreviejarentals.es\/sv\/wp-json\/wp\/v2\/media?parent=14432"}],"wp:term":[{"taxonomy":"listivo_5495","embeddable":true,"href":"https:\/\/www.torreviejarentals.es\/sv\/wp-json\/wp\/v2\/listivo_5495?post=14432"},{"taxonomy":"listivo_14303","embeddable":true,"href":"https:\/\/www.torreviejarentals.es\/sv\/wp-json\/wp\/v2\/listivo_14303?post=14432"},{"taxonomy":"listivo_14297","embeddable":true,"href":"https:\/\/www.torreviejarentals.es\/sv\/wp-json\/wp\/v2\/listivo_14297?post=14432"},{"taxonomy":"listivo_14311","embeddable":true,"href":"https:\/\/www.torreviejarentals.es\/sv\/wp-json\/wp\/v2\/listivo_14311?post=14432"},{"taxonomy":"listivo_14299","embeddable":true,"href":"https:\/\/www.torreviejarentals.es\/sv\/wp-json\/wp\/v2\/listivo_14299?post=14432"},{"taxonomy":"listivo_14298","embeddable":true,"href":"https:\/\/www.torreviejarentals.es\/sv\/wp-json\/wp\/v2\/listivo_14298?post=14432"},{"taxonomy":"listivo_14300","embeddable":true,"href":"https:\/\/www.torreviejarentals.es\/sv\/wp-json\/wp\/v2\/listivo_14300?post=14432"},{"taxonomy":"listivo_14301","embeddable":true,"href":"https:\/\/www.torreviejarentals.es\/sv\/wp-json\/wp\/v2\/listivo_14301?post=14432"},{"taxonomy":"listivo_14305","embeddable":true,"href":"https:\/\/www.torreviejarentals.es\/sv\/wp-json\/wp\/v2\/listivo_14305?post=14432"},{"taxonomy":"listivo_14307","embeddable":true,"href":"https:\/\/www.torreviejarentals.es\/sv\/wp-json\/wp\/v2\/listivo_14307?post=14432"},{"taxonomy":"listivo_14309","embeddable":true,"href":"https:\/\/www.torreviejarentals.es\/sv\/wp-json\/wp\/v2\/listivo_14309?post=14432"},{"taxonomy":"listivo_14310","embeddable":true,"href":"https:\/\/www.torreviejarentals.es\/sv\/wp-json\/wp\/v2\/listivo_14310?post=14432"},{"taxonomy":"listivo_14","embeddable":true,"href":"https:\/\/www.torreviejarentals.es\/sv\/wp-json\/wp\/v2\/listivo_14?post=14432"},{"taxonomy":"listivo_11876","embeddable":true,"href":"https:\/\/www.torreviejarentals.es\/sv\/wp-json\/wp\/v2\/listivo_11876?post=14432"},{"taxonomy":"listivo_9508","embeddable":true,"href":"https:\/\/www.torreviejarentals.es\/sv\/wp-json\/wp\/v2\/listivo_9508?post=14432"},{"taxonomy":"listivo_12010","embeddable":true,"href":"https:\/\/www.torreviejarentals.es\/sv\/wp-json\/wp\/v2\/listivo_12010?post=14432"},{"taxonomy":"listivo_12008","embeddable":true,"href":"https:\/\/www.torreviejarentals.es\/sv\/wp-json\/wp\/v2\/listivo_12008?post=14432"},{"taxonomy":"listivo_4661","embeddable":true,"href":"https:\/\/www.torreviejarentals.es\/sv\/wp-json\/wp\/v2\/listivo_4661?post=14432"},{"taxonomy":"listivo_11882","embeddable":true,"href":"https:\/\/www.torreviejarentals.es\/sv\/wp-json\/wp\/v2\/listivo_11882?post=14432"},{"taxonomy":"listivo_12017","embeddable":true,"href":"https:\/\/www.torreviejarentals.es\/sv\/wp-json\/wp\/v2\/listivo_12017?post=14432"},{"taxonomy":"listivo_12018","embeddable":true,"href":"https:\/\/www.torreviejarentals.es\/sv\/wp-json\/wp\/v2\/listivo_12018?post=14432"}],"curies":[{"name":"wp","href":"https:\/\/api.w.org\/{rel}","templated":true}]}}