{"id":15252,"date":"2025-06-19T15:35:28","date_gmt":"2025-06-19T13:35:28","guid":{"rendered":"https:\/\/www.torreviejarentals.es\/?post_type=listivo_listing&#038;p=15252"},"modified":"2026-01-13T18:26:17","modified_gmt":"2026-01-13T16:26:17","slug":"pmt28-unique-apartment-torrevieja","status":"publish","type":"listivo_listing","link":"https:\/\/www.torreviejarentals.es\/sv\/listing\/pmt28-unique-apartment-torrevieja\/","title":{"rendered":"Unik l\u00e4genhet - Torrevieja"},"content":{"rendered":"<div class=\"_tp3sbt\" style=\"color: #222222;font-family: 'Airbnb Cereal VF', Circular, -apple-system, BlinkMacSystemFont, Roboto, 'Helvetica Neue', sans-serif;font-size: 1rem !important;line-height: 1.5rem !important;margin-bottom: 24px !important\">\n<section>\n<p class=\"MsoNormal\" style=\"margin: 0cm;line-height: normal;font-size: medium;font-family: Aptos, sans-serif;color: #000000\"><span style=\"font-family: Roboto;color: #222222;border: 1pt windowtext;padding: 0cm\">PS: Kolla g\u00e4rna kalendern p\u00e5 AirBNB ocks\u00e5 eftersom vi har den listad d\u00e4r ocks\u00e5.<\/span><\/p>\n<section style=\"border: 0px;font-family: 'Airbnb Cereal VF', Circular, -apple-system, system-ui, Roboto, 'Helvetica Neue', sans-serif\"><a style=\"border: 0px;text-decoration: none;color: #222222;box-shadow: none;position: relative;font-size: 1rem\" href=\"https:\/\/sv.airbnb.com\/rooms\/1405082902960026761?_set_bev_on_new_domain=1700513402_ODhjYzQyNzk3ODJl&amp;source_impression_id=p3_1749154535_P3axC6boJ83cJhd_\" target=\"_blank\" rel=\"noopener\"><span style=\"color: #222222;text-decoration: none\"><span style=\"text-decoration: underline\"><span style=\"color: #3366ff;text-decoration: underline\">Klicka h\u00e4r<\/span><\/span><\/span><\/a><\/section>\n<\/section>\n<section>\u00a0\u00a0<\/section>\n<section><span class=\"l1h825yc atm_kd_19r6f69_24z95b atm_kd_19r6f69_1xbvphn_1oszvuo dir dir-ltr\">Modernt, nyrenoverat hem bara 300 meter fr\u00e5n havet, inb\u00e4ddat i ett lugnt omr\u00e5de mellan str\u00e4nderna La Mata och Los Locos. Koppla av i din privata kaklade tr\u00e4dg\u00e5rd med mysiga loungeomr\u00e5den, perfekt f\u00f6r solbad eller kv\u00e4llsdrinkar. Hemmet erbjuder parkering p\u00e5 plats och ligger inom g\u00e5ngavst\u00e5nd fr\u00e5n lokala restauranger, butiker och kaf\u00e9er vid stranden. Perfekt f\u00f6r par, familjer eller distansarbetare som s\u00f6ker komfort, stil och n\u00e4rhet till kusten.<\/span><\/section>\n<\/div>\n<div class=\"_tp3sbt\" style=\"color: #222222;font-family: 'Airbnb Cereal VF', Circular, -apple-system, BlinkMacSystemFont, Roboto, 'Helvetica Neue', sans-serif;font-size: 1rem !important;line-height: 1.5rem !important;margin-bottom: 24px !important\">\n<section>\n<div class=\"_gt7myn\">\n<h2 class=\"hpipapi atm_7l_1kw7nm4 atm_c8_1x4eueo atm_cs_1kw7nm4 atm_g3_1kw7nm4 atm_gi_idpfg4 atm_l8_idpfg4 atm_kd_idpfg4_pfnrn2 dir dir-ltr\" style=\"margin: 0px;padding: 0px;font-weight: inherit;line-height: inherit;font-size: 1em\">Utrymmet<\/h2>\n<\/div>\n<p><span class=\"l1h825yc atm_kd_19r6f69_24z95b atm_kd_19r6f69_1xbvphn_1oszvuo dir dir-ltr\">V\u00e4lkommen till ett ljust och nyrenoverat hem, bel\u00e4get i ett lugnt och soldr\u00e4nkt omr\u00e5de. Denna fastighet erbjuder en idealisk milj\u00f6 f\u00f6r par, v\u00e4nner eller sm\u00e5 familjer som s\u00f6ker komfort, bekv\u00e4mlighet och avkoppling.<\/span><\/p>\n<p>Boendet har tv\u00e5 v\u00e4lutrustade sovrum, vart och ett inrett med en dubbels\u00e4ng, gott om garderobsutrymme, m\u00f6rkl\u00e4ggningsgardiner och takfl\u00e4ktar f\u00f6r att s\u00e4kerst\u00e4lla en vilsam s\u00f6mn. Vardagsrummet \u00e4r utformat f\u00f6r komfort och avkoppling och erbjuder en bekv\u00e4m soffa, luftkonditionering och en ny smart-TV med streamingtj\u00e4nster. En matplats med plats f\u00f6r fyra personer ger en trevlig plats f\u00f6r m\u00e5ltider och sammankomster.<\/p>\n<p>Det moderna k\u00f6ket \u00e4r fullt utrustat med alla n\u00f6dv\u00e4ndiga apparater och redskap f\u00f6r daglig matlagning. Badrummet har nyligen renoverats och har en dusch och en tv\u00e4ttmaskin f\u00f6r extra bekv\u00e4mlighet.<\/p>\n<p>Fastigheten erbjuder tv\u00e5 inbjudande utomhusutrymmen:<\/p>\n<p>En m\u00f6blerad terrass som n\u00e5s fr\u00e5n vardagsrummet, komplett med loungem\u00f6bler och ett matbord f\u00f6r fyra, perfekt f\u00f6r uteservering och avkoppling.<\/p>\n<p>En rymlig takterrass med gott om plats f\u00f6r att sola eller njuta av lugna stunder i solen. Denna yta \u00e4r f\u00f6r n\u00e4rvarande om\u00f6blerad, vilket ger flexibilitet f\u00f6r olika anv\u00e4ndningsomr\u00e5den.<\/p>\n<p>Parkering finns b\u00e5de p\u00e5 gatan och inom fastighetens omr\u00e5de.<\/p>\n<p>Detta hem kombinerar komfort, funktionalitet och ett utm\u00e4rkt l\u00e4ge, vilket ger en idealisk bas f\u00f6r en avkopplande och trevlig vistelse.<\/p>\n<\/section>\n<\/div>\n<div class=\"_tp3sbt\" style=\"color: #222222;font-family: 'Airbnb Cereal VF', Circular, -apple-system, BlinkMacSystemFont, Roboto, 'Helvetica Neue', sans-serif;font-size: 1rem !important;line-height: 1.5rem !important;margin-bottom: 24px !important\">\n<section>\n<div class=\"_gt7myn\">\n<h2 class=\"hpipapi atm_7l_1kw7nm4 atm_c8_1x4eueo atm_cs_1kw7nm4 atm_g3_1kw7nm4 atm_gi_idpfg4 atm_l8_idpfg4 atm_kd_idpfg4_pfnrn2 dir dir-ltr\" style=\"margin: 0px;padding: 0px;font-weight: inherit;line-height: inherit;font-size: 1em\">Tilltr\u00e4de f\u00f6r g\u00e4ster<\/h2>\n<\/div>\n<p><span class=\"l1h825yc atm_kd_19r6f69_24z95b atm_kd_19r6f69_1xbvphn_1oszvuo dir dir-ltr\">Bes\u00f6karna har exklusiv tillg\u00e5ng till hela l\u00e4genheten med en terrass med loungem\u00f6bler och ett matbord f\u00f6r 4 personer.<br \/>\nPrivat parkering och en takterrass.<\/span><\/p>\n<\/section>\n<\/div>\n<div class=\"_tp3sbt\" style=\"color: #222222;font-family: 'Airbnb Cereal VF', Circular, -apple-system, BlinkMacSystemFont, Roboto, 'Helvetica Neue', sans-serif;font-size: 1rem !important;line-height: 1.5rem !important;margin-bottom: 24px !important\">\n<section>\n<div class=\"_gt7myn\">\n<h2 class=\"hpipapi atm_7l_1kw7nm4 atm_c8_1x4eueo atm_cs_1kw7nm4 atm_g3_1kw7nm4 atm_gi_idpfg4 atm_l8_idpfg4 atm_kd_idpfg4_pfnrn2 dir dir-ltr\" style=\"margin: 0px;padding: 0px;font-weight: inherit;line-height: inherit;font-size: 1em\">Andra saker att notera<\/h2>\n<\/div>\n<p><span class=\"l1h825yc atm_kd_19r6f69_24z95b atm_kd_19r6f69_1xbvphn_1oszvuo dir dir-ltr\">Innan du bokar, v\u00e4nligen se till att du har l\u00e4st och f\u00f6rst\u00e5tt husreglerna. Det \u00e4r obligatoriskt f\u00f6r alla bes\u00f6kare att f\u00f6lja b\u00e5de l\u00e4genhetens och samh\u00e4llets regler.<\/span><\/p>\n<p>Vi tillhandah\u00e5ller handdukar f\u00f6r anv\u00e4ndning i duschen. G\u00e4sterna ombeds v\u00e4nligen ta med egna handdukar till stranden.<\/p>\n<p>\"V\u00e4nligen notera att p\u00e5 grund av v\u00e5rt h\u00e4rliga lokala klimat och l\u00e4ge finns det en naturlig n\u00e4rvaro av insekter i omr\u00e5det. F\u00f6r att s\u00e4kerst\u00e4lla en bekv\u00e4m vistelse och minimera risken f\u00f6r att de kommer in i l\u00e4genheten ber vi dig v\u00e4nligen att h\u00e5lla d\u00f6rrar och f\u00f6nster st\u00e4ngda n\u00e4r det \u00e4r m\u00f6jligt. Om du st\u00f6ter p\u00e5 n\u00e5gra problem, tveka inte att kontakta oss omedelbart f\u00f6r att f\u00e5 hj\u00e4lp.\"<\/p>\n<\/section>\n<\/div>\n<div class=\"_tp3sbt\" style=\"color: #222222;font-family: 'Airbnb Cereal VF', Circular, -apple-system, BlinkMacSystemFont, Roboto, 'Helvetica Neue', sans-serif;font-size: 1rem !important;line-height: 1.5rem !important;margin-bottom: 24px !important\">\n<section>\n<div class=\"_gt7myn\">\n<h2 class=\"hpipapi atm_7l_1kw7nm4 atm_c8_1x4eueo atm_cs_1kw7nm4 atm_g3_1kw7nm4 atm_gi_idpfg4 atm_l8_idpfg4 atm_kd_idpfg4_pfnrn2 dir dir-ltr\" style=\"margin: 0px;padding: 0px;font-weight: inherit;line-height: inherit;font-size: 1em\">Detaljer om registrering<\/h2>\n<\/div>\n<p><span class=\"l1h825yc atm_kd_19r6f69_24z95b atm_kd_19r6f69_1xbvphn_1oszvuo dir dir-ltr\">EGVT-1434-A<\/span><\/p>\n<\/section>\n<\/div>","protected":false},"author":136,"template":"","listivo_5495":["Holiday Rentals"],"listivo_14303":[],"listivo_14297":[],"listivo_14311":[],"listivo_14299":[],"listivo_14298":[],"listivo_14300":[],"listivo_14301":[],"listivo_14305":[],"listivo_14307":[],"listivo_14309":[],"listivo_14310":[],"listivo_14":["Apartments"],"listivo_11876":["Torrevieja"],"listivo_9508":[],"listivo_12010":["Air Conditioner","Bed Sheets","Fire Extinguisher","First Aid Kit","Furnished","Towels","TV","Washing Machine","Wi-Fi"],"listivo_12008":["Coffee Maker or Kettle","Kitchen Tools","Microwave","Oven","Refrigerator &amp; Freezer","Stove"],"listivo_4661":["Balcony\/Terrasse","Garden","Parking (Shared)"],"listivo_11882":["Danish","English","Norwegian","Swedish"],"listivo_12017":["Smoking not allowed"],"listivo_12018":["Pets not allowed"],"class_list":["post-15252","listivo_listing","type-listivo_listing","status-publish","hentry","listivo_5495-holiday-rentals","listivo_14-apartments","listivo_11876-torrevieja","listivo_12010-air-conditioner","listivo_12010-bed-sheets","listivo_12010-fire-extinguisher","listivo_12010-first-aid-kit","listivo_12010-furnished","listivo_12010-towels","listivo_12010-tv","listivo_12010-washing-machine","listivo_12010-wi-fi","listivo_12008-coffee-maker-or-kettle","listivo_12008-kitchen-tools","listivo_12008-microwave","listivo_12008-oven","listivo_12008-refrigerator-and-freezer","listivo_12008-stove","listivo_4661-balcony-terrasse","listivo_4661-garden","listivo_4661-parking-shared","listivo_11882-danish","listivo_11882-english","listivo_11882-norwegian","listivo_11882-swedish","listivo_12017-smoking-not-allowed","listivo_12018-pets-not-allowed"],"acf":[],"listivo_12212":["4"],"listivo_14304":[],"listivo_14306":[],"listivo_14308":[],"listivo_11786":["4"],"listivo_5463":["1"],"listivo_12019":["2"],"listivo_340":[],"listivo_11980":["70"],"listivo_145":["https:\/\/www.torreviejarentals.es\/wp-content\/uploads\/2025\/06\/b7d95079-99f0-49c9-95c7-fff6042d836a.jpeg","https:\/\/www.torreviejarentals.es\/wp-content\/uploads\/2025\/06\/0bca4da3-e419-4c49-8eb3-30d27a80ecff.jpeg","https:\/\/www.torreviejarentals.es\/wp-content\/uploads\/2025\/06\/f2304fc9-65a4-4aec-b165-328b4a75c7fe.jpeg","https:\/\/www.torreviejarentals.es\/wp-content\/uploads\/2025\/06\/b0b209dd-5711-4f1e-b1c5-813309680340.jpeg","https:\/\/www.torreviejarentals.es\/wp-content\/uploads\/2025\/06\/35980d62-3d4f-4fa0-a75a-a11639dbb220.jpeg","https:\/\/www.torreviejarentals.es\/wp-content\/uploads\/2025\/06\/e17abf52-238e-4b5d-bfc5-8581dc136ff9.jpeg","https:\/\/www.torreviejarentals.es\/wp-content\/uploads\/2025\/06\/8367e18e-dd82-407f-a231-d0b9e36eafdb.jpeg","https:\/\/www.torreviejarentals.es\/wp-content\/uploads\/2025\/06\/e9d7f665-09a5-421d-aced-e7c422a55bed.jpeg","https:\/\/www.torreviejarentals.es\/wp-content\/uploads\/2025\/06\/a80599f1-ff0b-42ea-b167-5ce285c09ef7.jpeg","https:\/\/www.torreviejarentals.es\/wp-content\/uploads\/2025\/06\/de9ab648-d227-48ee-930b-2a0d9c5a2618.jpeg","https:\/\/www.torreviejarentals.es\/wp-content\/uploads\/2025\/06\/132f4899-22d2-417a-bc82-1344d401c3cd.jpeg","https:\/\/www.torreviejarentals.es\/wp-content\/uploads\/2025\/06\/ceaa6884-24ec-443b-b958-caf1a5436fa2.jpeg","https:\/\/www.torreviejarentals.es\/wp-content\/uploads\/2025\/06\/6529f917-62ca-4c13-b534-9ad847173244.jpeg","https:\/\/www.torreviejarentals.es\/wp-content\/uploads\/2025\/06\/572bacee-907f-4a78-a146-759bed9cffd1.jpeg","https:\/\/www.torreviejarentals.es\/wp-content\/uploads\/2025\/06\/06f7ad5c-ec63-42f0-bd65-d725faf9ed0e.jpeg","https:\/\/www.torreviejarentals.es\/wp-content\/uploads\/2025\/06\/ae7e4cae-1a7a-4f1d-afb4-97c8d9ca0335.jpeg","https:\/\/www.torreviejarentals.es\/wp-content\/uploads\/2025\/06\/dc2941b8-5a0c-49bd-a21b-e80055e187f3.jpeg"],"listivo_344":[],"listivo_345":{"url":"","embed":""},"listivo_153":{"address":"C. Manuel Espinosa Maci\u00e1, 03183 Torrevieja, Alicante, Spain","location":{"lat":37.9941896,"lng":-0.6578112}},"listivo_11704":[],"listivo_11750":["4209"],"listivo_11885":["{\"high-season\":{\"1\":{\"from\":1768262400000,\"to\":1798675200000,\"price\":\"189\",\"deposit\":\"189\"}}}"],"listivo_5974":["Price from:  \u20ac189 \/day"],"listivo_11948":[],"listivo_11949":[],"_links":{"self":[{"href":"https:\/\/www.torreviejarentals.es\/sv\/wp-json\/wp\/v2\/listings\/15252","targetHints":{"allow":["GET"]}}],"collection":[{"href":"https:\/\/www.torreviejarentals.es\/sv\/wp-json\/wp\/v2\/listings"}],"about":[{"href":"https:\/\/www.torreviejarentals.es\/sv\/wp-json\/wp\/v2\/types\/listivo_listing"}],"author":[{"embeddable":true,"href":"https:\/\/www.torreviejarentals.es\/sv\/wp-json\/wp\/v2\/users\/136"}],"wp:attachment":[{"href":"https:\/\/www.torreviejarentals.es\/sv\/wp-json\/wp\/v2\/media?parent=15252"}],"wp:term":[{"taxonomy":"listivo_5495","embeddable":true,"href":"https:\/\/www.torreviejarentals.es\/sv\/wp-json\/wp\/v2\/listivo_5495?post=15252"},{"taxonomy":"listivo_14303","embeddable":true,"href":"https:\/\/www.torreviejarentals.es\/sv\/wp-json\/wp\/v2\/listivo_14303?post=15252"},{"taxonomy":"listivo_14297","embeddable":true,"href":"https:\/\/www.torreviejarentals.es\/sv\/wp-json\/wp\/v2\/listivo_14297?post=15252"},{"taxonomy":"listivo_14311","embeddable":true,"href":"https:\/\/www.torreviejarentals.es\/sv\/wp-json\/wp\/v2\/listivo_14311?post=15252"},{"taxonomy":"listivo_14299","embeddable":true,"href":"https:\/\/www.torreviejarentals.es\/sv\/wp-json\/wp\/v2\/listivo_14299?post=15252"},{"taxonomy":"listivo_14298","embeddable":true,"href":"https:\/\/www.torreviejarentals.es\/sv\/wp-json\/wp\/v2\/listivo_14298?post=15252"},{"taxonomy":"listivo_14300","embeddable":true,"href":"https:\/\/www.torreviejarentals.es\/sv\/wp-json\/wp\/v2\/listivo_14300?post=15252"},{"taxonomy":"listivo_14301","embeddable":true,"href":"https:\/\/www.torreviejarentals.es\/sv\/wp-json\/wp\/v2\/listivo_14301?post=15252"},{"taxonomy":"listivo_14305","embeddable":true,"href":"https:\/\/www.torreviejarentals.es\/sv\/wp-json\/wp\/v2\/listivo_14305?post=15252"},{"taxonomy":"listivo_14307","embeddable":true,"href":"https:\/\/www.torreviejarentals.es\/sv\/wp-json\/wp\/v2\/listivo_14307?post=15252"},{"taxonomy":"listivo_14309","embeddable":true,"href":"https:\/\/www.torreviejarentals.es\/sv\/wp-json\/wp\/v2\/listivo_14309?post=15252"},{"taxonomy":"listivo_14310","embeddable":true,"href":"https:\/\/www.torreviejarentals.es\/sv\/wp-json\/wp\/v2\/listivo_14310?post=15252"},{"taxonomy":"listivo_14","embeddable":true,"href":"https:\/\/www.torreviejarentals.es\/sv\/wp-json\/wp\/v2\/listivo_14?post=15252"},{"taxonomy":"listivo_11876","embeddable":true,"href":"https:\/\/www.torreviejarentals.es\/sv\/wp-json\/wp\/v2\/listivo_11876?post=15252"},{"taxonomy":"listivo_9508","embeddable":true,"href":"https:\/\/www.torreviejarentals.es\/sv\/wp-json\/wp\/v2\/listivo_9508?post=15252"},{"taxonomy":"listivo_12010","embeddable":true,"href":"https:\/\/www.torreviejarentals.es\/sv\/wp-json\/wp\/v2\/listivo_12010?post=15252"},{"taxonomy":"listivo_12008","embeddable":true,"href":"https:\/\/www.torreviejarentals.es\/sv\/wp-json\/wp\/v2\/listivo_12008?post=15252"},{"taxonomy":"listivo_4661","embeddable":true,"href":"https:\/\/www.torreviejarentals.es\/sv\/wp-json\/wp\/v2\/listivo_4661?post=15252"},{"taxonomy":"listivo_11882","embeddable":true,"href":"https:\/\/www.torreviejarentals.es\/sv\/wp-json\/wp\/v2\/listivo_11882?post=15252"},{"taxonomy":"listivo_12017","embeddable":true,"href":"https:\/\/www.torreviejarentals.es\/sv\/wp-json\/wp\/v2\/listivo_12017?post=15252"},{"taxonomy":"listivo_12018","embeddable":true,"href":"https:\/\/www.torreviejarentals.es\/sv\/wp-json\/wp\/v2\/listivo_12018?post=15252"}],"curies":[{"name":"wp","href":"https:\/\/api.w.org\/{rel}","templated":true}]}}