{"id":15253,"date":"2025-06-21T10:50:32","date_gmt":"2025-06-21T08:50:32","guid":{"rendered":"https:\/\/www.torreviejarentals.es\/?post_type=listivo_listing&#038;p=15253"},"modified":"2026-01-13T18:25:58","modified_gmt":"2026-01-13T16:25:58","slug":"pmt29-playa-flamenca-frame","status":"publish","type":"listivo_listing","link":"https:\/\/www.torreviejarentals.es\/sv\/listing\/pmt29-playa-flamenca-frame\/","title":{"rendered":"Playa Flamenca Ram"},"content":{"rendered":"<div class=\"_tp3sbt\" style=\"color: #222222;font-family: 'Airbnb Cereal VF', Circular, -apple-system, BlinkMacSystemFont, Roboto, 'Helvetica Neue', sans-serif;font-size: 1rem !important;line-height: 1.5rem !important;margin-bottom: 24px !important\">\n<section>\n<p class=\"MsoNormal\" style=\"margin: 0cm;line-height: normal;font-size: medium;font-family: Aptos, sans-serif;color: #000000\"><span style=\"font-family: Roboto;color: #222222;border: 1pt windowtext;padding: 0cm\">PS: Kolla g\u00e4rna kalendern p\u00e5 AirBNB ocks\u00e5 eftersom vi har den listad d\u00e4r ocks\u00e5. Playa Flamenca ram<\/span><\/p>\n<section style=\"border: 0px;font-family: 'Airbnb Cereal VF', Circular, -apple-system, system-ui, Roboto, 'Helvetica Neue', sans-serif\"><a style=\"border: 0px;text-decoration: none;color: #222222;box-shadow: none;position: relative;font-size: 1rem\" href=\"https:\/\/sv.airbnb.com\/rooms\/894899824473023351?_set_bev_on_new_domain=1700513402_ODhjYzQyNzk3ODJl&amp;source_impression_id=p3_1749154474_P3WesHUkzGquDm0v\" target=\"_blank\" rel=\"noopener\"><span style=\"color: #222222;text-decoration: none\"><span style=\"text-decoration: underline\"><span style=\"color: #0000ff;text-decoration: underline\">Klicka h\u00e4r<\/span><\/span><\/span><\/a><\/section>\n<\/section>\n<section><\/section>\n<section><span class=\"l1h825yc atm_kd_19r6f69_24z95b atm_kd_19r6f69_1xbvphn_1oszvuo dir dir-ltr\">Modernt och elegant hem med 3 sovrum i hj\u00e4rtat av Playa Flamenca, med 1,5 badrum, vardagsrum och k\u00f6k i \u00f6ppen planl\u00f6sning och ett rymligt privat utomhusomr\u00e5de med loungem\u00f6bler, solarium och privat parkering. G\u00e4sterna har tillg\u00e5ng till en gemensam pool. Bel\u00e4get i ett popul\u00e4rt omr\u00e5de inom g\u00e5ngavst\u00e5nd till k\u00f6pcentret Zenia Boulevard, n\u00e4ra str\u00e4nder, restauranger, barer och lokala tj\u00e4nster. Perfekt f\u00f6r familjer, par eller v\u00e4nner.<\/span><\/section>\n<\/div>\n<div class=\"_tp3sbt\" style=\"color: #222222;font-family: 'Airbnb Cereal VF', Circular, -apple-system, BlinkMacSystemFont, Roboto, 'Helvetica Neue', sans-serif;font-size: 1rem !important;line-height: 1.5rem !important;margin-bottom: 24px !important\">\n<section>\n<div class=\"_gt7myn\">\n<h2 class=\"hpipapi atm_7l_1kw7nm4 atm_c8_1x4eueo atm_cs_1kw7nm4 atm_g3_1kw7nm4 atm_gi_idpfg4 atm_l8_idpfg4 atm_kd_idpfg4_pfnrn2 dir dir-ltr\" style=\"margin: 0px;padding: 0px;font-weight: inherit;line-height: inherit;font-size: 1em\">Utrymmet<\/h2>\n<\/div>\n<p><span class=\"l1h825yc atm_kd_19r6f69_24z95b atm_kd_19r6f69_1xbvphn_1oszvuo dir dir-ltr\">Ljus och modern fyrfamiljsfastighet bel\u00e4gen i ett popul\u00e4rt, solfyllt omr\u00e5de. Detta v\u00e4lpresenterade hem erbjuder en idealisk milj\u00f6 f\u00f6r par, v\u00e4nner eller familjer som s\u00f6ker komfort, bekv\u00e4mlighet och avkoppling.<\/span><\/p>\n<p>Boendet har tre sovrum: tv\u00e5 med queen size-s\u00e4ngar och ett med en liten dubbels\u00e4ng (140\u00d7190), alla med garderobsutrymme och m\u00f6rkl\u00e4ggningsgardiner f\u00f6r att s\u00e4kerst\u00e4lla en vilsam s\u00f6mn. Vardagsrummet \u00e4r utformat f\u00f6r komfort och erbjuder en mysig soffa, luftkonditionering och en smart-TV med streamingtj\u00e4nster. Den intilliggande matplatsen har plats f\u00f6r fyra personer, vilket ger ett inbjudande utrymme f\u00f6r gemensamma m\u00e5ltider och sammankomster.<\/p>\n<p>Det moderna k\u00f6ket \u00e4r fullt utrustat med alla n\u00f6dv\u00e4ndiga apparater och redskap f\u00f6r vardagsmatlagning. Fastigheten har ett familjebadrum med dusch, toalett och handfat, samt en separat g\u00e4sttoalett med extra handfat och tv\u00e4ttmaskin f\u00f6r extra bekv\u00e4mlighet.<\/p>\n<p>G\u00e4sterna kan njuta av tv\u00e5 utomhusutrymmen:<\/p>\n<p>En rymlig m\u00f6blerad terrass med loungem\u00f6bler och ett matbord, perfekt f\u00f6r uteservering och avkoppling. Detta omr\u00e5de erbjuder ocks\u00e5 bekv\u00e4mligheten med privat parkering p\u00e5 plats.<\/p>\n<p>En takterrass med gott om plats f\u00f6r att sola eller njuta av lugna stunder under solen.<\/p>\n<p>Ytterligare parkering finns b\u00e5de p\u00e5 gatan och inom fastighetens omr\u00e5de.<\/p>\n<p>Denna fastighet kombinerar komfort, funktionalitet och ett utm\u00e4rkt l\u00e4ge och utg\u00f6r en utm\u00e4rkt bas f\u00f6r en avkopplande och minnesv\u00e4rd vistelse.<\/p>\n<\/section>\n<\/div>\n<div class=\"_tp3sbt\" style=\"color: #222222;font-family: 'Airbnb Cereal VF', Circular, -apple-system, BlinkMacSystemFont, Roboto, 'Helvetica Neue', sans-serif;font-size: 1rem !important;line-height: 1.5rem !important;margin-bottom: 24px !important\">\n<section>\n<div class=\"_gt7myn\">\n<h2 class=\"hpipapi atm_7l_1kw7nm4 atm_c8_1x4eueo atm_cs_1kw7nm4 atm_g3_1kw7nm4 atm_gi_idpfg4 atm_l8_idpfg4 atm_kd_idpfg4_pfnrn2 dir dir-ltr\" style=\"margin: 0px;padding: 0px;font-weight: inherit;line-height: inherit;font-size: 1em\">Tilltr\u00e4de f\u00f6r g\u00e4ster<\/h2>\n<\/div>\n<p><span class=\"l1h825yc atm_kd_19r6f69_24z95b atm_kd_19r6f69_1xbvphn_1oszvuo dir dir-ltr\">Bes\u00f6kare kommer att ha exklusiv tillg\u00e5ng till hela l\u00e4genheten och den gemensamma poolen.<br \/>\nPrivat parkering och en terrass.<\/span><\/p>\n<\/section>\n<\/div>\n<div class=\"_tp3sbt\" style=\"color: #222222;font-family: 'Airbnb Cereal VF', Circular, -apple-system, BlinkMacSystemFont, Roboto, 'Helvetica Neue', sans-serif;font-size: 1rem !important;line-height: 1.5rem !important;margin-bottom: 24px !important\">\n<section>\n<div class=\"_gt7myn\">\n<h2 class=\"hpipapi atm_7l_1kw7nm4 atm_c8_1x4eueo atm_cs_1kw7nm4 atm_g3_1kw7nm4 atm_gi_idpfg4 atm_l8_idpfg4 atm_kd_idpfg4_pfnrn2 dir dir-ltr\" style=\"margin: 0px;padding: 0px;font-weight: inherit;line-height: inherit;font-size: 1em\">Andra saker att notera<\/h2>\n<\/div>\n<p><span class=\"l1h825yc atm_kd_19r6f69_24z95b atm_kd_19r6f69_1xbvphn_1oszvuo dir dir-ltr\">Innan du bokar, v\u00e4nligen se till att du har l\u00e4st och f\u00f6rst\u00e5tt husreglerna. Det \u00e4r obligatoriskt f\u00f6r alla bes\u00f6kare att f\u00f6lja b\u00e5de l\u00e4genhetens och samh\u00e4llets regler.<\/span><\/p>\n<p>Vi tillhandah\u00e5ller handdukar f\u00f6r anv\u00e4ndning i duschen. G\u00e4sterna ombeds v\u00e4nligen ta med egna handdukar till stranden.<\/p>\n<p>\"V\u00e4nligen notera att p\u00e5 grund av v\u00e5rt h\u00e4rliga lokala klimat och l\u00e4ge finns det en naturlig n\u00e4rvaro av insekter i omr\u00e5det. F\u00f6r att s\u00e4kerst\u00e4lla en bekv\u00e4m vistelse och minimera risken f\u00f6r att de kommer in i l\u00e4genheten ber vi dig v\u00e4nligen att h\u00e5lla d\u00f6rrar och f\u00f6nster st\u00e4ngda n\u00e4r det \u00e4r m\u00f6jligt. Om du st\u00f6ter p\u00e5 n\u00e5gra problem, tveka inte att kontakta oss omedelbart f\u00f6r att f\u00e5 hj\u00e4lp.\"<\/p>\n<\/section>\n<\/div>\n<div class=\"_tp3sbt\" style=\"color: #222222;font-family: 'Airbnb Cereal VF', Circular, -apple-system, BlinkMacSystemFont, Roboto, 'Helvetica Neue', sans-serif;font-size: 1rem !important;line-height: 1.5rem !important;margin-bottom: 24px !important\">\n<section>\n<div class=\"_gt7myn\">\n<h2 class=\"hpipapi atm_7l_1kw7nm4 atm_c8_1x4eueo atm_cs_1kw7nm4 atm_g3_1kw7nm4 atm_gi_idpfg4 atm_l8_idpfg4 atm_kd_idpfg4_pfnrn2 dir dir-ltr\" style=\"margin: 0px;padding: 0px;font-weight: inherit;line-height: inherit;font-size: 1em\">Detaljer om registrering<\/h2>\n<\/div>\n<p><span class=\"l1h825yc atm_kd_19r6f69_24z95b atm_kd_19r6f69_1xbvphn_1oszvuo dir dir-ltr\">EGVT-1434-A<\/span><\/p>\n<\/section>\n<\/div>","protected":false},"author":136,"template":"","listivo_5495":["Holiday Rentals"],"listivo_14303":[],"listivo_14297":[],"listivo_14311":[],"listivo_14299":[],"listivo_14298":[],"listivo_14300":[],"listivo_14301":[],"listivo_14305":[],"listivo_14307":[],"listivo_14309":[],"listivo_14310":[],"listivo_14":["Houses"],"listivo_11876":["Torrevieja"],"listivo_9508":[],"listivo_12010":["Air Conditioner","Bed Sheets","Furnished","Towels","TV","Wi-Fi"],"listivo_12008":["Coffee Maker or Kettle","Kitchen Tools","Oven","Refrigerator &amp; Freezer","Stove"],"listivo_4661":["Balcony\/Terrasse","Garden","Parking (Shared)","Pool (Shared)"],"listivo_11882":["Danish","English","Norwegian","Swedish"],"listivo_12017":["Smoking not allowed"],"listivo_12018":["Pets not allowed"],"class_list":["post-15253","listivo_listing","type-listivo_listing","status-publish","hentry","listivo_5495-holiday-rentals","listivo_14-houses","listivo_11876-torrevieja","listivo_12010-air-conditioner","listivo_12010-bed-sheets","listivo_12010-furnished","listivo_12010-towels","listivo_12010-tv","listivo_12010-wi-fi","listivo_12008-coffee-maker-or-kettle","listivo_12008-kitchen-tools","listivo_12008-oven","listivo_12008-refrigerator-and-freezer","listivo_12008-stove","listivo_4661-balcony-terrasse","listivo_4661-garden","listivo_4661-parking-shared","listivo_4661-pool-shared","listivo_11882-danish","listivo_11882-english","listivo_11882-norwegian","listivo_11882-swedish","listivo_12017-smoking-not-allowed","listivo_12018-pets-not-allowed"],"acf":[],"listivo_12212":["5"],"listivo_14304":[],"listivo_14306":[],"listivo_14308":[],"listivo_11786":["6"],"listivo_5463":["2"],"listivo_12019":["3"],"listivo_340":[],"listivo_11980":["80"],"listivo_145":["https:\/\/www.torreviejarentals.es\/wp-content\/uploads\/2025\/06\/fad30107-8631-49cd-b40c-19a41a770b96.png","https:\/\/www.torreviejarentals.es\/wp-content\/uploads\/2025\/06\/02c79698-8189-4a81-bb78-50deaee94599.png","https:\/\/www.torreviejarentals.es\/wp-content\/uploads\/2025\/06\/4b6635f3-ec93-49b0-93ac-81192b941075.png","https:\/\/www.torreviejarentals.es\/wp-content\/uploads\/2025\/06\/30f32af7-6570-4a1d-b915-7c2f2be1e907-scaled.png","https:\/\/www.torreviejarentals.es\/wp-content\/uploads\/2025\/06\/035d5f4e-36e9-4e39-98ad-a61dacf7bad0.png","https:\/\/www.torreviejarentals.es\/wp-content\/uploads\/2025\/06\/63f182a6-d9e2-43d0-9278-79c42d069383.png","https:\/\/www.torreviejarentals.es\/wp-content\/uploads\/2025\/06\/499e208e-f557-4cd9-876c-6d91eb4978b3.png","https:\/\/www.torreviejarentals.es\/wp-content\/uploads\/2025\/06\/948c5338-ec69-4eb4-a624-cb1983bf01b4.png","https:\/\/www.torreviejarentals.es\/wp-content\/uploads\/2025\/06\/33930c51-fa65-42d5-89e3-01793b914993.png","https:\/\/www.torreviejarentals.es\/wp-content\/uploads\/2025\/06\/272219bc-86eb-4156-9af8-82db5a406e40.png","https:\/\/www.torreviejarentals.es\/wp-content\/uploads\/2025\/06\/641559fa-3600-4824-9d25-9595a7b7bf9f.png","https:\/\/www.torreviejarentals.es\/wp-content\/uploads\/2025\/06\/4829624a-b2cc-45e7-8145-ae7602261329.png","https:\/\/www.torreviejarentals.es\/wp-content\/uploads\/2025\/06\/6603315f-38bf-40ea-96c0-7e3a6e3a38a9.png","https:\/\/www.torreviejarentals.es\/wp-content\/uploads\/2025\/06\/a4d1c508-e2c0-47b6-9d58-18d824a9c6a7.png","https:\/\/www.torreviejarentals.es\/wp-content\/uploads\/2025\/06\/b5041a5e-2f9d-4112-8b62-db478be388b4.png","https:\/\/www.torreviejarentals.es\/wp-content\/uploads\/2025\/06\/c8150ba0-10f9-4eca-b76d-18143e386189.png","https:\/\/www.torreviejarentals.es\/wp-content\/uploads\/2025\/06\/d490cd10-be38-4d20-89f4-0b7e63bc48d4.png","https:\/\/www.torreviejarentals.es\/wp-content\/uploads\/2025\/06\/e7a41222-9fce-4067-8372-955af1a4d2de.png","https:\/\/www.torreviejarentals.es\/wp-content\/uploads\/2025\/06\/f5f7cb39-4cab-42a1-a9a0-74444175dfab.png","https:\/\/www.torreviejarentals.es\/wp-content\/uploads\/2025\/06\/f1807330-7a98-4f9c-a951-98110778b26b.png"],"listivo_344":[],"listivo_345":{"url":"","embed":""},"listivo_153":{"address":"C. Arco Iris, 03189, Alicante, Spain","location":{"lat":37.9423501,"lng":-0.7337357}},"listivo_11704":[],"listivo_11750":["4209"],"listivo_11885":["{\"high-season\":{\"1\":{\"from\":1768262400000,\"to\":1798675200000,\"price\":\"110\",\"deposit\":\"110\"}}}"],"listivo_5974":["Price from:  \u20ac110 \/day"],"listivo_11948":[],"listivo_11949":[],"_links":{"self":[{"href":"https:\/\/www.torreviejarentals.es\/sv\/wp-json\/wp\/v2\/listings\/15253","targetHints":{"allow":["GET"]}}],"collection":[{"href":"https:\/\/www.torreviejarentals.es\/sv\/wp-json\/wp\/v2\/listings"}],"about":[{"href":"https:\/\/www.torreviejarentals.es\/sv\/wp-json\/wp\/v2\/types\/listivo_listing"}],"author":[{"embeddable":true,"href":"https:\/\/www.torreviejarentals.es\/sv\/wp-json\/wp\/v2\/users\/136"}],"wp:attachment":[{"href":"https:\/\/www.torreviejarentals.es\/sv\/wp-json\/wp\/v2\/media?parent=15253"}],"wp:term":[{"taxonomy":"listivo_5495","embeddable":true,"href":"https:\/\/www.torreviejarentals.es\/sv\/wp-json\/wp\/v2\/listivo_5495?post=15253"},{"taxonomy":"listivo_14303","embeddable":true,"href":"https:\/\/www.torreviejarentals.es\/sv\/wp-json\/wp\/v2\/listivo_14303?post=15253"},{"taxonomy":"listivo_14297","embeddable":true,"href":"https:\/\/www.torreviejarentals.es\/sv\/wp-json\/wp\/v2\/listivo_14297?post=15253"},{"taxonomy":"listivo_14311","embeddable":true,"href":"https:\/\/www.torreviejarentals.es\/sv\/wp-json\/wp\/v2\/listivo_14311?post=15253"},{"taxonomy":"listivo_14299","embeddable":true,"href":"https:\/\/www.torreviejarentals.es\/sv\/wp-json\/wp\/v2\/listivo_14299?post=15253"},{"taxonomy":"listivo_14298","embeddable":true,"href":"https:\/\/www.torreviejarentals.es\/sv\/wp-json\/wp\/v2\/listivo_14298?post=15253"},{"taxonomy":"listivo_14300","embeddable":true,"href":"https:\/\/www.torreviejarentals.es\/sv\/wp-json\/wp\/v2\/listivo_14300?post=15253"},{"taxonomy":"listivo_14301","embeddable":true,"href":"https:\/\/www.torreviejarentals.es\/sv\/wp-json\/wp\/v2\/listivo_14301?post=15253"},{"taxonomy":"listivo_14305","embeddable":true,"href":"https:\/\/www.torreviejarentals.es\/sv\/wp-json\/wp\/v2\/listivo_14305?post=15253"},{"taxonomy":"listivo_14307","embeddable":true,"href":"https:\/\/www.torreviejarentals.es\/sv\/wp-json\/wp\/v2\/listivo_14307?post=15253"},{"taxonomy":"listivo_14309","embeddable":true,"href":"https:\/\/www.torreviejarentals.es\/sv\/wp-json\/wp\/v2\/listivo_14309?post=15253"},{"taxonomy":"listivo_14310","embeddable":true,"href":"https:\/\/www.torreviejarentals.es\/sv\/wp-json\/wp\/v2\/listivo_14310?post=15253"},{"taxonomy":"listivo_14","embeddable":true,"href":"https:\/\/www.torreviejarentals.es\/sv\/wp-json\/wp\/v2\/listivo_14?post=15253"},{"taxonomy":"listivo_11876","embeddable":true,"href":"https:\/\/www.torreviejarentals.es\/sv\/wp-json\/wp\/v2\/listivo_11876?post=15253"},{"taxonomy":"listivo_9508","embeddable":true,"href":"https:\/\/www.torreviejarentals.es\/sv\/wp-json\/wp\/v2\/listivo_9508?post=15253"},{"taxonomy":"listivo_12010","embeddable":true,"href":"https:\/\/www.torreviejarentals.es\/sv\/wp-json\/wp\/v2\/listivo_12010?post=15253"},{"taxonomy":"listivo_12008","embeddable":true,"href":"https:\/\/www.torreviejarentals.es\/sv\/wp-json\/wp\/v2\/listivo_12008?post=15253"},{"taxonomy":"listivo_4661","embeddable":true,"href":"https:\/\/www.torreviejarentals.es\/sv\/wp-json\/wp\/v2\/listivo_4661?post=15253"},{"taxonomy":"listivo_11882","embeddable":true,"href":"https:\/\/www.torreviejarentals.es\/sv\/wp-json\/wp\/v2\/listivo_11882?post=15253"},{"taxonomy":"listivo_12017","embeddable":true,"href":"https:\/\/www.torreviejarentals.es\/sv\/wp-json\/wp\/v2\/listivo_12017?post=15253"},{"taxonomy":"listivo_12018","embeddable":true,"href":"https:\/\/www.torreviejarentals.es\/sv\/wp-json\/wp\/v2\/listivo_12018?post=15253"}],"curies":[{"name":"wp","href":"https:\/\/api.w.org\/{rel}","templated":true}]}}