{"id":15280,"date":"2025-06-15T15:27:26","date_gmt":"2025-06-15T13:27:26","guid":{"rendered":"https:\/\/www.torreviejarentals.es\/?post_type=listivo_listing&#038;p=15280"},"modified":"2026-01-13T18:27:02","modified_gmt":"2026-01-13T16:27:02","slug":"pmt31-modern-apartment-by-los-locos-beach","status":"publish","type":"listivo_listing","link":"https:\/\/www.torreviejarentals.es\/sv\/listing\/pmt31-modern-apartment-by-los-locos-beach\/","title":{"rendered":"Modern l\u00e4genhet vid Los Locos Beach"},"content":{"rendered":"<div class=\"_tp3sbt\" style=\"color: #222222;font-family: 'Airbnb Cereal VF', Circular, -apple-system, BlinkMacSystemFont, Roboto, 'Helvetica Neue', sans-serif;font-size: 1rem !important;line-height: 1.5rem !important;margin-bottom: 24px !important\">\n<section>\n<p class=\"MsoNormal\" style=\"margin: 0cm;line-height: normal;font-size: medium;font-family: Aptos, sans-serif;color: #000000\"><span style=\"font-family: Roboto;color: #222222;border: 1pt windowtext;padding: 0cm\">PS: Kolla g\u00e4rna kalendern p\u00e5 AirBNB ocks\u00e5 eftersom vi har den listad d\u00e4r ocks\u00e5.<\/span><\/p>\n<section style=\"border: 0px;font-family: 'Airbnb Cereal VF', Circular, -apple-system, system-ui, Roboto, 'Helvetica Neue', sans-serif\"><span style=\"text-decoration: underline\"><span style=\"color: #0000ff\"><a style=\"color: #0000ff;box-shadow: none;font-size: 1rem;text-decoration: underline\" href=\"https:\/\/sv.airbnb.com\/rooms\/1421044730852627098?_set_bev_on_new_domain=1700513402_ODhjYzQyNzk3ODJl&amp;source_impression_id=p3_1749154373_P3F4lUT0mZ2loC5_\" target=\"_blank\" rel=\"noopener\"><span style=\"text-decoration: none\">Klicka h\u00e4r<\/span><\/a><\/span><\/span><\/section>\n<\/section>\n<section>\u00a0\u00a0<\/section>\n<section><span class=\"l1h825yc atm_kd_19r6f69_24z95b atm_kd_19r6f69_1xbvphn_1oszvuo dir dir-ltr\">Modern l\u00e4genhet, 150 meter fr\u00e5n Los Locos Beach, Torrevieja. Ljus och inbjudande fastighet rymmer upp till 5 g\u00e4ster och erbjuder Modern l\u00e4genhet med 2 sovrum 150 meter fr\u00e5n Los Locos Beach. Sovplatser 5 med luftkonditionering, Wi-Fi, smart TV och ett fullt utrustat k\u00f6k. Perfekt f\u00f6r familjer, par eller distansarbete. H\u00e4r finns en balkong och en gemensam pool. G\u00e5ngavst\u00e5nd till restauranger, butiker och strandpromenaden. Njut av komfort, bekv\u00e4mlighet och det b\u00e4sta av Torreviejas kustlivsstil.<\/span><\/section>\n<\/div>\n<div class=\"_tp3sbt\" style=\"color: #222222;font-family: 'Airbnb Cereal VF', Circular, -apple-system, BlinkMacSystemFont, Roboto, 'Helvetica Neue', sans-serif;font-size: 1rem !important;line-height: 1.5rem !important;margin-bottom: 24px !important\">\n<section>\n<div class=\"_gt7myn\">\n<h2 class=\"hpipapi atm_7l_1kw7nm4 atm_c8_1x4eueo atm_cs_1kw7nm4 atm_g3_1kw7nm4 atm_gi_idpfg4 atm_l8_idpfg4 atm_kd_idpfg4_pfnrn2 dir dir-ltr\" style=\"margin: 0px;padding: 0px;font-weight: inherit;line-height: inherit;font-size: 1em\">Utrymmet<\/h2>\n<\/div>\n<p><span class=\"l1h825yc atm_kd_19r6f69_24z95b atm_kd_19r6f69_1xbvphn_1oszvuo dir dir-ltr\">Denna moderna l\u00e4genhet ligger p\u00e5 andra v\u00e5ningen i en v\u00e4lsk\u00f6tt byggnad bara 150 meter fr\u00e5n Los Locos Beach. Den har en privat ing\u00e5ng via en s\u00e4ker gemensam ing\u00e5ng och inkluderar en s\u00e4rskild parkeringsplats i det underjordiska garaget.<\/span><\/p>\n<p>Den \u00f6ppna planl\u00f6sningen med vardagsrum och matplats \u00e4r omt\u00e4nksamt inredd med en bekv\u00e4m soffa, en smart-TV med streamingm\u00f6jligheter (anv\u00e4nd dina egna konton) och ett matbord med plats f\u00f6r fyra. Utrymmet \u00e4r ljust och v\u00e4lkomnande och har direkt tillg\u00e5ng till en privat balkong.<\/p>\n<p>Det fullt utrustade k\u00f6ket har en keramikh\u00e4ll, ugn, kyl och frys, mikrov\u00e5gsugn, diskmaskin och alla n\u00f6dv\u00e4ndiga k\u00f6ksredskap, koppar och redskap - perfekt f\u00f6r att laga mat under din vistelse.<\/p>\n<p>L\u00e4genheten best\u00e5r av tv\u00e5 sovrum:<\/p>\n<p>Det stora sovrummet \u00e4r utrustat med en king size-s\u00e4ng och gott om garderobsutrymme.<\/p>\n<p>Det andra sovrummet har en v\u00e5ningss\u00e4ng med en utdragbar s\u00e4ng under, vilket ger sovm\u00f6jligheter f\u00f6r upp till tre personer. Denna planl\u00f6sning \u00e4r idealisk f\u00f6r familjer eller grupper av v\u00e4nner.<\/p>\n<p>Badrummet har duschkabin, toalett och tv\u00e4ttst\u00e4ll och \u00e4r bekv\u00e4mt bel\u00e4get n\u00e4ra b\u00e5da sovrummen.<\/p>\n<p>Bekv\u00e4mligheter f\u00f6r utomhusbruk:<br \/>\nG\u00e4sterna kan njuta av en m\u00f6blerad balkong som n\u00e5s fr\u00e5n vardagsrummet, perfekt f\u00f6r en avslappnad uteservering eller morgonkaffe.<\/p>\n<p>Gemensamma funktioner:<br \/>\nByggnaden har en gemensam pool med en s\u00e4rskild barnsektion, perfekt f\u00f6r familjer. En egen parkeringsplats finns i byggnadens gemensamma garage.<\/p>\n<p>Denna l\u00e4genhet \u00e4r idealiskt bel\u00e4gen inom g\u00e5ngavst\u00e5nd till stranden, strandpromenaden, restauranger, stormarknader och butiker, och erbjuder b\u00e5de komfort och bekv\u00e4mlighet f\u00f6r en avkopplande vistelse i Torrevieja.<\/p>\n<\/section>\n<\/div>\n<div class=\"_tp3sbt\" style=\"color: #222222;font-family: 'Airbnb Cereal VF', Circular, -apple-system, BlinkMacSystemFont, Roboto, 'Helvetica Neue', sans-serif;font-size: 1rem !important;line-height: 1.5rem !important;margin-bottom: 24px !important\">\n<section>\n<div class=\"_gt7myn\">\n<h2 class=\"hpipapi atm_7l_1kw7nm4 atm_c8_1x4eueo atm_cs_1kw7nm4 atm_g3_1kw7nm4 atm_gi_idpfg4 atm_l8_idpfg4 atm_kd_idpfg4_pfnrn2 dir dir-ltr\" style=\"margin: 0px;padding: 0px;font-weight: inherit;line-height: inherit;font-size: 1em\">Tilltr\u00e4de f\u00f6r g\u00e4ster<\/h2>\n<\/div>\n<p><span class=\"l1h825yc atm_kd_19r6f69_24z95b atm_kd_19r6f69_1xbvphn_1oszvuo dir dir-ltr\">Bes\u00f6kare kommer att ha exklusiv tillg\u00e5ng till hela l\u00e4genheten med balkong och parkeringsplats. Poolen och de gemensamma utrymmena delas med andra boende i samh\u00e4llet.<\/span><\/p>\n<\/section>\n<\/div>\n<div class=\"_tp3sbt\" style=\"color: #222222;font-family: 'Airbnb Cereal VF', Circular, -apple-system, BlinkMacSystemFont, Roboto, 'Helvetica Neue', sans-serif;font-size: 1rem !important;line-height: 1.5rem !important;margin-bottom: 24px !important\">\n<section>\n<div class=\"_gt7myn\">\n<h2 class=\"hpipapi atm_7l_1kw7nm4 atm_c8_1x4eueo atm_cs_1kw7nm4 atm_g3_1kw7nm4 atm_gi_idpfg4 atm_l8_idpfg4 atm_kd_idpfg4_pfnrn2 dir dir-ltr\" style=\"margin: 0px;padding: 0px;font-weight: inherit;line-height: inherit;font-size: 1em\">Andra saker att notera<\/h2>\n<\/div>\n<p><span class=\"l1h825yc atm_kd_19r6f69_24z95b atm_kd_19r6f69_1xbvphn_1oszvuo dir dir-ltr\">Innan du bokar, v\u00e4nligen se till att du har l\u00e4st och f\u00f6rst\u00e5tt husreglerna. Det \u00e4r obligatoriskt f\u00f6r alla bes\u00f6kare att f\u00f6lja b\u00e5de l\u00e4genhetens och samh\u00e4llets regler.<\/span><\/p>\n<p>Vi tillhandah\u00e5ller handdukar f\u00f6r anv\u00e4ndning i duschen. G\u00e4sterna ombeds v\u00e4nligen ta med egna handdukar till stranden och poolen.<\/p>\n<p>\"V\u00e4nligen notera att p\u00e5 grund av v\u00e5rt h\u00e4rliga lokala klimat och l\u00e4ge finns det en naturlig n\u00e4rvaro av insekter i omr\u00e5det. F\u00f6r att s\u00e4kerst\u00e4lla en bekv\u00e4m vistelse och minimera risken f\u00f6r att de kommer in i l\u00e4genheten ber vi dig v\u00e4nligen att h\u00e5lla d\u00f6rrar och f\u00f6nster st\u00e4ngda n\u00e4r det \u00e4r m\u00f6jligt. Om du st\u00f6ter p\u00e5 n\u00e5gra problem, tveka inte att kontakta oss omedelbart f\u00f6r att f\u00e5 hj\u00e4lp.\"<\/p>\n<\/section>\n<\/div>\n<div class=\"_tp3sbt\" style=\"color: #222222;font-family: 'Airbnb Cereal VF', Circular, -apple-system, BlinkMacSystemFont, Roboto, 'Helvetica Neue', sans-serif;font-size: 1rem !important;line-height: 1.5rem !important;margin-bottom: 24px !important\">\n<section>\n<div class=\"_gt7myn\">\n<h2 class=\"hpipapi atm_7l_1kw7nm4 atm_c8_1x4eueo atm_cs_1kw7nm4 atm_g3_1kw7nm4 atm_gi_idpfg4 atm_l8_idpfg4 atm_kd_idpfg4_pfnrn2 dir dir-ltr\" style=\"margin: 0px;padding: 0px;font-weight: inherit;line-height: inherit;font-size: 1em\">Detaljer om registrering<\/h2>\n<\/div>\n<p><span class=\"l1h825yc atm_kd_19r6f69_24z95b atm_kd_19r6f69_1xbvphn_1oszvuo dir dir-ltr\">EGVT-1434-A<\/span><\/p>\n<\/section>\n<\/div>","protected":false},"author":136,"template":"","listivo_5495":["Holiday Rentals"],"listivo_14303":[],"listivo_14297":[],"listivo_14311":[],"listivo_14299":[],"listivo_14298":[],"listivo_14300":[],"listivo_14301":[],"listivo_14305":[],"listivo_14307":[],"listivo_14309":[],"listivo_14310":[],"listivo_14":["Apartments"],"listivo_11876":["Torrevieja"],"listivo_9508":[],"listivo_12010":["Air Conditioner","Bed Sheets","Furnished","Towels","TV","Washing Machine","Wi-Fi"],"listivo_12008":["Coffee Maker or Kettle","Kitchen Tools","Microwave","Oven","Refrigerator &amp; Freezer","Stove"],"listivo_4661":["Balcony\/Terrasse","Parking (Private)","Pool (Shared)"],"listivo_11882":["Danish","English","Norwegian","Swedish"],"listivo_12017":["Smoking not allowed"],"listivo_12018":["Pets not allowed"],"class_list":["post-15280","listivo_listing","type-listivo_listing","status-publish","hentry","listivo_5495-holiday-rentals","listivo_14-apartments","listivo_11876-torrevieja","listivo_12010-air-conditioner","listivo_12010-bed-sheets","listivo_12010-furnished","listivo_12010-towels","listivo_12010-tv","listivo_12010-washing-machine","listivo_12010-wi-fi","listivo_12008-coffee-maker-or-kettle","listivo_12008-kitchen-tools","listivo_12008-microwave","listivo_12008-oven","listivo_12008-refrigerator-and-freezer","listivo_12008-stove","listivo_4661-balcony-terrasse","listivo_4661-parking-private","listivo_4661-pool-shared","listivo_11882-danish","listivo_11882-english","listivo_11882-norwegian","listivo_11882-swedish","listivo_12017-smoking-not-allowed","listivo_12018-pets-not-allowed"],"acf":[],"listivo_12212":["5"],"listivo_14304":[],"listivo_14306":[],"listivo_14308":[],"listivo_11786":["5"],"listivo_5463":["1"],"listivo_12019":["2"],"listivo_340":[],"listivo_11980":["70"],"listivo_145":["https:\/\/www.torreviejarentals.es\/wp-content\/uploads\/2025\/06\/b387cdf9-aab0-4c66-bff5-866044d5b1c8.png","https:\/\/www.torreviejarentals.es\/wp-content\/uploads\/2025\/06\/3a66c805-babf-4520-89fa-7721e0088680.png","https:\/\/www.torreviejarentals.es\/wp-content\/uploads\/2025\/06\/21beec65-ba4e-484a-9c40-2e10f8cc9551.png","https:\/\/www.torreviejarentals.es\/wp-content\/uploads\/2025\/06\/31d9da1e-3bb7-49a2-8848-b5ac6d1bc214.png","https:\/\/www.torreviejarentals.es\/wp-content\/uploads\/2025\/06\/621b17a8-55a2-419a-98c4-a0a34f8cacc6.png","https:\/\/www.torreviejarentals.es\/wp-content\/uploads\/2025\/06\/48723ba1-6032-483e-9c1a-f50d1aeddce1.png","https:\/\/www.torreviejarentals.es\/wp-content\/uploads\/2025\/06\/58111a88-bc5d-4dcc-bea8-e19cbebea9c7.png","https:\/\/www.torreviejarentals.es\/wp-content\/uploads\/2025\/06\/a92df3f1-7b26-4f65-8259-74f71e726ac6.png","https:\/\/www.torreviejarentals.es\/wp-content\/uploads\/2025\/06\/aad8c113-5673-4abd-abad-790fd3eb0df7.png","https:\/\/www.torreviejarentals.es\/wp-content\/uploads\/2025\/06\/acfc70c3-1cbf-4450-83a1-d7e2742ddbae.png","https:\/\/www.torreviejarentals.es\/wp-content\/uploads\/2025\/06\/ad36d58d-bef6-404b-a5aa-a0eceac4f569.png","https:\/\/www.torreviejarentals.es\/wp-content\/uploads\/2025\/06\/b30b7e1e-fc7e-42ca-ae30-9f4cb1191b62.png","https:\/\/www.torreviejarentals.es\/wp-content\/uploads\/2025\/06\/c13765c4-1b8c-4ba0-9c23-f9339874df45.png","https:\/\/www.torreviejarentals.es\/wp-content\/uploads\/2025\/06\/cf5e571d-2eaa-4042-a1e2-e9350764c298.png","https:\/\/www.torreviejarentals.es\/wp-content\/uploads\/2025\/06\/d4a763dd-690d-4035-8976-b0b7afceaa3a.png","https:\/\/www.torreviejarentals.es\/wp-content\/uploads\/2025\/06\/da8935e5-efc4-462c-9947-2f28a88618b5.png","https:\/\/www.torreviejarentals.es\/wp-content\/uploads\/2025\/06\/e6b2cf32-c693-4450-96ac-1f7059067292.png","https:\/\/www.torreviejarentals.es\/wp-content\/uploads\/2025\/06\/f932d97b-d5fd-4ee2-b020-7a91d84d4329.png"],"listivo_344":[],"listivo_345":{"url":"","embed":""},"listivo_153":{"address":"C. Finlandia, Torrevieja, Alicante, Spain","location":{"lat":37.9835623,"lng":-0.6627905}},"listivo_11704":[],"listivo_11750":["4209"],"listivo_11885":["{\"high-season\":{\"1\":{\"from\":1768262400000,\"to\":1798675200000,\"price\":\"120\",\"deposit\":\"120\"}}}"],"listivo_5974":["Price from:  \u20ac120 \/day"],"listivo_11948":[],"listivo_11949":[],"_links":{"self":[{"href":"https:\/\/www.torreviejarentals.es\/sv\/wp-json\/wp\/v2\/listings\/15280","targetHints":{"allow":["GET"]}}],"collection":[{"href":"https:\/\/www.torreviejarentals.es\/sv\/wp-json\/wp\/v2\/listings"}],"about":[{"href":"https:\/\/www.torreviejarentals.es\/sv\/wp-json\/wp\/v2\/types\/listivo_listing"}],"author":[{"embeddable":true,"href":"https:\/\/www.torreviejarentals.es\/sv\/wp-json\/wp\/v2\/users\/136"}],"wp:attachment":[{"href":"https:\/\/www.torreviejarentals.es\/sv\/wp-json\/wp\/v2\/media?parent=15280"}],"wp:term":[{"taxonomy":"listivo_5495","embeddable":true,"href":"https:\/\/www.torreviejarentals.es\/sv\/wp-json\/wp\/v2\/listivo_5495?post=15280"},{"taxonomy":"listivo_14303","embeddable":true,"href":"https:\/\/www.torreviejarentals.es\/sv\/wp-json\/wp\/v2\/listivo_14303?post=15280"},{"taxonomy":"listivo_14297","embeddable":true,"href":"https:\/\/www.torreviejarentals.es\/sv\/wp-json\/wp\/v2\/listivo_14297?post=15280"},{"taxonomy":"listivo_14311","embeddable":true,"href":"https:\/\/www.torreviejarentals.es\/sv\/wp-json\/wp\/v2\/listivo_14311?post=15280"},{"taxonomy":"listivo_14299","embeddable":true,"href":"https:\/\/www.torreviejarentals.es\/sv\/wp-json\/wp\/v2\/listivo_14299?post=15280"},{"taxonomy":"listivo_14298","embeddable":true,"href":"https:\/\/www.torreviejarentals.es\/sv\/wp-json\/wp\/v2\/listivo_14298?post=15280"},{"taxonomy":"listivo_14300","embeddable":true,"href":"https:\/\/www.torreviejarentals.es\/sv\/wp-json\/wp\/v2\/listivo_14300?post=15280"},{"taxonomy":"listivo_14301","embeddable":true,"href":"https:\/\/www.torreviejarentals.es\/sv\/wp-json\/wp\/v2\/listivo_14301?post=15280"},{"taxonomy":"listivo_14305","embeddable":true,"href":"https:\/\/www.torreviejarentals.es\/sv\/wp-json\/wp\/v2\/listivo_14305?post=15280"},{"taxonomy":"listivo_14307","embeddable":true,"href":"https:\/\/www.torreviejarentals.es\/sv\/wp-json\/wp\/v2\/listivo_14307?post=15280"},{"taxonomy":"listivo_14309","embeddable":true,"href":"https:\/\/www.torreviejarentals.es\/sv\/wp-json\/wp\/v2\/listivo_14309?post=15280"},{"taxonomy":"listivo_14310","embeddable":true,"href":"https:\/\/www.torreviejarentals.es\/sv\/wp-json\/wp\/v2\/listivo_14310?post=15280"},{"taxonomy":"listivo_14","embeddable":true,"href":"https:\/\/www.torreviejarentals.es\/sv\/wp-json\/wp\/v2\/listivo_14?post=15280"},{"taxonomy":"listivo_11876","embeddable":true,"href":"https:\/\/www.torreviejarentals.es\/sv\/wp-json\/wp\/v2\/listivo_11876?post=15280"},{"taxonomy":"listivo_9508","embeddable":true,"href":"https:\/\/www.torreviejarentals.es\/sv\/wp-json\/wp\/v2\/listivo_9508?post=15280"},{"taxonomy":"listivo_12010","embeddable":true,"href":"https:\/\/www.torreviejarentals.es\/sv\/wp-json\/wp\/v2\/listivo_12010?post=15280"},{"taxonomy":"listivo_12008","embeddable":true,"href":"https:\/\/www.torreviejarentals.es\/sv\/wp-json\/wp\/v2\/listivo_12008?post=15280"},{"taxonomy":"listivo_4661","embeddable":true,"href":"https:\/\/www.torreviejarentals.es\/sv\/wp-json\/wp\/v2\/listivo_4661?post=15280"},{"taxonomy":"listivo_11882","embeddable":true,"href":"https:\/\/www.torreviejarentals.es\/sv\/wp-json\/wp\/v2\/listivo_11882?post=15280"},{"taxonomy":"listivo_12017","embeddable":true,"href":"https:\/\/www.torreviejarentals.es\/sv\/wp-json\/wp\/v2\/listivo_12017?post=15280"},{"taxonomy":"listivo_12018","embeddable":true,"href":"https:\/\/www.torreviejarentals.es\/sv\/wp-json\/wp\/v2\/listivo_12018?post=15280"}],"curies":[{"name":"wp","href":"https:\/\/api.w.org\/{rel}","templated":true}]}}