{"id":15305,"date":"2025-06-22T07:30:31","date_gmt":"2025-06-22T05:30:31","guid":{"rendered":"https:\/\/www.torreviejarentals.es\/?post_type=listivo_listing&#038;p=15305"},"modified":"2026-01-13T18:25:34","modified_gmt":"2026-01-13T16:25:34","slug":"pmt12-luxurious-villa-with-private-heated-pool","status":"publish","type":"listivo_listing","link":"https:\/\/www.torreviejarentals.es\/sv\/listing\/pmt12-luxurious-villa-with-private-heated-pool\/","title":{"rendered":"Lyxig villa med privat uppv\u00e4rmd pool"},"content":{"rendered":"<div class=\"_tp3sbt\" style=\"color: #222222;font-family: 'Airbnb Cereal VF', Circular, -apple-system, BlinkMacSystemFont, Roboto, 'Helvetica Neue', sans-serif;font-size: 1rem !important;line-height: 1.5rem !important;margin-bottom: 24px !important\">\n<section>\n<p class=\"MsoNormal\" style=\"margin: 0cm;line-height: normal;font-size: medium;font-family: Aptos, sans-serif;color: #000000\"><span style=\"font-family: Roboto;color: #222222;border: 1pt windowtext;padding: 0cm\">PS: V\u00e4nligen kontrollera kalendern p\u00e5 AirBNB ocks\u00e5 eftersom vi har den listad d\u00e4r ocks\u00e5. Lyxig villa med privat uppv\u00e4rmd pool<\/span><\/p>\n<section style=\"border: 0px;font-family: 'Airbnb Cereal VF', Circular, -apple-system, system-ui, Roboto, 'Helvetica Neue', sans-serif\"><a style=\"border: 0px;text-decoration: none;color: #222222;box-shadow: none;position: relative;font-size: 1rem\" href=\"https:\/\/sv.airbnb.com\/rooms\/835979507439053440?_set_bev_on_new_domain=1700513402_ODhjYzQyNzk3ODJl&amp;source_impression_id=p3_1749154425_P3mr96qgH9FDB887\" target=\"_blank\" rel=\"noopener\"><span style=\"color: #222222;text-decoration: none\"><span style=\"text-decoration: underline\"><span style=\"color: #3366ff;text-decoration: underline\">Klicka h\u00e4r<\/span><\/span><\/span><\/a><\/section>\n<\/section>\n<section>\u00a0\u00a0<\/section>\n<section><span class=\"l1h825yc atm_kd_19r6f69_24z95b atm_kd_19r6f69_1xbvphn_1oszvuo dir dir-ltr\">Den p\u00e5kostade villan erbjuder en rad bekv\u00e4mligheter. H\u00e4r finns en privat tr\u00e4dg\u00e5rd och ett poolomr\u00e5de med olika sittplatser, solstolar och en grill, perfekt f\u00f6r avkoppling utomhus. Inuti erbjuder villan bekv\u00e4ma s\u00e4ngar och moderna bekv\u00e4mligheter som \u00e4r n\u00f6dv\u00e4ndiga f\u00f6r en lugn och trevlig vistelse i Torrevieja.<\/span><\/section>\n<\/div>\n<div class=\"_tp3sbt\" style=\"color: #222222;font-family: 'Airbnb Cereal VF', Circular, -apple-system, BlinkMacSystemFont, Roboto, 'Helvetica Neue', sans-serif;font-size: 1rem !important;line-height: 1.5rem !important;margin-bottom: 24px !important\">\n<section>\n<div class=\"_gt7myn\">\n<h2 class=\"hpipapi atm_7l_1kw7nm4 atm_c8_1x4eueo atm_cs_1kw7nm4 atm_g3_1kw7nm4 atm_gi_idpfg4 atm_l8_idpfg4 atm_kd_idpfg4_pfnrn2 dir dir-ltr\" style=\"margin: 0px;padding: 0px;font-weight: inherit;line-height: inherit;font-size: 1em\">Utrymmet<\/h2>\n<\/div>\n<p><span class=\"l1h825yc atm_kd_19r6f69_24z95b atm_kd_19r6f69_1xbvphn_1oszvuo dir dir-ltr\">Villan \u00e4r en tv\u00e5v\u00e5ningsbostad med olika bekv\u00e4mligheter. P\u00e5 bottenv\u00e5ningen finns tre rymliga sovrum, varav ett har ett eget badrum. Bland sovrummen har tv\u00e5 queen size-s\u00e4ngar f\u00f6r optimal komfort, medan det tredje erbjuder tv\u00e5 enkels\u00e4ngar, alla med inbyggda garderober. P\u00e5 bottenv\u00e5ningen finns dessutom en entr\u00e9, tv\u00e5 badrum med dusch, handfat och toalett samt ett \u00f6ppet omr\u00e5de med k\u00f6k, matplats och vardagsrum. Detta omr\u00e5de ansluter s\u00f6ml\u00f6st till poolavsnittet genom en stor skjutd\u00f6rr i glas. Vardagsrummet \u00e4r m\u00f6blerat med en soffa och ett soffbord, medan matplatsen \u00e4r utrustad med ett stort bord med plats f\u00f6r sex personer. K\u00f6ket har barstolar vid k\u00f6ks\u00f6n och \u00e4r utrustat med en rymlig kyl, frys, spis, spish\u00e4ll, mikrov\u00e5gsugn och diskmaskin. Tillg\u00e5ngen till poolomr\u00e5det underl\u00e4ttas ocks\u00e5 genom en d\u00f6rr i k\u00f6ket.<br \/>\nI k\u00e4llaren finns en rymlig \u00f6ppen yta med ett separat badrum med dusch, handfat och toalett. Detta multifunktionella rum rymmer en stor queen size-s\u00e4ng i en del och en mindre dubbels\u00e4ng i en annan, kompletterad med en soffa, TV-omr\u00e5de och biljardbord i mitten. En tv\u00e4tth\u00f6rna med tv\u00e4ttmaskin finns i en separat del av rummet.<br \/>\nVillan \u00e4r utrustad med luftkonditioneringsenheter i alla rum f\u00f6r b\u00e5de v\u00e4rme- och kyl\u00e4ndam\u00e5l, med kontroller bekv\u00e4mt placerade p\u00e5 v\u00e4ggdisplayer p\u00e5 varje v\u00e5ning.<br \/>\nFastigheten omfattar ett gener\u00f6st solarium och en privat tr\u00e4dg\u00e5rd och poolomr\u00e5de som presenterar flera sittzoner, solstolar och ett matbord f\u00f6r fyra. En stor privat pool som erbjuder en idealisk milj\u00f6 f\u00f6r en lugn tillflyktsort i Torrevieja.<br \/>\nPrivat parkering finns p\u00e5 plats f\u00f6r tv\u00e5 bilar.<br \/>\nUnder kallare \u00e5rstider kan pooluppv\u00e4rmning f\u00e5s p\u00e5 beg\u00e4ran mot en extra avgift. V\u00e4nligen ange detta krav vid bokningstillf\u00e4llet.<\/span><\/p>\n<p>Vi tillhandah\u00e5ller handdukar f\u00f6r anv\u00e4ndning i duschen. G\u00e4sterna ombeds v\u00e4nligen ta med egna handdukar till stranden och poolen.<\/p>\n<\/section>\n<\/div>\n<div class=\"_tp3sbt\" style=\"color: #222222;font-family: 'Airbnb Cereal VF', Circular, -apple-system, BlinkMacSystemFont, Roboto, 'Helvetica Neue', sans-serif;font-size: 1rem !important;line-height: 1.5rem !important;margin-bottom: 24px !important\">\n<section>\n<div class=\"_gt7myn\">\n<h2 class=\"hpipapi atm_7l_1kw7nm4 atm_c8_1x4eueo atm_cs_1kw7nm4 atm_g3_1kw7nm4 atm_gi_idpfg4 atm_l8_idpfg4 atm_kd_idpfg4_pfnrn2 dir dir-ltr\" style=\"margin: 0px;padding: 0px;font-weight: inherit;line-height: inherit;font-size: 1em\">Tilltr\u00e4de f\u00f6r g\u00e4ster<\/h2>\n<\/div>\n<p><span class=\"l1h825yc atm_kd_19r6f69_24z95b atm_kd_19r6f69_1xbvphn_1oszvuo dir dir-ltr\">Information om boende:<br \/>\nPrivat villa med allt privat utomhusomr\u00e5de, s\u00e5som tr\u00e4dg\u00e5rd, pool, parkering och solarium.<br \/>\nG\u00e4sterna kommer att ha hela villan och fastigheten f\u00f6r sig sj\u00e4lva.<br \/>\nVillan \u00e4r bel\u00e4gen p\u00e5 tv\u00e5 v\u00e5ningar och n\u00e5s via trappor (ingen hiss). Villan ligger dessutom p\u00e5 en lugn gata, d\u00e4r inv\u00e5nare och turister bor sida vid sida.<\/span><\/p>\n<\/section>\n<\/div>\n<div class=\"_tp3sbt\" style=\"color: #222222;font-family: 'Airbnb Cereal VF', Circular, -apple-system, BlinkMacSystemFont, Roboto, 'Helvetica Neue', sans-serif;font-size: 1rem !important;line-height: 1.5rem !important;margin-bottom: 24px !important\">\n<section>\n<div class=\"_gt7myn\">\n<h2 class=\"hpipapi atm_7l_1kw7nm4 atm_c8_1x4eueo atm_cs_1kw7nm4 atm_g3_1kw7nm4 atm_gi_idpfg4 atm_l8_idpfg4 atm_kd_idpfg4_pfnrn2 dir dir-ltr\" style=\"margin: 0px;padding: 0px;font-weight: inherit;line-height: inherit;font-size: 1em\">Andra saker att notera<\/h2>\n<\/div>\n<p><span class=\"l1h825yc atm_kd_19r6f69_24z95b atm_kd_19r6f69_1xbvphn_1oszvuo dir dir-ltr\">Det \u00e4r m\u00f6jligt att f\u00e5 poolen uppv\u00e4rmd, mot en extra avgift. Se till att meddela oss detta n\u00e4r du bokar din vistelse.<\/span><\/p>\n<p>Innan du bokar, v\u00e4nligen se till att du har l\u00e4st och f\u00f6rst\u00e5tt husets regler. Det \u00e4r obligatoriskt f\u00f6r alla bes\u00f6kare att f\u00f6lja b\u00e5de husets och samh\u00e4llets regler.<\/p>\n<p>Vi tillhandah\u00e5ller handdukar f\u00f6r anv\u00e4ndning i duschen. G\u00e4sterna ombeds v\u00e4nligen ta med egna handdukar till stranden och poolen.<\/p>\n<p>\"V\u00e4nligen notera att p\u00e5 grund av v\u00e5rt h\u00e4rliga lokala klimat och l\u00e4ge finns det en naturlig n\u00e4rvaro av insekter i omr\u00e5det. F\u00f6r att s\u00e4kerst\u00e4lla en bekv\u00e4m vistelse och minimera risken f\u00f6r att de kommer in i l\u00e4genheten ber vi dig v\u00e4nligen att h\u00e5lla d\u00f6rrar och f\u00f6nster st\u00e4ngda n\u00e4r det \u00e4r m\u00f6jligt. Om du st\u00f6ter p\u00e5 n\u00e5gra problem, tveka inte att kontakta oss omedelbart f\u00f6r att f\u00e5 hj\u00e4lp.\"<\/p>\n<\/section>\n<\/div>\n<div class=\"_tp3sbt\" style=\"color: #222222;font-family: 'Airbnb Cereal VF', Circular, -apple-system, BlinkMacSystemFont, Roboto, 'Helvetica Neue', sans-serif;font-size: 1rem !important;line-height: 1.5rem !important;margin-bottom: 24px !important\">\n<section>\n<div class=\"_gt7myn\">\n<h2 class=\"hpipapi atm_7l_1kw7nm4 atm_c8_1x4eueo atm_cs_1kw7nm4 atm_g3_1kw7nm4 atm_gi_idpfg4 atm_l8_idpfg4 atm_kd_idpfg4_pfnrn2 dir dir-ltr\" style=\"margin: 0px;padding: 0px;font-weight: inherit;line-height: inherit;font-size: 1em\">Detaljer om registrering<\/h2>\n<\/div>\n<p><span class=\"l1h825yc atm_kd_19r6f69_24z95b atm_kd_19r6f69_1xbvphn_1oszvuo dir dir-ltr\">EGVT-1434-A<\/span><\/p>\n<\/section>\n<\/div>","protected":false},"author":136,"template":"","listivo_5495":["Holiday Rentals"],"listivo_14303":[],"listivo_14297":[],"listivo_14311":[],"listivo_14299":[],"listivo_14298":[],"listivo_14300":[],"listivo_14301":[],"listivo_14305":[],"listivo_14307":[],"listivo_14309":[],"listivo_14310":[],"listivo_14":["Houses"],"listivo_11876":["Torrevieja"],"listivo_9508":[],"listivo_12010":["Air Conditioner","Bed Sheets","Fire Extinguisher","Furnished","Sea View","Towels","TV","Washing Machine","Wi-Fi"],"listivo_12008":["Coffee Maker or Kettle","Kitchen Tools","Microwave","Oven","Refrigerator &amp; Freezer","Stove"],"listivo_4661":["Balcony\/Terrasse","Garden","Parking (Shared)","Pool (Private)"],"listivo_11882":["Danish","English","Norwegian","Swedish"],"listivo_12017":["Smoking not allowed"],"listivo_12018":["Pets not allowed"],"class_list":["post-15305","listivo_listing","type-listivo_listing","status-publish","hentry","listivo_5495-holiday-rentals","listivo_14-houses","listivo_11876-torrevieja","listivo_12010-air-conditioner","listivo_12010-bed-sheets","listivo_12010-fire-extinguisher","listivo_12010-furnished","listivo_12010-sea-view","listivo_12010-towels","listivo_12010-tv","listivo_12010-washing-machine","listivo_12010-wi-fi","listivo_12008-coffee-maker-or-kettle","listivo_12008-kitchen-tools","listivo_12008-microwave","listivo_12008-oven","listivo_12008-refrigerator-and-freezer","listivo_12008-stove","listivo_4661-balcony-terrasse","listivo_4661-garden","listivo_4661-parking-shared","listivo_4661-pool-private","listivo_11882-danish","listivo_11882-english","listivo_11882-norwegian","listivo_11882-swedish","listivo_12017-smoking-not-allowed","listivo_12018-pets-not-allowed"],"acf":[],"listivo_12212":["3"],"listivo_14304":[],"listivo_14306":[],"listivo_14308":[],"listivo_11786":["10"],"listivo_5463":["3"],"listivo_12019":["4"],"listivo_340":[],"listivo_11980":["150"],"listivo_145":["https:\/\/www.torreviejarentals.es\/wp-content\/uploads\/2025\/06\/624708bf-cdb9-433f-b645-aa9d3a15477e.png","https:\/\/www.torreviejarentals.es\/wp-content\/uploads\/2025\/06\/c087072f-8715-4e82-a0d3-600ce0a5d050.png","https:\/\/www.torreviejarentals.es\/wp-content\/uploads\/2025\/06\/10f9cca5-4015-4907-9a2e-92e412412629.png","https:\/\/www.torreviejarentals.es\/wp-content\/uploads\/2025\/06\/d8b33f90-903c-43ff-897b-cfcc43dd8b2f.png","https:\/\/www.torreviejarentals.es\/wp-content\/uploads\/2025\/06\/8c53d2e1-6ac7-40df-92df-dfb95bd2f82a.png","https:\/\/www.torreviejarentals.es\/wp-content\/uploads\/2025\/06\/2cd6247e-f282-42dd-8214-4fad1b30114d.png","https:\/\/www.torreviejarentals.es\/wp-content\/uploads\/2025\/06\/be2483a7-8c19-4d25-b816-591eec144a5b.png","https:\/\/www.torreviejarentals.es\/wp-content\/uploads\/2025\/06\/b73abdf5-c09f-4225-b019-e118daa476fb.png","https:\/\/www.torreviejarentals.es\/wp-content\/uploads\/2025\/06\/f0153422-3e2e-4c94-af84-6435199b4a1a.png","https:\/\/www.torreviejarentals.es\/wp-content\/uploads\/2025\/06\/daff4d00-e68e-4b38-8778-2d130d79f055.png","https:\/\/www.torreviejarentals.es\/wp-content\/uploads\/2025\/06\/a6d05573-0e17-4649-9691-b205893667b4.png","https:\/\/www.torreviejarentals.es\/wp-content\/uploads\/2025\/06\/679de87f-9c1c-4cf9-a055-6f6e8b3e7695.png","https:\/\/www.torreviejarentals.es\/wp-content\/uploads\/2025\/06\/63151f7e-8871-4fc9-86b7-771c542348ba.png","https:\/\/www.torreviejarentals.es\/wp-content\/uploads\/2025\/06\/06180bce-780b-49fe-96dc-872962b70fef.png","https:\/\/www.torreviejarentals.es\/wp-content\/uploads\/2025\/06\/1507c818-201d-4e7a-925b-5ae0ba9e4899.png","https:\/\/www.torreviejarentals.es\/wp-content\/uploads\/2025\/06\/419b1ace-c614-4a41-8d01-cb5037d2e8a0.png","https:\/\/www.torreviejarentals.es\/wp-content\/uploads\/2025\/06\/41cec4a9-1c25-4fa9-949b-aae3d9c84805.png","https:\/\/www.torreviejarentals.es\/wp-content\/uploads\/2025\/06\/25e66a67-7efc-49c8-b7fd-3556540ecab6-1.png","https:\/\/www.torreviejarentals.es\/wp-content\/uploads\/2025\/06\/6ec823dd-4914-45b5-904d-aad3b3b3023c.png","https:\/\/www.torreviejarentals.es\/wp-content\/uploads\/2025\/06\/4bfa703e-59ff-4f92-897d-ad6e789ac0d5.png"],"listivo_344":[],"listivo_345":{"url":"","embed":""},"listivo_153":{"address":"C. Gabriela Mistral, 03183 Torrevieja, Alicante, Spain","location":{"lat":37.9937041,"lng":-0.6591316}},"listivo_11704":[],"listivo_11750":["4209"],"listivo_11885":["{\"high-season\":{\"1\":{\"from\":1768262400000,\"to\":1798675200000,\"price\":\"360\",\"deposit\":\"360\"}}}"],"listivo_5974":["Price from:  \u20ac360 \/day"],"listivo_11948":[],"listivo_11949":[],"_links":{"self":[{"href":"https:\/\/www.torreviejarentals.es\/sv\/wp-json\/wp\/v2\/listings\/15305","targetHints":{"allow":["GET"]}}],"collection":[{"href":"https:\/\/www.torreviejarentals.es\/sv\/wp-json\/wp\/v2\/listings"}],"about":[{"href":"https:\/\/www.torreviejarentals.es\/sv\/wp-json\/wp\/v2\/types\/listivo_listing"}],"author":[{"embeddable":true,"href":"https:\/\/www.torreviejarentals.es\/sv\/wp-json\/wp\/v2\/users\/136"}],"wp:attachment":[{"href":"https:\/\/www.torreviejarentals.es\/sv\/wp-json\/wp\/v2\/media?parent=15305"}],"wp:term":[{"taxonomy":"listivo_5495","embeddable":true,"href":"https:\/\/www.torreviejarentals.es\/sv\/wp-json\/wp\/v2\/listivo_5495?post=15305"},{"taxonomy":"listivo_14303","embeddable":true,"href":"https:\/\/www.torreviejarentals.es\/sv\/wp-json\/wp\/v2\/listivo_14303?post=15305"},{"taxonomy":"listivo_14297","embeddable":true,"href":"https:\/\/www.torreviejarentals.es\/sv\/wp-json\/wp\/v2\/listivo_14297?post=15305"},{"taxonomy":"listivo_14311","embeddable":true,"href":"https:\/\/www.torreviejarentals.es\/sv\/wp-json\/wp\/v2\/listivo_14311?post=15305"},{"taxonomy":"listivo_14299","embeddable":true,"href":"https:\/\/www.torreviejarentals.es\/sv\/wp-json\/wp\/v2\/listivo_14299?post=15305"},{"taxonomy":"listivo_14298","embeddable":true,"href":"https:\/\/www.torreviejarentals.es\/sv\/wp-json\/wp\/v2\/listivo_14298?post=15305"},{"taxonomy":"listivo_14300","embeddable":true,"href":"https:\/\/www.torreviejarentals.es\/sv\/wp-json\/wp\/v2\/listivo_14300?post=15305"},{"taxonomy":"listivo_14301","embeddable":true,"href":"https:\/\/www.torreviejarentals.es\/sv\/wp-json\/wp\/v2\/listivo_14301?post=15305"},{"taxonomy":"listivo_14305","embeddable":true,"href":"https:\/\/www.torreviejarentals.es\/sv\/wp-json\/wp\/v2\/listivo_14305?post=15305"},{"taxonomy":"listivo_14307","embeddable":true,"href":"https:\/\/www.torreviejarentals.es\/sv\/wp-json\/wp\/v2\/listivo_14307?post=15305"},{"taxonomy":"listivo_14309","embeddable":true,"href":"https:\/\/www.torreviejarentals.es\/sv\/wp-json\/wp\/v2\/listivo_14309?post=15305"},{"taxonomy":"listivo_14310","embeddable":true,"href":"https:\/\/www.torreviejarentals.es\/sv\/wp-json\/wp\/v2\/listivo_14310?post=15305"},{"taxonomy":"listivo_14","embeddable":true,"href":"https:\/\/www.torreviejarentals.es\/sv\/wp-json\/wp\/v2\/listivo_14?post=15305"},{"taxonomy":"listivo_11876","embeddable":true,"href":"https:\/\/www.torreviejarentals.es\/sv\/wp-json\/wp\/v2\/listivo_11876?post=15305"},{"taxonomy":"listivo_9508","embeddable":true,"href":"https:\/\/www.torreviejarentals.es\/sv\/wp-json\/wp\/v2\/listivo_9508?post=15305"},{"taxonomy":"listivo_12010","embeddable":true,"href":"https:\/\/www.torreviejarentals.es\/sv\/wp-json\/wp\/v2\/listivo_12010?post=15305"},{"taxonomy":"listivo_12008","embeddable":true,"href":"https:\/\/www.torreviejarentals.es\/sv\/wp-json\/wp\/v2\/listivo_12008?post=15305"},{"taxonomy":"listivo_4661","embeddable":true,"href":"https:\/\/www.torreviejarentals.es\/sv\/wp-json\/wp\/v2\/listivo_4661?post=15305"},{"taxonomy":"listivo_11882","embeddable":true,"href":"https:\/\/www.torreviejarentals.es\/sv\/wp-json\/wp\/v2\/listivo_11882?post=15305"},{"taxonomy":"listivo_12017","embeddable":true,"href":"https:\/\/www.torreviejarentals.es\/sv\/wp-json\/wp\/v2\/listivo_12017?post=15305"},{"taxonomy":"listivo_12018","embeddable":true,"href":"https:\/\/www.torreviejarentals.es\/sv\/wp-json\/wp\/v2\/listivo_12018?post=15305"}],"curies":[{"name":"wp","href":"https:\/\/api.w.org\/{rel}","templated":true}]}}