{"id":15341,"date":"2025-06-23T20:39:50","date_gmt":"2025-06-23T18:39:50","guid":{"rendered":"https:\/\/www.torreviejarentals.es\/?post_type=listivo_listing&#038;p=15341"},"modified":"2026-01-13T18:23:40","modified_gmt":"2026-01-13T16:23:40","slug":"pmt07-townhouse-with-pool-and-barbeque","status":"publish","type":"listivo_listing","link":"https:\/\/www.torreviejarentals.es\/sv\/listing\/pmt07-townhouse-with-pool-and-barbeque\/","title":{"rendered":"Radhus med pool och grill"},"content":{"rendered":"<div class=\"_tp3sbt\" style=\"color: #222222;font-family: 'Airbnb Cereal VF', Circular, -apple-system, BlinkMacSystemFont, Roboto, 'Helvetica Neue', sans-serif;font-size: 1rem !important;line-height: 1.5rem !important;margin-bottom: 24px !important\">\n<section>\n<p class=\"MsoNormal\" style=\"margin: 0cm;line-height: normal;font-size: medium;font-family: Aptos, sans-serif;color: #000000\"><span style=\"font-family: Roboto;color: #222222;border: 1pt windowtext;padding: 0cm\">PS: V\u00e4nligen kontrollera kalendern p\u00e5 AirBNB ocks\u00e5 eftersom vi har den listad d\u00e4r ocks\u00e5. Radhus med pool och grill<\/span><\/p>\n<section style=\"border: 0px;font-family: 'Airbnb Cereal VF', Circular, -apple-system, system-ui, Roboto, 'Helvetica Neue', sans-serif\"><a style=\"border: 0px;text-decoration: none;color: #222222;box-shadow: none;position: relative;font-size: 1rem\" href=\"https:\/\/sv.airbnb.com\/rooms\/897554668269779181?_set_bev_on_new_domain=1700513402_ODhjYzQyNzk3ODJl&amp;source_impression_id=p3_1749154320_P3TXW5qPaVreRRvN\" target=\"_blank\" rel=\"noopener\"><span style=\"color: #222222;text-decoration: none\"><span style=\"text-decoration: underline\"><span style=\"color: #3366ff;text-decoration: underline\">Klicka h\u00e4r<\/span><\/span><\/span><\/a><\/section>\n<\/section>\n<section><\/section>\n<section><span class=\"l1h825yc atm_kd_19r6f69_24z95b atm_kd_19r6f69_1xbvphn_1oszvuo dir dir-ltr\">Detta inbjudande radhus ligger i det eftertraktade omr\u00e5det Aguas Nuevas i Torrevieja och ligger inb\u00e4ddat i ett samh\u00e4lle med ett rymligt poolomr\u00e5de f\u00f6r inv\u00e5narnas avkoppling. Denna fastighet \u00e4r bekv\u00e4mt bel\u00e4gen inom g\u00e5ngavst\u00e5nd fr\u00e5n olika lokala k\u00f6pcentrum som erbjuder en rad butiker, restauranger och barer, vilket ger gott om m\u00f6jligheter att njuta av uts\u00f6kt mat och dryck. Omr\u00e5det \u00e4r k\u00e4nt f\u00f6r sitt lugn och har flera gr\u00f6nomr\u00e5den som f\u00f6rst\u00e4rker den lugna atmosf\u00e4ren.<\/span><\/section>\n<\/div>\n<div class=\"_tp3sbt\" style=\"color: #222222;font-family: 'Airbnb Cereal VF', Circular, -apple-system, BlinkMacSystemFont, Roboto, 'Helvetica Neue', sans-serif;font-size: 1rem !important;line-height: 1.5rem !important;margin-bottom: 24px !important\">\n<section>\n<div class=\"_gt7myn\">\n<h2 class=\"hpipapi atm_7l_1kw7nm4 atm_c8_1x4eueo atm_cs_1kw7nm4 atm_g3_1kw7nm4 atm_gi_idpfg4 atm_l8_idpfg4 atm_kd_idpfg4_pfnrn2 dir dir-ltr\" style=\"margin: 0px;padding: 0px;font-weight: inherit;line-height: inherit;font-size: 1em\">Utrymmet<\/h2>\n<\/div>\n<p><span class=\"l1h825yc atm_kd_19r6f69_24z95b atm_kd_19r6f69_1xbvphn_1oszvuo dir dir-ltr\">Detta radhus har en privat gatuing\u00e5ng och erbjuder gott om parkeringsplats f\u00f6r ett fordon eller utomhusaktiviteter som grillning och solbad. Gatuparkering \u00e4r ocks\u00e5 l\u00e4ttillg\u00e4nglig.<br \/>\nFastighetens f\u00f6rsta v\u00e5ning str\u00e4cker sig \u00f6ver tv\u00e5 v\u00e5ningar och n\u00e5s via en trappa och har en matplats med glaspartier som kan \u00f6ppnas under varmare dagar. I anslutning till detta omr\u00e5de finns en uteplats med ytterligare matplats. P\u00e5 f\u00f6rsta v\u00e5ningen finns ett rymligt vardagsrum och matplats med \u00f6ppet koncept med en stor soffa, soffbord, en s\u00e4rskild TV-sektion med tv\u00e5 mysiga vilstolar och en stor smart-TV f\u00f6r streamingtj\u00e4nster som Netflix och HBO. Ett matbord f\u00f6r sex personer kompletterar omr\u00e5det. Det v\u00e4lutrustade k\u00f6ket har moderna apparater som diskmaskin, spish\u00e4ll, spis, mikrov\u00e5gsugn och tv\u00e5 kylar med frysar. En tv\u00e4ttstuga med tv\u00e4ttmaskin och viktiga reng\u00f6ringsredskap ligger bakom k\u00f6ket. P\u00e5 detta plan finns ocks\u00e5 ett sovrum med tv\u00e5 enkels\u00e4ngar och inbyggd garderob samt ett badrum med dusch, handfat och toalett.<br \/>\nP\u00e5 andra v\u00e5ningen finns tv\u00e5 sovrum, varav ett med eget badrum, b\u00e5da inredda med bekv\u00e4ma queen size-s\u00e4ngar. Sovrummet med eget badrum har en inbyggd garderob och ett badrum med dusch, bid\u00e9, toalett och handfat. Fr\u00e5n andra v\u00e5ningen har man ocks\u00e5 tillg\u00e5ng till en balkong med pittoresk utsikt \u00f6ver omgivningarna.<br \/>\nAlla sovrum och vardagsrummet har luftkonditioneringsenheter.<\/span><\/p>\n<p>Vi tillhandah\u00e5ller handdukar f\u00f6r anv\u00e4ndning i duschen. G\u00e4sterna ombeds v\u00e4nligen ta med egna handdukar till stranden och poolen.<\/p>\n<\/section>\n<\/div>\n<div class=\"_tp3sbt\" style=\"color: #222222;font-family: 'Airbnb Cereal VF', Circular, -apple-system, BlinkMacSystemFont, Roboto, 'Helvetica Neue', sans-serif;font-size: 1rem !important;line-height: 1.5rem !important;margin-bottom: 24px !important\">\n<section>\n<div class=\"_gt7myn\">\n<h2 class=\"hpipapi atm_7l_1kw7nm4 atm_c8_1x4eueo atm_cs_1kw7nm4 atm_g3_1kw7nm4 atm_gi_idpfg4 atm_l8_idpfg4 atm_kd_idpfg4_pfnrn2 dir dir-ltr\" style=\"margin: 0px;padding: 0px;font-weight: inherit;line-height: inherit;font-size: 1em\">Tilltr\u00e4de f\u00f6r g\u00e4ster<\/h2>\n<\/div>\n<p><span class=\"l1h825yc atm_kd_19r6f69_24z95b atm_kd_19r6f69_1xbvphn_1oszvuo dir dir-ltr\">Bes\u00f6kare har exklusiv tillg\u00e5ng till hela radhuset och de privata utomhusutrymmena. Poolomr\u00e5det \u00e4r gemensamt och delas med andra boende i byggnaden.<\/span><\/p>\n<\/section>\n<\/div>\n<div class=\"_tp3sbt\" style=\"color: #222222;font-family: 'Airbnb Cereal VF', Circular, -apple-system, BlinkMacSystemFont, Roboto, 'Helvetica Neue', sans-serif;font-size: 1rem !important;line-height: 1.5rem !important;margin-bottom: 24px !important\">\n<section>\n<div class=\"_gt7myn\">\n<h2 class=\"hpipapi atm_7l_1kw7nm4 atm_c8_1x4eueo atm_cs_1kw7nm4 atm_g3_1kw7nm4 atm_gi_idpfg4 atm_l8_idpfg4 atm_kd_idpfg4_pfnrn2 dir dir-ltr\" style=\"margin: 0px;padding: 0px;font-weight: inherit;line-height: inherit;font-size: 1em\">Andra saker att notera<\/h2>\n<\/div>\n<p><span class=\"l1h825yc atm_kd_19r6f69_24z95b atm_kd_19r6f69_1xbvphn_1oszvuo dir dir-ltr\">Innan du bokar, v\u00e4nligen se till att du har l\u00e4st och f\u00f6rst\u00e5tt husreglerna. Det \u00e4r obligatoriskt f\u00f6r alla bes\u00f6kare att f\u00f6lja b\u00e5de l\u00e4genhetens och samh\u00e4llets regler.<\/span><\/p>\n<p>Vi tillhandah\u00e5ller handdukar f\u00f6r anv\u00e4ndning i duschen. G\u00e4sterna ombeds v\u00e4nligen ta med egna handdukar till stranden och poolen.<\/p>\n<p>\"V\u00e4nligen notera att p\u00e5 grund av v\u00e5rt h\u00e4rliga lokala klimat och l\u00e4ge finns det en naturlig n\u00e4rvaro av insekter i omr\u00e5det. F\u00f6r att s\u00e4kerst\u00e4lla en bekv\u00e4m vistelse och minimera risken f\u00f6r att de kommer in i l\u00e4genheten ber vi dig v\u00e4nligen att h\u00e5lla d\u00f6rrar och f\u00f6nster st\u00e4ngda n\u00e4r det \u00e4r m\u00f6jligt. Om du st\u00f6ter p\u00e5 n\u00e5gra problem, tveka inte att kontakta oss omedelbart f\u00f6r att f\u00e5 hj\u00e4lp.\"<\/p>\n<\/section>\n<\/div>\n<div class=\"_tp3sbt\" style=\"color: #222222;font-family: 'Airbnb Cereal VF', Circular, -apple-system, BlinkMacSystemFont, Roboto, 'Helvetica Neue', sans-serif;font-size: 1rem !important;line-height: 1.5rem !important;margin-bottom: 24px !important\">\n<section>\n<div class=\"_gt7myn\">\n<h2 class=\"hpipapi atm_7l_1kw7nm4 atm_c8_1x4eueo atm_cs_1kw7nm4 atm_g3_1kw7nm4 atm_gi_idpfg4 atm_l8_idpfg4 atm_kd_idpfg4_pfnrn2 dir dir-ltr\" style=\"margin: 0px;padding: 0px;font-weight: inherit;line-height: inherit;font-size: 1em\">Detaljer om registrering<\/h2>\n<\/div>\n<p><span class=\"l1h825yc atm_kd_19r6f69_24z95b atm_kd_19r6f69_1xbvphn_1oszvuo dir dir-ltr\">VT-480351-A<\/span><\/p>\n<\/section>\n<\/div>","protected":false},"author":136,"template":"","listivo_5495":["Holiday Rentals"],"listivo_14303":[],"listivo_14297":[],"listivo_14311":[],"listivo_14299":[],"listivo_14298":[],"listivo_14300":[],"listivo_14301":[],"listivo_14305":[],"listivo_14307":[],"listivo_14309":[],"listivo_14310":[],"listivo_14":["Houses"],"listivo_11876":["Torrevieja"],"listivo_9508":[],"listivo_12010":["Air Conditioner","Bed Sheets","Furnished","Scandinavian Channels","Towels","TV","Washing Machine","Wi-Fi"],"listivo_12008":["Coffee Maker or Kettle","Kitchen Tools","Microwave","Oven","Refrigerator &amp; Freezer","Stove"],"listivo_4661":["Balcony\/Terrasse","Garden","Parking (Private)","Parking (Shared)","Pool (Shared)"],"listivo_11882":["Danish","English","Norwegian","Swedish"],"listivo_12017":["Smoking not allowed"],"listivo_12018":["Pets not allowed"],"class_list":["post-15341","listivo_listing","type-listivo_listing","status-publish","hentry","listivo_5495-holiday-rentals","listivo_14-houses","listivo_11876-torrevieja","listivo_12010-air-conditioner","listivo_12010-bed-sheets","listivo_12010-furnished","listivo_12010-scandinavian-channels","listivo_12010-towels","listivo_12010-tv","listivo_12010-washing-machine","listivo_12010-wi-fi","listivo_12008-coffee-maker-or-kettle","listivo_12008-kitchen-tools","listivo_12008-microwave","listivo_12008-oven","listivo_12008-refrigerator-and-freezer","listivo_12008-stove","listivo_4661-balcony-terrasse","listivo_4661-garden","listivo_4661-parking-private","listivo_4661-parking-shared","listivo_4661-pool-shared","listivo_11882-danish","listivo_11882-english","listivo_11882-norwegian","listivo_11882-swedish","listivo_12017-smoking-not-allowed","listivo_12018-pets-not-allowed"],"acf":[],"listivo_12212":["4"],"listivo_14304":[],"listivo_14306":[],"listivo_14308":[],"listivo_11786":["6"],"listivo_5463":["2"],"listivo_12019":["3"],"listivo_340":[],"listivo_11980":["80"],"listivo_145":["https:\/\/www.torreviejarentals.es\/wp-content\/uploads\/2025\/06\/121fb073-892c-4d4f-986a-88c7a9681140.png","https:\/\/www.torreviejarentals.es\/wp-content\/uploads\/2025\/06\/4c7f356c-af03-488d-8ec9-74b55a1b6f93.png","https:\/\/www.torreviejarentals.es\/wp-content\/uploads\/2025\/06\/7c4a6209-b138-4e86-ad77-aa6d7de2d26e.png","https:\/\/www.torreviejarentals.es\/wp-content\/uploads\/2025\/06\/69b98254-a362-458a-86d6-293ff98127ec.png","https:\/\/www.torreviejarentals.es\/wp-content\/uploads\/2025\/06\/643e364c-c884-4b01-bf1c-bfd789906da4.png","https:\/\/www.torreviejarentals.es\/wp-content\/uploads\/2025\/06\/842d8ffd-6708-429d-9636-b463cace4b3a.png","https:\/\/www.torreviejarentals.es\/wp-content\/uploads\/2025\/06\/1406d378-2d9e-4741-aab6-c194c10e5cc4.png","https:\/\/www.torreviejarentals.es\/wp-content\/uploads\/2025\/06\/2202bae5-fab1-41e6-8556-2b6ce9595e71.png","https:\/\/www.torreviejarentals.es\/wp-content\/uploads\/2025\/06\/3013c5d3-3ee3-4866-b098-c74f39129e6f.png","https:\/\/www.torreviejarentals.es\/wp-content\/uploads\/2025\/06\/5094d641-87fd-40ff-aea1-a8ada44f4301.png","https:\/\/www.torreviejarentals.es\/wp-content\/uploads\/2025\/06\/6885d076-cfc3-4024-8ebb-10a64c2f70e6.png","https:\/\/www.torreviejarentals.es\/wp-content\/uploads\/2025\/06\/a129e2a2-85dd-4b86-8997-d571ceb246df.png","https:\/\/www.torreviejarentals.es\/wp-content\/uploads\/2025\/06\/adc348c3-0ac9-49e8-b080-783d4bc9cf2e.png","https:\/\/www.torreviejarentals.es\/wp-content\/uploads\/2025\/06\/add87c4a-f93c-4af2-8ac8-9f4c3ad5fa9d.png","https:\/\/www.torreviejarentals.es\/wp-content\/uploads\/2025\/06\/b3220276-77d4-4ada-bd62-e95f57fb3344.png","https:\/\/www.torreviejarentals.es\/wp-content\/uploads\/2025\/06\/d8ff5546-124c-44a0-857c-d295a955487e.png","https:\/\/www.torreviejarentals.es\/wp-content\/uploads\/2025\/06\/d40d1fe2-3805-44a4-9cff-9909f765cae2.png","https:\/\/www.torreviejarentals.es\/wp-content\/uploads\/2025\/06\/feae40fd-9217-4649-9fad-5ff41df23d62.png","https:\/\/www.torreviejarentals.es\/wp-content\/uploads\/2025\/06\/fec2da97-1ffe-4bb1-9420-097e66cbbbe9.jpg.webp"],"listivo_344":[],"listivo_345":{"url":"","embed":""},"listivo_153":{"address":"Av. Sol Naciente, 03183 Torrevieja, Alicante, Spain","location":{"lat":37.9996909,"lng":-0.6690734}},"listivo_11704":[],"listivo_11750":["4209"],"listivo_11885":["{\"high-season\":{\"1\":{\"from\":1768262400000,\"to\":1798675200000,\"price\":\"100\",\"deposit\":\"100\"}}}"],"listivo_5974":["Price from:  \u20ac100 \/day"],"listivo_11948":[],"listivo_11949":[],"_links":{"self":[{"href":"https:\/\/www.torreviejarentals.es\/sv\/wp-json\/wp\/v2\/listings\/15341","targetHints":{"allow":["GET"]}}],"collection":[{"href":"https:\/\/www.torreviejarentals.es\/sv\/wp-json\/wp\/v2\/listings"}],"about":[{"href":"https:\/\/www.torreviejarentals.es\/sv\/wp-json\/wp\/v2\/types\/listivo_listing"}],"author":[{"embeddable":true,"href":"https:\/\/www.torreviejarentals.es\/sv\/wp-json\/wp\/v2\/users\/136"}],"wp:attachment":[{"href":"https:\/\/www.torreviejarentals.es\/sv\/wp-json\/wp\/v2\/media?parent=15341"}],"wp:term":[{"taxonomy":"listivo_5495","embeddable":true,"href":"https:\/\/www.torreviejarentals.es\/sv\/wp-json\/wp\/v2\/listivo_5495?post=15341"},{"taxonomy":"listivo_14303","embeddable":true,"href":"https:\/\/www.torreviejarentals.es\/sv\/wp-json\/wp\/v2\/listivo_14303?post=15341"},{"taxonomy":"listivo_14297","embeddable":true,"href":"https:\/\/www.torreviejarentals.es\/sv\/wp-json\/wp\/v2\/listivo_14297?post=15341"},{"taxonomy":"listivo_14311","embeddable":true,"href":"https:\/\/www.torreviejarentals.es\/sv\/wp-json\/wp\/v2\/listivo_14311?post=15341"},{"taxonomy":"listivo_14299","embeddable":true,"href":"https:\/\/www.torreviejarentals.es\/sv\/wp-json\/wp\/v2\/listivo_14299?post=15341"},{"taxonomy":"listivo_14298","embeddable":true,"href":"https:\/\/www.torreviejarentals.es\/sv\/wp-json\/wp\/v2\/listivo_14298?post=15341"},{"taxonomy":"listivo_14300","embeddable":true,"href":"https:\/\/www.torreviejarentals.es\/sv\/wp-json\/wp\/v2\/listivo_14300?post=15341"},{"taxonomy":"listivo_14301","embeddable":true,"href":"https:\/\/www.torreviejarentals.es\/sv\/wp-json\/wp\/v2\/listivo_14301?post=15341"},{"taxonomy":"listivo_14305","embeddable":true,"href":"https:\/\/www.torreviejarentals.es\/sv\/wp-json\/wp\/v2\/listivo_14305?post=15341"},{"taxonomy":"listivo_14307","embeddable":true,"href":"https:\/\/www.torreviejarentals.es\/sv\/wp-json\/wp\/v2\/listivo_14307?post=15341"},{"taxonomy":"listivo_14309","embeddable":true,"href":"https:\/\/www.torreviejarentals.es\/sv\/wp-json\/wp\/v2\/listivo_14309?post=15341"},{"taxonomy":"listivo_14310","embeddable":true,"href":"https:\/\/www.torreviejarentals.es\/sv\/wp-json\/wp\/v2\/listivo_14310?post=15341"},{"taxonomy":"listivo_14","embeddable":true,"href":"https:\/\/www.torreviejarentals.es\/sv\/wp-json\/wp\/v2\/listivo_14?post=15341"},{"taxonomy":"listivo_11876","embeddable":true,"href":"https:\/\/www.torreviejarentals.es\/sv\/wp-json\/wp\/v2\/listivo_11876?post=15341"},{"taxonomy":"listivo_9508","embeddable":true,"href":"https:\/\/www.torreviejarentals.es\/sv\/wp-json\/wp\/v2\/listivo_9508?post=15341"},{"taxonomy":"listivo_12010","embeddable":true,"href":"https:\/\/www.torreviejarentals.es\/sv\/wp-json\/wp\/v2\/listivo_12010?post=15341"},{"taxonomy":"listivo_12008","embeddable":true,"href":"https:\/\/www.torreviejarentals.es\/sv\/wp-json\/wp\/v2\/listivo_12008?post=15341"},{"taxonomy":"listivo_4661","embeddable":true,"href":"https:\/\/www.torreviejarentals.es\/sv\/wp-json\/wp\/v2\/listivo_4661?post=15341"},{"taxonomy":"listivo_11882","embeddable":true,"href":"https:\/\/www.torreviejarentals.es\/sv\/wp-json\/wp\/v2\/listivo_11882?post=15341"},{"taxonomy":"listivo_12017","embeddable":true,"href":"https:\/\/www.torreviejarentals.es\/sv\/wp-json\/wp\/v2\/listivo_12017?post=15341"},{"taxonomy":"listivo_12018","embeddable":true,"href":"https:\/\/www.torreviejarentals.es\/sv\/wp-json\/wp\/v2\/listivo_12018?post=15341"}],"curies":[{"name":"wp","href":"https:\/\/api.w.org\/{rel}","templated":true}]}}