{"id":15385,"date":"2025-06-23T21:33:58","date_gmt":"2025-06-23T19:33:58","guid":{"rendered":"https:\/\/www.torreviejarentals.es\/?post_type=listivo_listing&#038;p=15385"},"modified":"2026-01-13T18:22:49","modified_gmt":"2026-01-13T16:22:49","slug":"family-friendly-close-to-beach","status":"publish","type":"listivo_listing","link":"https:\/\/www.torreviejarentals.es\/sv\/listing\/family-friendly-close-to-beach\/","title":{"rendered":"Familjev\u00e4nlig l\u00e4genhet n\u00e4ra stranden"},"content":{"rendered":"<div class=\"_tp3sbt\" style=\"color: #222222;font-family: 'Airbnb Cereal VF', Circular, -apple-system, BlinkMacSystemFont, Roboto, 'Helvetica Neue', sans-serif;font-size: 1rem !important;line-height: 1.5rem !important;margin-bottom: 24px !important\">\n<section>\n<p class=\"MsoNormal\" style=\"margin: 0cm;line-height: normal;font-size: medium;font-family: Aptos, sans-serif;color: #000000\"><span style=\"font-family: Roboto;color: #222222;border: 1pt windowtext;padding: 0cm\">PS: V\u00e4nligen kontrollera kalendern p\u00e5 AirBNB ocks\u00e5 eftersom vi har den listad d\u00e4r ocks\u00e5. Familjev\u00e4nlig l\u00e4genhet n\u00e4ra stranden<\/span><\/p>\n<section style=\"border: 0px;font-family: 'Airbnb Cereal VF', Circular, -apple-system, system-ui, Roboto, 'Helvetica Neue', sans-serif\"><span style=\"text-decoration: underline\"><span style=\"color: #3366ff\"><a style=\"color: #3366ff;box-shadow: none;font-size: 1rem;text-decoration: underline\" href=\"https:\/\/sv.airbnb.com\/rooms\/1364647776562934437?_set_bev_on_new_domain=1700513402_ODhjYzQyNzk3ODJl&amp;source_impression_id=p3_1749154226_P3RZerCHCN-_A3j5\" target=\"_blank\" rel=\"noopener\"><span style=\"text-decoration: none\">Klicka h\u00e4r<\/span><\/a><\/span><\/span><\/section>\n<\/section>\n<section>\u00a0\u00a0<\/section>\n<section><span class=\"l1h825yc atm_kd_19r6f69_24z95b atm_kd_19r6f69_1xbvphn_1oszvuo dir dir-ltr\">Snygg och modern l\u00e4genhet i det familjev\u00e4nliga komplexet Higuericas Costa i Pilar de la Horadada, bara 200 meter fr\u00e5n stranden. Den ljusa bostaden \u00e4r perfekt f\u00f6r familjer eller par och har tv\u00e5 sovrum och tv\u00e5 badrum. K\u00f6ket med \u00f6ppen planl\u00f6sning ansluter s\u00f6ml\u00f6st till en mysig lounge. Njut av terrassen eller koppla av p\u00e5 det rymliga takterrassen, komplett med en pergola f\u00f6r skugga, som erbjuder ett lugnt utomhusutrymme att varva ner. Perfekt f\u00f6r en lugn tillflyktsort, n\u00e4ra stranden, restauranger och butiker.<\/span><\/section>\n<\/div>\n<div class=\"_tp3sbt\" style=\"color: #222222;font-family: 'Airbnb Cereal VF', Circular, -apple-system, BlinkMacSystemFont, Roboto, 'Helvetica Neue', sans-serif;font-size: 1rem !important;line-height: 1.5rem !important;margin-bottom: 24px !important\">\n<section>\n<div class=\"_gt7myn\">\n<h2 class=\"hpipapi atm_7l_1kw7nm4 atm_c8_1x4eueo atm_cs_1kw7nm4 atm_g3_1kw7nm4 atm_gi_idpfg4 atm_l8_idpfg4 atm_kd_idpfg4_pfnrn2 dir dir-ltr\" style=\"margin: 0px;padding: 0px;font-weight: inherit;line-height: inherit;font-size: 1em\">Utrymmet<\/h2>\n<\/div>\n<p><span class=\"l1h825yc atm_kd_19r6f69_24z95b atm_kd_19r6f69_1xbvphn_1oszvuo dir dir-ltr\">Denna l\u00e4genhet ligger p\u00e5 f\u00f6rsta v\u00e5ningen, med ett solarium p\u00e5 andra v\u00e5ningen. Den har en egen ing\u00e5ng fr\u00e5n gatan, tillg\u00e4nglig via trappor.<\/span><\/p>\n<p>K\u00f6ket \u00e4r fullt utrustat med elektrisk spis, ugn, mikrov\u00e5gsugn, kaffebryggare (kapsel), vattenkokare och br\u00f6drost. Dessutom ing\u00e5r viktiga k\u00f6ksredskap, som koppar och kastruller, samt en tv\u00e4ttmaskin som \u00e4r bekv\u00e4mt placerad i en garderob tillsammans med andra reng\u00f6ringsmedel.<\/p>\n<p>Vardagsrummet \u00e4r m\u00f6blerat med en bekv\u00e4m tresitssoffa och en tv utrustad med streamingm\u00f6jligheter.<\/p>\n<p>Fastigheten best\u00e5r av tv\u00e5 sovrum. Det stora sovrummet med eget badrum har en queen size-s\u00e4ng och gott om kl\u00e4df\u00f6rvaring. Det andra sovrummet \u00e4r utrustat med tv\u00e5 bekv\u00e4ma enkels\u00e4ngar och kl\u00e4df\u00f6rvaring, och det inneh\u00e5ller ocks\u00e5 ett urval av barnleksaker, vilket g\u00f6r det perfekt f\u00f6r familjer med sm\u00e5 barn.<\/p>\n<p>B\u00e5da badrummen \u00e4r utrustade med duschkabiner, toaletter och tv\u00e4ttst\u00e4ll.<\/p>\n<p>Utomhusomr\u00e5den:<br \/>\nTerrassen intill vardagsrummet \u00e4r m\u00f6blerad med ett litet bord och tv\u00e5 stolar, vilket ger en perfekt plats att njuta av ditt morgonkaffe.<\/p>\n<p>P\u00e5 takterrassen finns en rymlig lounge, ett matbord med plats f\u00f6r sex personer och tv\u00e5 solstolar. Det finns ocks\u00e5 en utomhusdusch som erbjuder ett uppfriskande s\u00e4tt att svalka sig under varma dagar.<\/p>\n<\/section>\n<\/div>\n<div class=\"_tp3sbt\" style=\"color: #222222;font-family: 'Airbnb Cereal VF', Circular, -apple-system, BlinkMacSystemFont, Roboto, 'Helvetica Neue', sans-serif;font-size: 1rem !important;line-height: 1.5rem !important;margin-bottom: 24px !important\">\n<section>\n<div class=\"_gt7myn\">\n<h2 class=\"hpipapi atm_7l_1kw7nm4 atm_c8_1x4eueo atm_cs_1kw7nm4 atm_g3_1kw7nm4 atm_gi_idpfg4 atm_l8_idpfg4 atm_kd_idpfg4_pfnrn2 dir dir-ltr\" style=\"margin: 0px;padding: 0px;font-weight: inherit;line-height: inherit;font-size: 1em\">Tilltr\u00e4de f\u00f6r g\u00e4ster<\/h2>\n<\/div>\n<p><span class=\"l1h825yc atm_kd_19r6f69_24z95b atm_kd_19r6f69_1xbvphn_1oszvuo dir dir-ltr\">Bes\u00f6karna har exklusiv tillg\u00e5ng till hela l\u00e4genheten med en takterrass.<br \/>\nPoolen och de gemensamma utrymmena delas med andra boende i omr\u00e5det.<\/span><\/p>\n<\/section>\n<\/div>\n<div class=\"_tp3sbt\" style=\"color: #222222;font-family: 'Airbnb Cereal VF', Circular, -apple-system, BlinkMacSystemFont, Roboto, 'Helvetica Neue', sans-serif;font-size: 1rem !important;line-height: 1.5rem !important;margin-bottom: 24px !important\">\n<section>\n<div class=\"_gt7myn\">\n<h2 class=\"hpipapi atm_7l_1kw7nm4 atm_c8_1x4eueo atm_cs_1kw7nm4 atm_g3_1kw7nm4 atm_gi_idpfg4 atm_l8_idpfg4 atm_kd_idpfg4_pfnrn2 dir dir-ltr\" style=\"margin: 0px;padding: 0px;font-weight: inherit;line-height: inherit;font-size: 1em\">Andra saker att notera<\/h2>\n<\/div>\n<p><span class=\"l1h825yc atm_kd_19r6f69_24z95b atm_kd_19r6f69_1xbvphn_1oszvuo dir dir-ltr\">Innan du bokar, v\u00e4nligen se till att du har l\u00e4st och f\u00f6rst\u00e5tt husreglerna. Det \u00e4r obligatoriskt f\u00f6r alla bes\u00f6kare att f\u00f6lja b\u00e5de l\u00e4genhetens och samh\u00e4llets regler.<\/span><\/p>\n<p>Vi tillhandah\u00e5ller handdukar f\u00f6r anv\u00e4ndning i duschen. G\u00e4sterna ombeds v\u00e4nligen ta med egna handdukar till stranden och poolen.<\/p>\n<p>\"V\u00e4nligen notera att p\u00e5 grund av v\u00e5rt h\u00e4rliga lokala klimat och l\u00e4ge finns det en naturlig n\u00e4rvaro av insekter i omr\u00e5det. F\u00f6r att s\u00e4kerst\u00e4lla en bekv\u00e4m vistelse och minimera risken f\u00f6r att de kommer in i l\u00e4genheten ber vi dig v\u00e4nligen att h\u00e5lla d\u00f6rrar och f\u00f6nster st\u00e4ngda n\u00e4r det \u00e4r m\u00f6jligt. Om du st\u00f6ter p\u00e5 n\u00e5gra problem, tveka inte att kontakta oss omedelbart f\u00f6r att f\u00e5 hj\u00e4lp.\"<\/p>\n<\/section>\n<\/div>\n<div class=\"_tp3sbt\" style=\"color: #222222;font-family: 'Airbnb Cereal VF', Circular, -apple-system, BlinkMacSystemFont, Roboto, 'Helvetica Neue', sans-serif;font-size: 1rem !important;line-height: 1.5rem !important;margin-bottom: 24px !important\">\n<section>\n<div class=\"_gt7myn\">\n<h2 class=\"hpipapi atm_7l_1kw7nm4 atm_c8_1x4eueo atm_cs_1kw7nm4 atm_g3_1kw7nm4 atm_gi_idpfg4 atm_l8_idpfg4 atm_kd_idpfg4_pfnrn2 dir dir-ltr\" style=\"margin: 0px;padding: 0px;font-weight: inherit;line-height: inherit;font-size: 1em\">Detaljer om registrering<\/h2>\n<\/div>\n<p><span class=\"l1h825yc atm_kd_19r6f69_24z95b atm_kd_19r6f69_1xbvphn_1oszvuo dir dir-ltr\">VT-507234-A<\/span><\/p>\n<\/section>\n<\/div>","protected":false},"author":136,"template":"","listivo_5495":["Holiday Rentals"],"listivo_14303":[],"listivo_14297":[],"listivo_14311":[],"listivo_14299":[],"listivo_14298":[],"listivo_14300":[],"listivo_14301":[],"listivo_14305":[],"listivo_14307":[],"listivo_14309":[],"listivo_14310":[],"listivo_14":["Apartments"],"listivo_11876":["Torrevieja"],"listivo_9508":[],"listivo_12010":["Air Conditioner","Bed Sheets","First Aid Kit","Furnished","Sea View","Towels","TV","Washing Machine","Wi-Fi"],"listivo_12008":["Coffee Maker or Kettle","Kitchen Tools","Microwave","Oven","Refrigerator &amp; Freezer","Stove"],"listivo_4661":["Balcony\/Terrasse","Parking (Shared)","Pool (Shared)"],"listivo_11882":["Danish","English","Norwegian","Swedish"],"listivo_12017":["Smoking not allowed"],"listivo_12018":["Pets not allowed"],"class_list":["post-15385","listivo_listing","type-listivo_listing","status-publish","hentry","listivo_5495-holiday-rentals","listivo_14-apartments","listivo_11876-torrevieja","listivo_12010-air-conditioner","listivo_12010-bed-sheets","listivo_12010-first-aid-kit","listivo_12010-furnished","listivo_12010-sea-view","listivo_12010-towels","listivo_12010-tv","listivo_12010-washing-machine","listivo_12010-wi-fi","listivo_12008-coffee-maker-or-kettle","listivo_12008-kitchen-tools","listivo_12008-microwave","listivo_12008-oven","listivo_12008-refrigerator-and-freezer","listivo_12008-stove","listivo_4661-balcony-terrasse","listivo_4661-parking-shared","listivo_4661-pool-shared","listivo_11882-danish","listivo_11882-english","listivo_11882-norwegian","listivo_11882-swedish","listivo_12017-smoking-not-allowed","listivo_12018-pets-not-allowed"],"acf":[],"listivo_12212":["5"],"listivo_14304":[],"listivo_14306":[],"listivo_14308":[],"listivo_11786":["4"],"listivo_5463":["2"],"listivo_12019":["2"],"listivo_340":[],"listivo_11980":["70"],"listivo_145":["https:\/\/www.torreviejarentals.es\/wp-content\/uploads\/2025\/06\/a2ca9d76-a1eb-4346-a04a-14635042819e.png","https:\/\/www.torreviejarentals.es\/wp-content\/uploads\/2025\/06\/0dba4aaa-27d0-463c-b08a-117092297d28.png","https:\/\/www.torreviejarentals.es\/wp-content\/uploads\/2025\/06\/1a15d399-4ceb-4bee-ac42-1bcd35f73d3d.png","https:\/\/www.torreviejarentals.es\/wp-content\/uploads\/2025\/06\/2c24d35f-fe29-413e-aaf0-ee557d76a4aa.png","https:\/\/www.torreviejarentals.es\/wp-content\/uploads\/2025\/06\/4cd781e1-a0c8-4857-8670-9a663e7490fa.png","https:\/\/www.torreviejarentals.es\/wp-content\/uploads\/2025\/06\/4ffdc5b7-5439-4d8f-9ca5-65f6a6ffaaef.png","https:\/\/www.torreviejarentals.es\/wp-content\/uploads\/2025\/06\/7bf23566-b8f8-43c2-81b0-3a9a42587649.png","https:\/\/www.torreviejarentals.es\/wp-content\/uploads\/2025\/06\/85abb22e-ec11-40f9-b0ea-79a061753fca.png","https:\/\/www.torreviejarentals.es\/wp-content\/uploads\/2025\/06\/98da9b6f-cc59-4bf8-9552-b04ed0653c3c.png","https:\/\/www.torreviejarentals.es\/wp-content\/uploads\/2025\/06\/2834afcb-c311-4836-a711-3399bb95bc3c.png","https:\/\/www.torreviejarentals.es\/wp-content\/uploads\/2025\/06\/7431cea9-9b75-45d1-8125-1d21a5c42313.png","https:\/\/www.torreviejarentals.es\/wp-content\/uploads\/2025\/06\/b705dbe6-e29f-471e-a1ee-bee63fff6bd3.png","https:\/\/www.torreviejarentals.es\/wp-content\/uploads\/2025\/06\/c1c2706c-b329-4bd4-8b98-6ee849d09e98.png","https:\/\/www.torreviejarentals.es\/wp-content\/uploads\/2025\/06\/c7f65af6-69bc-4ca2-bf89-19dae290aa0c.png","https:\/\/www.torreviejarentals.es\/wp-content\/uploads\/2025\/06\/ddd68ab1-d04d-4138-99dd-09048640ef7e.png","https:\/\/www.torreviejarentals.es\/wp-content\/uploads\/2025\/06\/e2750b52-4d67-45af-b59b-6cee2a084d58.png","https:\/\/www.torreviejarentals.es\/wp-content\/uploads\/2025\/06\/efad5d98-3ed4-47a2-b252-0d5a8c8639a1.png"],"listivo_344":[],"listivo_345":{"url":"","embed":""},"listivo_153":{"address":"C. Lila, 03191, Alicante, Spain","location":{"lat":37.8509981,"lng":-0.7659193}},"listivo_11704":[],"listivo_11750":["4209"],"listivo_11885":["{\"high-season\":{\"1\":{\"from\":1768262400000,\"to\":1798675200000,\"price\":\"140\",\"deposit\":\"140\"}}}"],"listivo_5974":["Price from:  \u20ac140 \/day"],"listivo_11948":[],"listivo_11949":[],"_links":{"self":[{"href":"https:\/\/www.torreviejarentals.es\/sv\/wp-json\/wp\/v2\/listings\/15385","targetHints":{"allow":["GET"]}}],"collection":[{"href":"https:\/\/www.torreviejarentals.es\/sv\/wp-json\/wp\/v2\/listings"}],"about":[{"href":"https:\/\/www.torreviejarentals.es\/sv\/wp-json\/wp\/v2\/types\/listivo_listing"}],"author":[{"embeddable":true,"href":"https:\/\/www.torreviejarentals.es\/sv\/wp-json\/wp\/v2\/users\/136"}],"wp:attachment":[{"href":"https:\/\/www.torreviejarentals.es\/sv\/wp-json\/wp\/v2\/media?parent=15385"}],"wp:term":[{"taxonomy":"listivo_5495","embeddable":true,"href":"https:\/\/www.torreviejarentals.es\/sv\/wp-json\/wp\/v2\/listivo_5495?post=15385"},{"taxonomy":"listivo_14303","embeddable":true,"href":"https:\/\/www.torreviejarentals.es\/sv\/wp-json\/wp\/v2\/listivo_14303?post=15385"},{"taxonomy":"listivo_14297","embeddable":true,"href":"https:\/\/www.torreviejarentals.es\/sv\/wp-json\/wp\/v2\/listivo_14297?post=15385"},{"taxonomy":"listivo_14311","embeddable":true,"href":"https:\/\/www.torreviejarentals.es\/sv\/wp-json\/wp\/v2\/listivo_14311?post=15385"},{"taxonomy":"listivo_14299","embeddable":true,"href":"https:\/\/www.torreviejarentals.es\/sv\/wp-json\/wp\/v2\/listivo_14299?post=15385"},{"taxonomy":"listivo_14298","embeddable":true,"href":"https:\/\/www.torreviejarentals.es\/sv\/wp-json\/wp\/v2\/listivo_14298?post=15385"},{"taxonomy":"listivo_14300","embeddable":true,"href":"https:\/\/www.torreviejarentals.es\/sv\/wp-json\/wp\/v2\/listivo_14300?post=15385"},{"taxonomy":"listivo_14301","embeddable":true,"href":"https:\/\/www.torreviejarentals.es\/sv\/wp-json\/wp\/v2\/listivo_14301?post=15385"},{"taxonomy":"listivo_14305","embeddable":true,"href":"https:\/\/www.torreviejarentals.es\/sv\/wp-json\/wp\/v2\/listivo_14305?post=15385"},{"taxonomy":"listivo_14307","embeddable":true,"href":"https:\/\/www.torreviejarentals.es\/sv\/wp-json\/wp\/v2\/listivo_14307?post=15385"},{"taxonomy":"listivo_14309","embeddable":true,"href":"https:\/\/www.torreviejarentals.es\/sv\/wp-json\/wp\/v2\/listivo_14309?post=15385"},{"taxonomy":"listivo_14310","embeddable":true,"href":"https:\/\/www.torreviejarentals.es\/sv\/wp-json\/wp\/v2\/listivo_14310?post=15385"},{"taxonomy":"listivo_14","embeddable":true,"href":"https:\/\/www.torreviejarentals.es\/sv\/wp-json\/wp\/v2\/listivo_14?post=15385"},{"taxonomy":"listivo_11876","embeddable":true,"href":"https:\/\/www.torreviejarentals.es\/sv\/wp-json\/wp\/v2\/listivo_11876?post=15385"},{"taxonomy":"listivo_9508","embeddable":true,"href":"https:\/\/www.torreviejarentals.es\/sv\/wp-json\/wp\/v2\/listivo_9508?post=15385"},{"taxonomy":"listivo_12010","embeddable":true,"href":"https:\/\/www.torreviejarentals.es\/sv\/wp-json\/wp\/v2\/listivo_12010?post=15385"},{"taxonomy":"listivo_12008","embeddable":true,"href":"https:\/\/www.torreviejarentals.es\/sv\/wp-json\/wp\/v2\/listivo_12008?post=15385"},{"taxonomy":"listivo_4661","embeddable":true,"href":"https:\/\/www.torreviejarentals.es\/sv\/wp-json\/wp\/v2\/listivo_4661?post=15385"},{"taxonomy":"listivo_11882","embeddable":true,"href":"https:\/\/www.torreviejarentals.es\/sv\/wp-json\/wp\/v2\/listivo_11882?post=15385"},{"taxonomy":"listivo_12017","embeddable":true,"href":"https:\/\/www.torreviejarentals.es\/sv\/wp-json\/wp\/v2\/listivo_12017?post=15385"},{"taxonomy":"listivo_12018","embeddable":true,"href":"https:\/\/www.torreviejarentals.es\/sv\/wp-json\/wp\/v2\/listivo_12018?post=15385"}],"curies":[{"name":"wp","href":"https:\/\/api.w.org\/{rel}","templated":true}]}}