{"id":15398,"date":"2025-06-23T21:33:14","date_gmt":"2025-06-23T19:33:14","guid":{"rendered":"https:\/\/www.torreviejarentals.es\/?post_type=listivo_listing&#038;p=15398"},"modified":"2026-01-13T18:23:15","modified_gmt":"2026-01-13T16:23:15","slug":"penthouse-with-beach-view-and-garage","status":"publish","type":"listivo_listing","link":"https:\/\/www.torreviejarentals.es\/sv\/listing\/penthouse-with-beach-view-and-garage\/","title":{"rendered":"Takv\u00e5ning med strandutsikt och garage"},"content":{"rendered":"<div class=\"_tp3sbt\" style=\"color: #222222;font-family: 'Airbnb Cereal VF', Circular, -apple-system, BlinkMacSystemFont, Roboto, 'Helvetica Neue', sans-serif;font-size: 1rem !important;line-height: 1.5rem !important;margin-bottom: 24px !important\">\n<section>\n<p class=\"MsoNormal\" style=\"margin: 0cm;line-height: normal;font-size: medium;font-family: Aptos, sans-serif;color: #000000\"><span style=\"font-family: Roboto;color: #222222;border: 1pt windowtext;padding: 0cm\">PS: V\u00e4nligen kontrollera kalendern p\u00e5 AirBNB ocks\u00e5 eftersom vi har den listad d\u00e4r ocks\u00e5. Takv\u00e5ning med strandutsikt och garage<\/span><\/p>\n<section style=\"border: 0px;font-family: 'Airbnb Cereal VF', Circular, -apple-system, system-ui, Roboto, 'Helvetica Neue', sans-serif\"><a style=\"border: 0px;text-decoration: none;color: #222222;box-shadow: none;position: relative;font-size: 1rem\" href=\"https:\/\/sv.airbnb.com\/rooms\/1036088054328540302?_set_bev_on_new_domain=1700513402_ODhjYzQyNzk3ODJl&amp;source_impression_id=p3_1749154280_P3Nylg49MGKrBHFX\" target=\"_blank\" rel=\"noopener\"><span style=\"color: #222222;text-decoration: none\"><span style=\"text-decoration: underline\"><span style=\"color: #3366ff;text-decoration: underline\">Klicka h\u00e4r<\/span><\/span><\/span><\/a><\/section>\n<\/section>\n<section>\u00a0\u00a0<\/section>\n<section><span class=\"l1h825yc atm_kd_19r6f69_24z95b atm_kd_19r6f69_1xbvphn_1oszvuo dir dir-ltr\">Sk\u00e4m bort dig med charmen i denna v\u00e4lsk\u00f6tta h\u00f6rntakv\u00e5ning i hj\u00e4rtat av La Mata. Med sitt utm\u00e4rkta l\u00e4ge, n\u00e4ra stranden, parker och restauranger, kommer du aldrig att sakna saker att g\u00f6ra. L\u00e4genheten har en rymlig balkong p\u00e5 tv\u00e5 sidor, vilket ger gott om sittplatser och fantastisk utsikt \u00f6ver stranden och staden. Den lokala gatumarknaden La Mata ligger bara en kort promenad bort. Du kan njuta av ditt morgonkaffe varje vecka med otrolig utsikt \u00f6ver den livliga marknaden eller den fantastiska stranden.<\/span><\/section>\n<\/div>\n<div class=\"_tp3sbt\" style=\"color: #222222;font-family: 'Airbnb Cereal VF', Circular, -apple-system, BlinkMacSystemFont, Roboto, 'Helvetica Neue', sans-serif;font-size: 1rem !important;line-height: 1.5rem !important;margin-bottom: 24px !important\">\n<section>\n<div class=\"_gt7myn\">\n<h2 class=\"hpipapi atm_7l_1kw7nm4 atm_c8_1x4eueo atm_cs_1kw7nm4 atm_g3_1kw7nm4 atm_gi_idpfg4 atm_l8_idpfg4 atm_kd_idpfg4_pfnrn2 dir dir-ltr\" style=\"margin: 0px;padding: 0px;font-weight: inherit;line-height: inherit;font-size: 1em\">Utrymmet<\/h2>\n<\/div>\n<p><span class=\"l1h825yc atm_kd_19r6f69_24z95b atm_kd_19r6f69_1xbvphn_1oszvuo dir dir-ltr\">EGVT-1434-A<br \/>\nTakv\u00e5ning i spansk stil: En avskild oas med fantastisk utsikt i La Mata, Torrevieja<br \/>\nFly till denna lugna och inbjudande takv\u00e5ning, utformad f\u00f6r att ge den perfekta staden och stranden retr\u00e4tt. Bel\u00e4gen p\u00e5 femte v\u00e5ningen i ett lugnt l\u00e4genhetskomplex i La Mata, Torrevieja, erbjuder denna fantastiska l\u00e4genhet i spansk stil en rad lockande bekv\u00e4mligheter.<br \/>\nTakv\u00e5ningen har tv\u00e5 sovrum, varav ett \u00e4r ett en-suite med dusch. Sovrummet med eget badrum har en s\u00e4ng p\u00e5 150\u00d7190, en rymlig garderob, nattduksbord och luftkonditionering. Det har ocks\u00e5 en egen ing\u00e5ng som leder till terrassen. Det andra sovrummet har tv\u00e5 enkels\u00e4ngar, 90\u00d7190, luftkonditionering och en inbyggd garderob.<br \/>\nL\u00e4genheten har ocks\u00e5 tv\u00e5 badrum, varav det ena \u00e4r en-suite, medan det andra ligger utanf\u00f6r sovrummet i korridoren. B\u00e5da badrummen har toalett, handfat och dusch, och badrummet i hallen renoverades 2023.<br \/>\nK\u00f6ket \u00e4r kompakt men v\u00e4lutrustat, med en induktionsh\u00e4ll och gott om kastruller och bestick f\u00f6r att f\u00f6rbereda en uts\u00f6kt hemlagad m\u00e5ltid att njuta av p\u00e5 terrassen.<br \/>\nVardagsrummet har en bekv\u00e4m soffa och TV, med franska d\u00f6rrar som vetter mot terrassen.<br \/>\nTv\u00e4ttmaskinen \u00e4r ocks\u00e5 placerad i k\u00f6ket<br \/>\nTerrassen \u00e4r h\u00f6jdpunkten i denna vackra takv\u00e5ning, med flera sittgrupper, markiser f\u00f6r skugga och en hisnande utsikt med idealiska solf\u00f6rh\u00e5llanden.<\/span><\/p>\n<p>Vi tillhandah\u00e5ller handdukar f\u00f6r anv\u00e4ndning i duschen. G\u00e4sterna ombeds v\u00e4nligen ta med egna handdukar till stranden.<\/p>\n<\/section>\n<\/div>\n<div class=\"_tp3sbt\" style=\"color: #222222;font-family: 'Airbnb Cereal VF', Circular, -apple-system, BlinkMacSystemFont, Roboto, 'Helvetica Neue', sans-serif;font-size: 1rem !important;line-height: 1.5rem !important;margin-bottom: 24px !important\">\n<section>\n<div class=\"_gt7myn\">\n<h2 class=\"hpipapi atm_7l_1kw7nm4 atm_c8_1x4eueo atm_cs_1kw7nm4 atm_g3_1kw7nm4 atm_gi_idpfg4 atm_l8_idpfg4 atm_kd_idpfg4_pfnrn2 dir dir-ltr\" style=\"margin: 0px;padding: 0px;font-weight: inherit;line-height: inherit;font-size: 1em\">Tilltr\u00e4de f\u00f6r g\u00e4ster<\/h2>\n<\/div>\n<p><span class=\"l1h825yc atm_kd_19r6f69_24z95b atm_kd_19r6f69_1xbvphn_1oszvuo dir dir-ltr\">G\u00e4sterna har tillg\u00e5ng till hela l\u00e4genheten och terrassen.<br \/>\nNy hiss i oktober 2024<\/span><\/p>\n<\/section>\n<\/div>\n<div class=\"_tp3sbt\" style=\"color: #222222;font-family: 'Airbnb Cereal VF', Circular, -apple-system, BlinkMacSystemFont, Roboto, 'Helvetica Neue', sans-serif;font-size: 1rem !important;line-height: 1.5rem !important;margin-bottom: 24px !important\">\n<section>\n<div class=\"_gt7myn\">\n<h2 class=\"hpipapi atm_7l_1kw7nm4 atm_c8_1x4eueo atm_cs_1kw7nm4 atm_g3_1kw7nm4 atm_gi_idpfg4 atm_l8_idpfg4 atm_kd_idpfg4_pfnrn2 dir dir-ltr\" style=\"margin: 0px;padding: 0px;font-weight: inherit;line-height: inherit;font-size: 1em\">Andra saker att notera<\/h2>\n<\/div>\n<p><span class=\"l1h825yc atm_kd_19r6f69_24z95b atm_kd_19r6f69_1xbvphn_1oszvuo dir dir-ltr\">Innan du bokar, v\u00e4nligen se till att du har l\u00e4st och f\u00f6rst\u00e5tt husets regler. Det \u00e4r obligatoriskt f\u00f6r alla bes\u00f6kare att f\u00f6lja b\u00e5de husets och samh\u00e4llets regler.<\/span><\/p>\n<p>Vi tillhandah\u00e5ller handdukar f\u00f6r anv\u00e4ndning i duschen. G\u00e4sterna ombeds v\u00e4nligen ta med egna handdukar till stranden och poolen.<\/p>\n<p>Det st\u00e4ngda garaget ligger 330 meter fr\u00e5n l\u00e4genheten.<br \/>\nPriset \u00e4r 6 \u20ac per natt och betalas n\u00e4r du checkar in.<br \/>\nDet \u00e4r ocks\u00e5 m\u00f6jligt att betala p\u00e5 Airbnb.<\/p>\n<p>(P\u00e5 grund av onsdagsmarkeringen \u00e4r garaget inte tillg\u00e4ngligt varje onsdag morgon mellan 06:00-14:00)<\/p>\n<p>\"V\u00e4nligen notera att p\u00e5 grund av v\u00e5rt h\u00e4rliga lokala klimat och l\u00e4ge finns det en naturlig n\u00e4rvaro av insekter i omr\u00e5det. F\u00f6r att s\u00e4kerst\u00e4lla en bekv\u00e4m vistelse och minimera risken f\u00f6r att de kommer in i l\u00e4genheten ber vi dig v\u00e4nligen att h\u00e5lla d\u00f6rrar och f\u00f6nster st\u00e4ngda n\u00e4r det \u00e4r m\u00f6jligt. Om du st\u00f6ter p\u00e5 n\u00e5gra problem, tveka inte att kontakta oss omedelbart f\u00f6r att f\u00e5 hj\u00e4lp.\"<\/p>\n<\/section>\n<\/div>\n<div class=\"_tp3sbt\" style=\"color: #222222;font-family: 'Airbnb Cereal VF', Circular, -apple-system, BlinkMacSystemFont, Roboto, 'Helvetica Neue', sans-serif;font-size: 1rem !important;line-height: 1.5rem !important;margin-bottom: 24px !important\">\n<section>\n<div class=\"_gt7myn\">\n<h2 class=\"hpipapi atm_7l_1kw7nm4 atm_c8_1x4eueo atm_cs_1kw7nm4 atm_g3_1kw7nm4 atm_gi_idpfg4 atm_l8_idpfg4 atm_kd_idpfg4_pfnrn2 dir dir-ltr\" style=\"margin: 0px;padding: 0px;font-weight: inherit;line-height: inherit;font-size: 1em\">Detaljer om registrering<\/h2>\n<\/div>\n<p><span class=\"l1h825yc atm_kd_19r6f69_24z95b atm_kd_19r6f69_1xbvphn_1oszvuo dir dir-ltr\">EGVT-1434-A<\/span><\/p>\n<\/section>\n<\/div>","protected":false},"author":136,"template":"","listivo_5495":["Holiday Rentals"],"listivo_14303":[],"listivo_14297":[],"listivo_14311":[],"listivo_14299":[],"listivo_14298":[],"listivo_14300":[],"listivo_14301":[],"listivo_14305":[],"listivo_14307":[],"listivo_14309":[],"listivo_14310":[],"listivo_14":["Apartments"],"listivo_11876":["Torrevieja"],"listivo_9508":[],"listivo_12010":["Air Conditioner","Bed Sheets","Elevator","Furnished","Sea View","Towels","TV","Washing Machine","Wi-Fi"],"listivo_12008":["Coffee Maker or Kettle","Kitchen Tools","Microwave","Oven","Refrigerator &amp; Freezer","Stove"],"listivo_4661":["Balcony\/Terrasse","Parking (Private)"],"listivo_11882":["Danish","English","Norwegian","Swedish"],"listivo_12017":["Smoking not allowed"],"listivo_12018":["Pets not allowed"],"class_list":["post-15398","listivo_listing","type-listivo_listing","status-publish","hentry","listivo_5495-holiday-rentals","listivo_14-apartments","listivo_11876-torrevieja","listivo_12010-air-conditioner","listivo_12010-bed-sheets","listivo_12010-elevator","listivo_12010-furnished","listivo_12010-sea-view","listivo_12010-towels","listivo_12010-tv","listivo_12010-washing-machine","listivo_12010-wi-fi","listivo_12008-coffee-maker-or-kettle","listivo_12008-kitchen-tools","listivo_12008-microwave","listivo_12008-oven","listivo_12008-refrigerator-and-freezer","listivo_12008-stove","listivo_4661-balcony-terrasse","listivo_4661-parking-private","listivo_11882-danish","listivo_11882-english","listivo_11882-norwegian","listivo_11882-swedish","listivo_12017-smoking-not-allowed","listivo_12018-pets-not-allowed"],"acf":[],"listivo_12212":["5"],"listivo_14304":[],"listivo_14306":[],"listivo_14308":[],"listivo_11786":["4"],"listivo_5463":["2"],"listivo_12019":["2"],"listivo_340":[],"listivo_11980":["110"],"listivo_145":["https:\/\/www.torreviejarentals.es\/wp-content\/uploads\/2025\/06\/af85f545-fc60-4064-a13e-751849c18251.png","https:\/\/www.torreviejarentals.es\/wp-content\/uploads\/2025\/06\/92c61300-0de4-497d-87ff-744d356fb62a.png","https:\/\/www.torreviejarentals.es\/wp-content\/uploads\/2025\/06\/8f182da0-9447-49fb-b3df-9544806acad5.png","https:\/\/www.torreviejarentals.es\/wp-content\/uploads\/2025\/06\/62778e90-221b-4e15-9cd9-18092af0b24d.png","https:\/\/www.torreviejarentals.es\/wp-content\/uploads\/2025\/06\/eb8e7253-5f95-444f-98c4-fd86a185dcdf-1.png","https:\/\/www.torreviejarentals.es\/wp-content\/uploads\/2025\/06\/b3e7f2ae-b3fd-4a2a-9859-924bb551e35f.png","https:\/\/www.torreviejarentals.es\/wp-content\/uploads\/2025\/06\/4589962a-9d4e-46f1-931c-fa8a8b7fb95a.png","https:\/\/www.torreviejarentals.es\/wp-content\/uploads\/2025\/06\/1867720f-29bc-47a6-9efd-426f6df17265.png","https:\/\/www.torreviejarentals.es\/wp-content\/uploads\/2025\/06\/736976a0-2e47-45ee-997b-d4cea1257d23.png","https:\/\/www.torreviejarentals.es\/wp-content\/uploads\/2025\/06\/15271d30-7318-43df-850b-5657acfbcf44.png","https:\/\/www.torreviejarentals.es\/wp-content\/uploads\/2025\/06\/71c28fea-b4ac-4a58-bb6d-11c500bcfb4e.png","https:\/\/www.torreviejarentals.es\/wp-content\/uploads\/2025\/06\/51bd2038-bd82-419a-a273-4f60c94ceca7.png","https:\/\/www.torreviejarentals.es\/wp-content\/uploads\/2025\/06\/75198467-2a16-4660-b0e2-0f2dd5b231ec.png","https:\/\/www.torreviejarentals.es\/wp-content\/uploads\/2025\/06\/8c5477c3-d447-4ddb-b5fa-8ba067298e37.png","https:\/\/www.torreviejarentals.es\/wp-content\/uploads\/2025\/06\/4ac7d3f8-50ed-4557-bd6a-ca9b8fd05776.png","https:\/\/www.torreviejarentals.es\/wp-content\/uploads\/2025\/06\/2d14d68b-e1d0-40e4-901c-7caf572fb507.png","https:\/\/www.torreviejarentals.es\/wp-content\/uploads\/2025\/06\/2b73e03c-7dc4-409c-af75-85dda9d8e2e9.png","https:\/\/www.torreviejarentals.es\/wp-content\/uploads\/2025\/06\/1fd5780d-08a0-4820-b7a2-c509682d0f63.png"],"listivo_344":[],"listivo_345":{"url":"","embed":""},"listivo_153":{"address":"Av. Virgen del Carmen, 03188 La Mata, Alicante, Spain","location":{"lat":38.0248918,"lng":-0.6551682}},"listivo_11704":[],"listivo_11750":["4209"],"listivo_11885":["{\"high-season\":{\"1\":{\"from\":1768262400000,\"to\":1798675200000,\"price\":\"130\",\"deposit\":\"130\"}}}"],"listivo_5974":["Price from:  \u20ac130 \/day"],"listivo_11948":[],"listivo_11949":[],"_links":{"self":[{"href":"https:\/\/www.torreviejarentals.es\/sv\/wp-json\/wp\/v2\/listings\/15398","targetHints":{"allow":["GET"]}}],"collection":[{"href":"https:\/\/www.torreviejarentals.es\/sv\/wp-json\/wp\/v2\/listings"}],"about":[{"href":"https:\/\/www.torreviejarentals.es\/sv\/wp-json\/wp\/v2\/types\/listivo_listing"}],"author":[{"embeddable":true,"href":"https:\/\/www.torreviejarentals.es\/sv\/wp-json\/wp\/v2\/users\/136"}],"wp:attachment":[{"href":"https:\/\/www.torreviejarentals.es\/sv\/wp-json\/wp\/v2\/media?parent=15398"}],"wp:term":[{"taxonomy":"listivo_5495","embeddable":true,"href":"https:\/\/www.torreviejarentals.es\/sv\/wp-json\/wp\/v2\/listivo_5495?post=15398"},{"taxonomy":"listivo_14303","embeddable":true,"href":"https:\/\/www.torreviejarentals.es\/sv\/wp-json\/wp\/v2\/listivo_14303?post=15398"},{"taxonomy":"listivo_14297","embeddable":true,"href":"https:\/\/www.torreviejarentals.es\/sv\/wp-json\/wp\/v2\/listivo_14297?post=15398"},{"taxonomy":"listivo_14311","embeddable":true,"href":"https:\/\/www.torreviejarentals.es\/sv\/wp-json\/wp\/v2\/listivo_14311?post=15398"},{"taxonomy":"listivo_14299","embeddable":true,"href":"https:\/\/www.torreviejarentals.es\/sv\/wp-json\/wp\/v2\/listivo_14299?post=15398"},{"taxonomy":"listivo_14298","embeddable":true,"href":"https:\/\/www.torreviejarentals.es\/sv\/wp-json\/wp\/v2\/listivo_14298?post=15398"},{"taxonomy":"listivo_14300","embeddable":true,"href":"https:\/\/www.torreviejarentals.es\/sv\/wp-json\/wp\/v2\/listivo_14300?post=15398"},{"taxonomy":"listivo_14301","embeddable":true,"href":"https:\/\/www.torreviejarentals.es\/sv\/wp-json\/wp\/v2\/listivo_14301?post=15398"},{"taxonomy":"listivo_14305","embeddable":true,"href":"https:\/\/www.torreviejarentals.es\/sv\/wp-json\/wp\/v2\/listivo_14305?post=15398"},{"taxonomy":"listivo_14307","embeddable":true,"href":"https:\/\/www.torreviejarentals.es\/sv\/wp-json\/wp\/v2\/listivo_14307?post=15398"},{"taxonomy":"listivo_14309","embeddable":true,"href":"https:\/\/www.torreviejarentals.es\/sv\/wp-json\/wp\/v2\/listivo_14309?post=15398"},{"taxonomy":"listivo_14310","embeddable":true,"href":"https:\/\/www.torreviejarentals.es\/sv\/wp-json\/wp\/v2\/listivo_14310?post=15398"},{"taxonomy":"listivo_14","embeddable":true,"href":"https:\/\/www.torreviejarentals.es\/sv\/wp-json\/wp\/v2\/listivo_14?post=15398"},{"taxonomy":"listivo_11876","embeddable":true,"href":"https:\/\/www.torreviejarentals.es\/sv\/wp-json\/wp\/v2\/listivo_11876?post=15398"},{"taxonomy":"listivo_9508","embeddable":true,"href":"https:\/\/www.torreviejarentals.es\/sv\/wp-json\/wp\/v2\/listivo_9508?post=15398"},{"taxonomy":"listivo_12010","embeddable":true,"href":"https:\/\/www.torreviejarentals.es\/sv\/wp-json\/wp\/v2\/listivo_12010?post=15398"},{"taxonomy":"listivo_12008","embeddable":true,"href":"https:\/\/www.torreviejarentals.es\/sv\/wp-json\/wp\/v2\/listivo_12008?post=15398"},{"taxonomy":"listivo_4661","embeddable":true,"href":"https:\/\/www.torreviejarentals.es\/sv\/wp-json\/wp\/v2\/listivo_4661?post=15398"},{"taxonomy":"listivo_11882","embeddable":true,"href":"https:\/\/www.torreviejarentals.es\/sv\/wp-json\/wp\/v2\/listivo_11882?post=15398"},{"taxonomy":"listivo_12017","embeddable":true,"href":"https:\/\/www.torreviejarentals.es\/sv\/wp-json\/wp\/v2\/listivo_12017?post=15398"},{"taxonomy":"listivo_12018","embeddable":true,"href":"https:\/\/www.torreviejarentals.es\/sv\/wp-json\/wp\/v2\/listivo_12018?post=15398"}],"curies":[{"name":"wp","href":"https:\/\/api.w.org\/{rel}","templated":true}]}}