{"id":15419,"date":"2025-06-25T08:46:43","date_gmt":"2025-06-25T06:46:43","guid":{"rendered":"https:\/\/www.torreviejarentals.es\/?post_type=listivo_listing&#038;p=15419"},"modified":"2026-01-13T18:22:27","modified_gmt":"2026-01-13T16:22:27","slug":"large-townhouse","status":"publish","type":"listivo_listing","link":"https:\/\/www.torreviejarentals.es\/sv\/listing\/large-townhouse\/","title":{"rendered":"Stort radhus"},"content":{"rendered":"<div class=\"_tp3sbt\" style=\"color: #222222;font-family: 'Airbnb Cereal VF', Circular, -apple-system, BlinkMacSystemFont, Roboto, 'Helvetica Neue', sans-serif;font-size: 1rem !important;line-height: 1.5rem !important;margin-bottom: 24px !important\">\n<section>\n<p class=\"MsoNormal\" style=\"margin: 0cm;line-height: normal;font-size: medium;font-family: Aptos, sans-serif;color: #000000\"><span style=\"font-family: Roboto;color: #222222;border: 1pt windowtext;padding: 0cm\">PS: Kolla g\u00e4rna kalendern p\u00e5 AirBNB ocks\u00e5 eftersom vi har den listad d\u00e4r ocks\u00e5.<\/span><\/p>\n<section style=\"border: 0px;font-family: 'Airbnb Cereal VF', Circular, -apple-system, system-ui, Roboto, 'Helvetica Neue', sans-serif\"><a style=\"border: 0px;text-decoration: none;color: #222222;box-shadow: none;position: relative;font-size: 1rem\" href=\"https:\/\/sv.airbnb.com\/rooms\/800107881487559488?_set_bev_on_new_domain=1700513402_ODhjYzQyNzk3ODJl&amp;source_impression_id=p3_1749154130_P3QpLIwyRrfIs5eb\" target=\"_blank\" rel=\"noopener\"><span style=\"color: #222222;text-decoration: none\"><span style=\"text-decoration: underline\"><span style=\"color: #3366ff;text-decoration: underline\">Klicka h\u00e4r<\/span><\/span><\/span><\/a><\/section>\n<\/section>\n<section>\u00a0\u00a0<\/section>\n<section><span class=\"l1h825yc atm_kd_19r6f69_24z95b atm_kd_19r6f69_1xbvphn_1oszvuo dir dir-ltr\">Uppt\u00e4ck lugnet i detta rymliga radhus med 4 sovrum i ett lugnt gated community i Torrevieja. Med 2 badrum, 2 vardagsrum och expansiva privata utomhusomr\u00e5den \u00e4r avkoppling utan anstr\u00e4ngning. Njut av ett solarium, balkong och gated parkering, medan du bara n\u00e5gra steg bort fr\u00e5n den gemensamma poolen. Bel\u00e4get n\u00e4ra Torreviejas attraktioner som Fun Fair, Aquapolis Water Park och fredagsmarknaden, tillsammans med restauranger och butiker, erbjuder detta hem den perfekta blandningen av komfort och bekv\u00e4mlighet.<\/span><\/section>\n<\/div>\n<div class=\"_tp3sbt\" style=\"color: #222222;font-family: 'Airbnb Cereal VF', Circular, -apple-system, BlinkMacSystemFont, Roboto, 'Helvetica Neue', sans-serif;font-size: 1rem !important;line-height: 1.5rem !important;margin-bottom: 24px !important\">\n<section>\n<div class=\"_gt7myn\">\n<h2 class=\"hpipapi atm_7l_1kw7nm4 atm_c8_1x4eueo atm_cs_1kw7nm4 atm_g3_1kw7nm4 atm_gi_idpfg4 atm_l8_idpfg4 atm_kd_idpfg4_pfnrn2 dir dir-ltr\" style=\"margin: 0px;padding: 0px;font-weight: inherit;line-height: inherit;font-size: 1em\">Utrymmet<\/h2>\n<\/div>\n<p><span class=\"l1h825yc atm_kd_19r6f69_24z95b atm_kd_19r6f69_1xbvphn_1oszvuo dir dir-ltr\">V\u00e4lkommen till din tillflyktsort i Torrevieja! Detta rymliga radhus har fyra sovrum, tv\u00e5 badrum, tv\u00e5 vardagsrum, ett fullt utrustat k\u00f6k och en tv\u00e4ttstuga.\u00a0<\/span><\/p>\n<p>P\u00e5 f\u00f6rsta v\u00e5ningen finns ett sovrum med en queen size-s\u00e4ng och utg\u00e5ng till balkong och solarium, samt ytterligare ett sovrum med tv\u00e5 enkels\u00e4ngar. Ett gener\u00f6st badrum med dusch kompletterar denna v\u00e5ning.<\/p>\n<p>P\u00e5 bottenv\u00e5ningen finns ett sovrum med tv\u00e5 enkels\u00e4ngar, ett modernt badrum, ett v\u00e4lutrustat k\u00f6k och en matplats utomhus. Det stora vardagsrummet med TV fungerar som hj\u00e4rtat i hemmet.<\/p>\n<p>I k\u00e4llarplanet finns ytterligare ett vardagsrum, ett sovrum med en queen size-s\u00e4ng och en tv\u00e4ttstuga.<\/p>\n<p>Njut av utomhusutrymmena, inklusive ett rymligt solarium och balkong med fantastisk utsikt, och ett utomhusomr\u00e5de p\u00e5 bottenv\u00e5ningen f\u00f6r middagar och avkoppling. Dessa utrymmen renoverades delvis 2024 och erbjuder modern komfort. Bara n\u00e5gra steg bort v\u00e4ntar den gemensamma poolen, som erbjuder avkoppling f\u00f6r alla \u00e5ldrar med sin rymliga design och separata barnpool.<\/p>\n<\/section>\n<\/div>\n<div class=\"_tp3sbt\" style=\"color: #222222;font-family: 'Airbnb Cereal VF', Circular, -apple-system, BlinkMacSystemFont, Roboto, 'Helvetica Neue', sans-serif;font-size: 1rem !important;line-height: 1.5rem !important;margin-bottom: 24px !important\">\n<section>\n<div class=\"_gt7myn\">\n<h2 class=\"hpipapi atm_7l_1kw7nm4 atm_c8_1x4eueo atm_cs_1kw7nm4 atm_g3_1kw7nm4 atm_gi_idpfg4 atm_l8_idpfg4 atm_kd_idpfg4_pfnrn2 dir dir-ltr\" style=\"margin: 0px;padding: 0px;font-weight: inherit;line-height: inherit;font-size: 1em\">Tilltr\u00e4de f\u00f6r g\u00e4ster<\/h2>\n<\/div>\n<p><span class=\"l1h825yc atm_kd_19r6f69_24z95b atm_kd_19r6f69_1xbvphn_1oszvuo dir dir-ltr\">Bes\u00f6kare kommer att ha exklusiv tillg\u00e5ng till hela radhuset och de privata utomhusutrymmena. Poolen och parkeringsomr\u00e5det \u00e4r gemensamt och delas med andra boende i byggnaden.<\/span><\/p>\n<\/section>\n<\/div>\n<div class=\"_tp3sbt\" style=\"color: #222222;font-family: 'Airbnb Cereal VF', Circular, -apple-system, BlinkMacSystemFont, Roboto, 'Helvetica Neue', sans-serif;font-size: 1rem !important;line-height: 1.5rem !important;margin-bottom: 24px !important\">\n<section>\n<div class=\"_gt7myn\">\n<h2 class=\"hpipapi atm_7l_1kw7nm4 atm_c8_1x4eueo atm_cs_1kw7nm4 atm_g3_1kw7nm4 atm_gi_idpfg4 atm_l8_idpfg4 atm_kd_idpfg4_pfnrn2 dir dir-ltr\" style=\"margin: 0px;padding: 0px;font-weight: inherit;line-height: inherit;font-size: 1em\">Andra saker att notera<\/h2>\n<\/div>\n<p><span class=\"l1h825yc atm_kd_19r6f69_24z95b atm_kd_19r6f69_1xbvphn_1oszvuo dir dir-ltr\">Innan du bokar, v\u00e4nligen se till att du har l\u00e4st och f\u00f6rst\u00e5tt husreglerna. Det \u00e4r obligatoriskt f\u00f6r alla bes\u00f6kare att f\u00f6lja b\u00e5de l\u00e4genhetens och samh\u00e4llets regler.<\/span><\/p>\n<p>Vi tillhandah\u00e5ller handdukar f\u00f6r anv\u00e4ndning i duschen. G\u00e4sterna ombeds v\u00e4nligen ta med egna handdukar till stranden och poolen.<\/p>\n<p>\"V\u00e4nligen notera att p\u00e5 grund av v\u00e5rt h\u00e4rliga lokala klimat och l\u00e4ge finns det en naturlig n\u00e4rvaro av insekter i omr\u00e5det. F\u00f6r att s\u00e4kerst\u00e4lla en bekv\u00e4m vistelse och minimera risken f\u00f6r att de kommer in i l\u00e4genheten ber vi dig v\u00e4nligen att h\u00e5lla d\u00f6rrar och f\u00f6nster st\u00e4ngda n\u00e4r det \u00e4r m\u00f6jligt. Om du st\u00f6ter p\u00e5 n\u00e5gra problem, tveka inte att kontakta oss omedelbart f\u00f6r att f\u00e5 hj\u00e4lp.\"<\/p>\n<\/section>\n<\/div>\n<div class=\"_tp3sbt\" style=\"color: #222222;font-family: 'Airbnb Cereal VF', Circular, -apple-system, BlinkMacSystemFont, Roboto, 'Helvetica Neue', sans-serif;font-size: 1rem !important;line-height: 1.5rem !important;margin-bottom: 24px !important\">\n<section>\n<div class=\"_gt7myn\">\n<h2 class=\"hpipapi atm_7l_1kw7nm4 atm_c8_1x4eueo atm_cs_1kw7nm4 atm_g3_1kw7nm4 atm_gi_idpfg4 atm_l8_idpfg4 atm_kd_idpfg4_pfnrn2 dir dir-ltr\" style=\"margin: 0px;padding: 0px;font-weight: inherit;line-height: inherit;font-size: 1em\">Detaljer om registrering<\/h2>\n<\/div>\n<p><span class=\"l1h825yc atm_kd_19r6f69_24z95b atm_kd_19r6f69_1xbvphn_1oszvuo dir dir-ltr\">VT-498781-A<\/span><\/p>\n<\/section>\n<\/div>","protected":false},"author":136,"template":"","listivo_5495":["Holiday Rentals"],"listivo_14303":[],"listivo_14297":[],"listivo_14311":[],"listivo_14299":[],"listivo_14298":[],"listivo_14300":[],"listivo_14301":[],"listivo_14305":[],"listivo_14307":[],"listivo_14309":[],"listivo_14310":[],"listivo_14":["Apartments"],"listivo_11876":["Torrevieja"],"listivo_9508":[],"listivo_12010":["Air Conditioner","Bed Sheets","Dryer","Furnished","Sea View","Towels","TV","Washing Machine","Wi-Fi"],"listivo_12008":["Coffee Maker or Kettle","Kitchen Tools","Microwave","Oven","Refrigerator &amp; Freezer","Stove"],"listivo_4661":["Balcony\/Terrasse","Garden","Parking (Shared)","Pool (Shared)"],"listivo_11882":["Danish","English","Norwegian","Swedish"],"listivo_12017":["Smoking not allowed"],"listivo_12018":["Pets not allowed"],"class_list":["post-15419","listivo_listing","type-listivo_listing","status-publish","hentry","listivo_5495-holiday-rentals","listivo_14-apartments","listivo_11876-torrevieja","listivo_12010-air-conditioner","listivo_12010-bed-sheets","listivo_12010-dryer","listivo_12010-furnished","listivo_12010-sea-view","listivo_12010-towels","listivo_12010-tv","listivo_12010-washing-machine","listivo_12010-wi-fi","listivo_12008-coffee-maker-or-kettle","listivo_12008-kitchen-tools","listivo_12008-microwave","listivo_12008-oven","listivo_12008-refrigerator-and-freezer","listivo_12008-stove","listivo_4661-balcony-terrasse","listivo_4661-garden","listivo_4661-parking-shared","listivo_4661-pool-shared","listivo_11882-danish","listivo_11882-english","listivo_11882-norwegian","listivo_11882-swedish","listivo_12017-smoking-not-allowed","listivo_12018-pets-not-allowed"],"acf":[],"listivo_12212":["4"],"listivo_14304":[],"listivo_14306":[],"listivo_14308":[],"listivo_11786":["8"],"listivo_5463":["2"],"listivo_12019":["4"],"listivo_340":[],"listivo_11980":["100"],"listivo_145":["https:\/\/www.torreviejarentals.es\/wp-content\/uploads\/2025\/06\/b91b1031-d8b1-46b1-b7dd-968270c5a43d.jpeg","https:\/\/www.torreviejarentals.es\/wp-content\/uploads\/2025\/06\/f600efd2-1f5e-4a10-8529-d56e736ed584.png","https:\/\/www.torreviejarentals.es\/wp-content\/uploads\/2025\/06\/8cca65e4-86b2-43a8-8378-9cff9bfad4e2.png","https:\/\/www.torreviejarentals.es\/wp-content\/uploads\/2025\/06\/2ab4ef7d-c16d-43a5-a2f9-85bb316bb44a.png","https:\/\/www.torreviejarentals.es\/wp-content\/uploads\/2025\/06\/4acd28bf-8058-4163-b43a-32d4a3df1aa4-scaled.png","https:\/\/www.torreviejarentals.es\/wp-content\/uploads\/2025\/06\/5a1afd77-aa97-4104-9fb0-045915f572b5.png","https:\/\/www.torreviejarentals.es\/wp-content\/uploads\/2025\/06\/246c24dc-167e-4d92-8fc1-c23d826a01b3.png","https:\/\/www.torreviejarentals.es\/wp-content\/uploads\/2025\/06\/5378f262-f2ca-44c1-8d4b-67d518fb4d95.png","https:\/\/www.torreviejarentals.es\/wp-content\/uploads\/2025\/06\/08960b22-4441-4940-a8ac-7bbda1c1a6ef.png","https:\/\/www.torreviejarentals.es\/wp-content\/uploads\/2025\/06\/c04d4b62-6bb2-4ddc-8f48-6e2b6df7d866.png","https:\/\/www.torreviejarentals.es\/wp-content\/uploads\/2025\/06\/cc344648-134f-44a3-8820-751b673108fd.png","https:\/\/www.torreviejarentals.es\/wp-content\/uploads\/2025\/06\/d5ab41aa-02d9-47f9-b243-13fcfca20f8f.png","https:\/\/www.torreviejarentals.es\/wp-content\/uploads\/2025\/06\/da6b62ef-9750-4c19-a0ef-922d669028a8.png","https:\/\/www.torreviejarentals.es\/wp-content\/uploads\/2025\/06\/db232efa-27d9-48c5-a9d3-0cc3a0e4d9f4.png","https:\/\/www.torreviejarentals.es\/wp-content\/uploads\/2025\/06\/e7004aba-f9ec-4519-adb4-8d73221ec8fa.png","https:\/\/www.torreviejarentals.es\/wp-content\/uploads\/2025\/06\/ebd1374e-2281-4e35-b577-1052dfff6ddb.png"],"listivo_344":[],"listivo_345":{"url":"","embed":""},"listivo_153":{"address":"Av. Tenerife, 03183 Torrevieja, Alicante, Spain","location":{"lat":37.9933426,"lng":-0.6649309}},"listivo_11704":[],"listivo_11750":["4209"],"listivo_11885":["{\"high-season\":{\"1\":{\"from\":1768262400000,\"to\":1798675200000,\"price\":\"170\",\"deposit\":\"170\"}}}"],"listivo_5974":["Price from:  \u20ac170 \/day"],"listivo_11948":[],"listivo_11949":[],"_links":{"self":[{"href":"https:\/\/www.torreviejarentals.es\/sv\/wp-json\/wp\/v2\/listings\/15419","targetHints":{"allow":["GET"]}}],"collection":[{"href":"https:\/\/www.torreviejarentals.es\/sv\/wp-json\/wp\/v2\/listings"}],"about":[{"href":"https:\/\/www.torreviejarentals.es\/sv\/wp-json\/wp\/v2\/types\/listivo_listing"}],"author":[{"embeddable":true,"href":"https:\/\/www.torreviejarentals.es\/sv\/wp-json\/wp\/v2\/users\/136"}],"wp:attachment":[{"href":"https:\/\/www.torreviejarentals.es\/sv\/wp-json\/wp\/v2\/media?parent=15419"}],"wp:term":[{"taxonomy":"listivo_5495","embeddable":true,"href":"https:\/\/www.torreviejarentals.es\/sv\/wp-json\/wp\/v2\/listivo_5495?post=15419"},{"taxonomy":"listivo_14303","embeddable":true,"href":"https:\/\/www.torreviejarentals.es\/sv\/wp-json\/wp\/v2\/listivo_14303?post=15419"},{"taxonomy":"listivo_14297","embeddable":true,"href":"https:\/\/www.torreviejarentals.es\/sv\/wp-json\/wp\/v2\/listivo_14297?post=15419"},{"taxonomy":"listivo_14311","embeddable":true,"href":"https:\/\/www.torreviejarentals.es\/sv\/wp-json\/wp\/v2\/listivo_14311?post=15419"},{"taxonomy":"listivo_14299","embeddable":true,"href":"https:\/\/www.torreviejarentals.es\/sv\/wp-json\/wp\/v2\/listivo_14299?post=15419"},{"taxonomy":"listivo_14298","embeddable":true,"href":"https:\/\/www.torreviejarentals.es\/sv\/wp-json\/wp\/v2\/listivo_14298?post=15419"},{"taxonomy":"listivo_14300","embeddable":true,"href":"https:\/\/www.torreviejarentals.es\/sv\/wp-json\/wp\/v2\/listivo_14300?post=15419"},{"taxonomy":"listivo_14301","embeddable":true,"href":"https:\/\/www.torreviejarentals.es\/sv\/wp-json\/wp\/v2\/listivo_14301?post=15419"},{"taxonomy":"listivo_14305","embeddable":true,"href":"https:\/\/www.torreviejarentals.es\/sv\/wp-json\/wp\/v2\/listivo_14305?post=15419"},{"taxonomy":"listivo_14307","embeddable":true,"href":"https:\/\/www.torreviejarentals.es\/sv\/wp-json\/wp\/v2\/listivo_14307?post=15419"},{"taxonomy":"listivo_14309","embeddable":true,"href":"https:\/\/www.torreviejarentals.es\/sv\/wp-json\/wp\/v2\/listivo_14309?post=15419"},{"taxonomy":"listivo_14310","embeddable":true,"href":"https:\/\/www.torreviejarentals.es\/sv\/wp-json\/wp\/v2\/listivo_14310?post=15419"},{"taxonomy":"listivo_14","embeddable":true,"href":"https:\/\/www.torreviejarentals.es\/sv\/wp-json\/wp\/v2\/listivo_14?post=15419"},{"taxonomy":"listivo_11876","embeddable":true,"href":"https:\/\/www.torreviejarentals.es\/sv\/wp-json\/wp\/v2\/listivo_11876?post=15419"},{"taxonomy":"listivo_9508","embeddable":true,"href":"https:\/\/www.torreviejarentals.es\/sv\/wp-json\/wp\/v2\/listivo_9508?post=15419"},{"taxonomy":"listivo_12010","embeddable":true,"href":"https:\/\/www.torreviejarentals.es\/sv\/wp-json\/wp\/v2\/listivo_12010?post=15419"},{"taxonomy":"listivo_12008","embeddable":true,"href":"https:\/\/www.torreviejarentals.es\/sv\/wp-json\/wp\/v2\/listivo_12008?post=15419"},{"taxonomy":"listivo_4661","embeddable":true,"href":"https:\/\/www.torreviejarentals.es\/sv\/wp-json\/wp\/v2\/listivo_4661?post=15419"},{"taxonomy":"listivo_11882","embeddable":true,"href":"https:\/\/www.torreviejarentals.es\/sv\/wp-json\/wp\/v2\/listivo_11882?post=15419"},{"taxonomy":"listivo_12017","embeddable":true,"href":"https:\/\/www.torreviejarentals.es\/sv\/wp-json\/wp\/v2\/listivo_12017?post=15419"},{"taxonomy":"listivo_12018","embeddable":true,"href":"https:\/\/www.torreviejarentals.es\/sv\/wp-json\/wp\/v2\/listivo_12018?post=15419"}],"curies":[{"name":"wp","href":"https:\/\/api.w.org\/{rel}","templated":true}]}}