{"id":15454,"date":"2025-06-22T07:30:45","date_gmt":"2025-06-22T05:30:45","guid":{"rendered":"https:\/\/www.torreviejarentals.es\/?post_type=listivo_listing&#038;p=15454"},"modified":"2026-01-13T18:24:50","modified_gmt":"2026-01-13T16:24:50","slug":"pmt24-spacious-apartment-terrace-heated-pool","status":"publish","type":"listivo_listing","link":"https:\/\/www.torreviejarentals.es\/sv\/listing\/pmt24-spacious-apartment-terrace-heated-pool\/","title":{"rendered":"Rymlig l\u00e4genhet, terrass och uppv\u00e4rmd pool"},"content":{"rendered":"<div class=\"_tp3sbt\" style=\"color: #222222;font-family: 'Airbnb Cereal VF', Circular, -apple-system, BlinkMacSystemFont, Roboto, 'Helvetica Neue', sans-serif;font-size: 1rem !important;line-height: 1.5rem !important;margin-bottom: 24px !important\">\n<section>\n<p class=\"MsoNormal\" style=\"margin: 0cm;line-height: normal;font-size: medium;font-family: Aptos, sans-serif;color: #000000\"><span style=\"font-family: Roboto;color: #222222;border: 1pt windowtext;padding: 0cm\">PS: Kolla g\u00e4rna kalendern p\u00e5 AirBNB ocks\u00e5 eftersom vi har den listad d\u00e4r ocks\u00e5.<\/span><\/p>\n<section style=\"border: 0px;font-family: 'Airbnb Cereal VF', Circular, -apple-system, system-ui, Roboto, 'Helvetica Neue', sans-serif\"><a style=\"border: 0px;text-decoration: none;color: #222222;box-shadow: none;position: relative;font-size: 1rem\" href=\"https:\/\/sv.airbnb.com\/rooms\/964588463989118095?_set_bev_on_new_domain=1700513402_ODhjYzQyNzk3ODJl&amp;source_impression_id=p3_1749154088_P3M7S3jwPH1Qu_An\" target=\"_blank\" rel=\"noopener\"><span style=\"color: #222222;text-decoration: none\"><span style=\"text-decoration: underline\"><span style=\"color: #3366ff;text-decoration: underline\">Klicka h\u00e4r<\/span><\/span><\/span><\/a><\/section>\n<\/section>\n<section>\u00a0\u00a0<\/section>\n<section><span class=\"l1h825yc atm_kd_19r6f69_24z95b atm_kd_19r6f69_1xbvphn_1oszvuo dir dir-ltr\">Denna lyxiga och rymliga l\u00e4genhet ligger i ett idealiskt l\u00e4ge i Villa Martin, Orihuela Costa. Den har en gener\u00f6s terrass f\u00f6r din avkoppling. L\u00e4genheten \u00e4r utrustad med alla n\u00f6dv\u00e4ndigheter f\u00f6r en bekv\u00e4m vistelse och erbjuder tillg\u00e5ng till flera pooler, inklusive en uppv\u00e4rmd p\u00e5 vintern. Dessutom finns privat parkering i ett s\u00e4kert underjordiskt garage. Oavsett om du gillar shopping, stranden, avkoppling eller golf, \u00e4r detta l\u00e4ge perfekt f\u00f6r alla dina \u00f6nskningar.<\/span><\/section>\n<\/div>\n<div class=\"_tp3sbt\" style=\"color: #222222;font-family: 'Airbnb Cereal VF', Circular, -apple-system, BlinkMacSystemFont, Roboto, 'Helvetica Neue', sans-serif;font-size: 1rem !important;line-height: 1.5rem !important;margin-bottom: 24px !important\">\n<section>\n<div class=\"_gt7myn\">\n<h2 class=\"hpipapi atm_7l_1kw7nm4 atm_c8_1x4eueo atm_cs_1kw7nm4 atm_g3_1kw7nm4 atm_gi_idpfg4 atm_l8_idpfg4 atm_kd_idpfg4_pfnrn2 dir dir-ltr\" style=\"margin: 0px;padding: 0px;font-weight: inherit;line-height: inherit;font-size: 1em\">Utrymmet<\/h2>\n<\/div>\n<p><span class=\"l1h825yc atm_kd_19r6f69_24z95b atm_kd_19r6f69_1xbvphn_1oszvuo dir dir-ltr\">Denna l\u00e4genhet erbjuder en lyxig och bekv\u00e4m boendeupplevelse med exklusiva m\u00f6bler och modern inredning. H\u00e4r finns tre fullt utrustade sovrum med rymliga, sk\u00f6na s\u00e4ngar och luftkonditionering i varje rum f\u00f6r att s\u00e4kerst\u00e4lla en vilsam natts s\u00f6mn. Det prim\u00e4ra sovrummet har en queen size-s\u00e4ng, nattduksbord, en inbyggd garderob och ett eget badrum med dusch, toalett och handfat. Det andra sovrummet \u00e4r inrett med en queen size-s\u00e4ng, nattduksbord och en garderob, medan det tredje sovrummet har tv\u00e5 enkels\u00e4ngar, ett nattduksbord och en garderob.<br \/>\nDet andra badrummet \u00e4r gener\u00f6st tilltaget och utrustat med dusch, toalett och tv\u00e4ttst\u00e4ll.<br \/>\nL\u00e4genhetens stora k\u00f6k \u00e4r v\u00e4lutrustat med kyl\/frys, spis, keramikh\u00e4ll, gott om b\u00e4nkytor och gott om f\u00f6rvaring. I anslutning till k\u00f6ket finns en liten tv\u00e4ttstuga med diskho och tv\u00e4ttmaskin samt utg\u00e5ng till terrassen. Matplatsen rymmer sex g\u00e4ster och flyter s\u00f6ml\u00f6st in i det \u00f6ppna vardagsrummet, som har en stor stol, en soffa och en TV f\u00f6r streaming fr\u00e5n dina privata appar.<br \/>\nVardagsrummet \u00f6ppnar upp till en rymlig terrass genom en stor skjutd\u00f6rr, d\u00e4r ett matbord med plats f\u00f6r sex personer, tv\u00e5 vilstolar, en sch\u00e4slong och ett soffbord finns. Fr\u00e5n terrassen kan de boende njuta av panoramautsikten \u00f6ver tr\u00e4dg\u00e5rden, utomhusgymmet och den uppv\u00e4rmda poolen. L\u00e4genheten \u00e4r utrustad med ett kanalfritt luftkonditioneringssystem f\u00f6r extra komfort.<br \/>\nDenna l\u00e4genhet ligger i en fyrav\u00e5ningsbyggnad och \u00e4r bekv\u00e4mt bel\u00e4gen p\u00e5 andra v\u00e5ningen, tillg\u00e4nglig via trappor eller hiss. En privat parkeringsplats finns i det underjordiska garaget inom fastigheten.<\/span><\/p>\n<p>Vi tillhandah\u00e5ller handdukar f\u00f6r anv\u00e4ndning i duschen. G\u00e4sterna ombeds v\u00e4nligen ta med egna handdukar till stranden och poolen.<\/p>\n<\/section>\n<\/div>\n<div class=\"_tp3sbt\" style=\"color: #222222;font-family: 'Airbnb Cereal VF', Circular, -apple-system, BlinkMacSystemFont, Roboto, 'Helvetica Neue', sans-serif;font-size: 1rem !important;line-height: 1.5rem !important;margin-bottom: 24px !important\">\n<section>\n<div class=\"_gt7myn\">\n<h2 class=\"hpipapi atm_7l_1kw7nm4 atm_c8_1x4eueo atm_cs_1kw7nm4 atm_g3_1kw7nm4 atm_gi_idpfg4 atm_l8_idpfg4 atm_kd_idpfg4_pfnrn2 dir dir-ltr\" style=\"margin: 0px;padding: 0px;font-weight: inherit;line-height: inherit;font-size: 1em\">Tilltr\u00e4de f\u00f6r g\u00e4ster<\/h2>\n<\/div>\n<p><span class=\"l1h825yc atm_kd_19r6f69_24z95b atm_kd_19r6f69_1xbvphn_1oszvuo dir dir-ltr\">Privat l\u00e4genhet med terrass och gemensam pool.<br \/>\nG\u00e4sterna har hela l\u00e4genheten och terrassen f\u00f6r sig sj\u00e4lva, tillsammans med tillg\u00e5ng till en gemensam pool. L\u00e4genheten ligger p\u00e5 2:a v\u00e5ningen och n\u00e5s via trappor och hiss. Dessutom har l\u00e4genheten en privat parkeringsplats i ett l\u00e5st underjordiskt garage i lokalerna.<\/span><\/p>\n<\/section>\n<\/div>\n<div class=\"_tp3sbt\" style=\"color: #222222;font-family: 'Airbnb Cereal VF', Circular, -apple-system, BlinkMacSystemFont, Roboto, 'Helvetica Neue', sans-serif;font-size: 1rem !important;line-height: 1.5rem !important;margin-bottom: 24px !important\">\n<section>\n<div class=\"_gt7myn\">\n<h2 class=\"hpipapi atm_7l_1kw7nm4 atm_c8_1x4eueo atm_cs_1kw7nm4 atm_g3_1kw7nm4 atm_gi_idpfg4 atm_l8_idpfg4 atm_kd_idpfg4_pfnrn2 dir dir-ltr\" style=\"margin: 0px;padding: 0px;font-weight: inherit;line-height: inherit;font-size: 1em\">Andra saker att notera<\/h2>\n<\/div>\n<p><span class=\"l1h825yc atm_kd_19r6f69_24z95b atm_kd_19r6f69_1xbvphn_1oszvuo dir dir-ltr\">Innan du bokar, v\u00e4nligen se till att du har l\u00e4st och f\u00f6rst\u00e5tt husets regler. Det \u00e4r obligatoriskt f\u00f6r alla bes\u00f6kare att f\u00f6lja b\u00e5de husets och samh\u00e4llets regler.<\/span><\/p>\n<p>Vi tillhandah\u00e5ller handdukar f\u00f6r anv\u00e4ndning i duschen. G\u00e4sterna ombeds v\u00e4nligen ta med egna handdukar till stranden och poolen.<\/p>\n<p>\"V\u00e4nligen notera att p\u00e5 grund av v\u00e5rt h\u00e4rliga lokala klimat och l\u00e4ge finns det en naturlig n\u00e4rvaro av insekter i omr\u00e5det. F\u00f6r att s\u00e4kerst\u00e4lla en bekv\u00e4m vistelse och minimera risken f\u00f6r att de kommer in i l\u00e4genheten ber vi dig v\u00e4nligen att h\u00e5lla d\u00f6rrar och f\u00f6nster st\u00e4ngda n\u00e4r det \u00e4r m\u00f6jligt. Om du st\u00f6ter p\u00e5 n\u00e5gra problem, tveka inte att kontakta oss omedelbart f\u00f6r att f\u00e5 hj\u00e4lp.\"<\/p>\n<\/section>\n<\/div>\n<div class=\"_tp3sbt\" style=\"color: #222222;font-family: 'Airbnb Cereal VF', Circular, -apple-system, BlinkMacSystemFont, Roboto, 'Helvetica Neue', sans-serif;font-size: 1rem !important;line-height: 1.5rem !important;margin-bottom: 24px !important\">\n<section>\n<div class=\"_gt7myn\">\n<h2 class=\"hpipapi atm_7l_1kw7nm4 atm_c8_1x4eueo atm_cs_1kw7nm4 atm_g3_1kw7nm4 atm_gi_idpfg4 atm_l8_idpfg4 atm_kd_idpfg4_pfnrn2 dir dir-ltr\" style=\"margin: 0px;padding: 0px;font-weight: inherit;line-height: inherit;font-size: 1em\">Detaljer om registrering<\/h2>\n<\/div>\n<p><span class=\"l1h825yc atm_kd_19r6f69_24z95b atm_kd_19r6f69_1xbvphn_1oszvuo dir dir-ltr\">EGVT-1434-A<\/span><\/p>\n<\/section>\n<\/div>","protected":false},"author":136,"template":"","listivo_5495":["Holiday Rentals"],"listivo_14303":[],"listivo_14297":[],"listivo_14311":[],"listivo_14299":[],"listivo_14298":[],"listivo_14300":[],"listivo_14301":[],"listivo_14305":[],"listivo_14307":[],"listivo_14309":[],"listivo_14310":[],"listivo_14":["Apartments"],"listivo_11876":["Torrevieja"],"listivo_9508":[],"listivo_12010":["Air Conditioner","Bed Sheets","Elevator","Furnished","Towels","TV","Washing Machine","Wi-Fi"],"listivo_12008":["Coffee Maker or Kettle","Kitchen Tools","Microwave","Oven","Refrigerator &amp; Freezer","Stove"],"listivo_4661":["Balcony\/Terrasse","Parking (Private)","Pool (Shared)"],"listivo_11882":["Danish","English","Norwegian","Swedish"],"listivo_12017":["Smoking not allowed"],"listivo_12018":["Pets not allowed"],"class_list":["post-15454","listivo_listing","type-listivo_listing","status-publish","hentry","listivo_5495-holiday-rentals","listivo_14-apartments","listivo_11876-torrevieja","listivo_12010-air-conditioner","listivo_12010-bed-sheets","listivo_12010-elevator","listivo_12010-furnished","listivo_12010-towels","listivo_12010-tv","listivo_12010-washing-machine","listivo_12010-wi-fi","listivo_12008-coffee-maker-or-kettle","listivo_12008-kitchen-tools","listivo_12008-microwave","listivo_12008-oven","listivo_12008-refrigerator-and-freezer","listivo_12008-stove","listivo_4661-balcony-terrasse","listivo_4661-parking-private","listivo_4661-pool-shared","listivo_11882-danish","listivo_11882-english","listivo_11882-norwegian","listivo_11882-swedish","listivo_12017-smoking-not-allowed","listivo_12018-pets-not-allowed"],"acf":[],"listivo_12212":["6"],"listivo_14304":[],"listivo_14306":[],"listivo_14308":[],"listivo_11786":["6"],"listivo_5463":["2"],"listivo_12019":["3"],"listivo_340":[],"listivo_11980":["100"],"listivo_145":["https:\/\/www.torreviejarentals.es\/wp-content\/uploads\/2025\/06\/d48b9e1a-f2ff-48da-90d9-ae695a185428.png","https:\/\/www.torreviejarentals.es\/wp-content\/uploads\/2025\/06\/cda2c517-12d4-409e-9c4a-54c5a04dfeeb.png","https:\/\/www.torreviejarentals.es\/wp-content\/uploads\/2025\/06\/fa34e231-1cfd-4ce5-986f-3b6179e96073.png","https:\/\/www.torreviejarentals.es\/wp-content\/uploads\/2025\/06\/bc03591c-57ff-4f98-9fab-9dc99c6eba7a.png","https:\/\/www.torreviejarentals.es\/wp-content\/uploads\/2025\/06\/29ca9da3-cbb2-40fc-848c-49a72a0c3980.png","https:\/\/www.torreviejarentals.es\/wp-content\/uploads\/2025\/06\/f276f7dd-f55f-4b99-a5c1-5f5ba7c87133.png","https:\/\/www.torreviejarentals.es\/wp-content\/uploads\/2025\/06\/e78812b3-de0c-49af-a26f-6eae165dbe8f.png","https:\/\/www.torreviejarentals.es\/wp-content\/uploads\/2025\/06\/e83d7147-493e-4013-b97f-7b85564a2360.png","https:\/\/www.torreviejarentals.es\/wp-content\/uploads\/2025\/06\/c419389a-351a-4ad0-80ed-2e2e44091475.png","https:\/\/www.torreviejarentals.es\/wp-content\/uploads\/2025\/06\/bb15a706-0aa2-4626-8756-50003d5c4c86.png","https:\/\/www.torreviejarentals.es\/wp-content\/uploads\/2025\/06\/b97ce052-b9d9-4805-909c-38cae77376bc.png","https:\/\/www.torreviejarentals.es\/wp-content\/uploads\/2025\/06\/91601969-473d-4de7-94ba-62f25fdf3d10.png","https:\/\/www.torreviejarentals.es\/wp-content\/uploads\/2025\/06\/53466745-be45-4de6-8ed1-445c62573abe.png","https:\/\/www.torreviejarentals.es\/wp-content\/uploads\/2025\/06\/727715d0-163c-410a-bd55-e162a59fadd8.png","https:\/\/www.torreviejarentals.es\/wp-content\/uploads\/2025\/06\/50cac66f-62aa-40f3-bb39-288b3e7629f0.png","https:\/\/www.torreviejarentals.es\/wp-content\/uploads\/2025\/06\/8fab70c4-5366-441d-9ea8-f106048f23d4.png","https:\/\/www.torreviejarentals.es\/wp-content\/uploads\/2025\/06\/8dc6419e-b878-4d9c-b650-137d7892aaa3.png","https:\/\/www.torreviejarentals.es\/wp-content\/uploads\/2025\/06\/7eb276dd-0e11-4e66-ae7a-224db58214ac.png","https:\/\/www.torreviejarentals.es\/wp-content\/uploads\/2025\/06\/02b610a3-50b6-4de9-a512-79fc96e41cbe.png","https:\/\/www.torreviejarentals.es\/wp-content\/uploads\/2025\/06\/1d23cb58-b927-4c57-a1c3-36cca2bdbbbe.png"],"listivo_344":[],"listivo_345":{"url":"","embed":""},"listivo_153":{"address":"C. Comino, 03189, Alicante, Spain","location":{"lat":37.9381007,"lng":-0.74927}},"listivo_11704":[],"listivo_11750":["4209"],"listivo_11885":["{\"high-season\":{\"1\":{\"from\":1768262400000,\"to\":1798675200000,\"price\":\"120\",\"deposit\":\"120\"}}}"],"listivo_5974":["Price from:  \u20ac120 \/day"],"listivo_11948":[],"listivo_11949":[],"_links":{"self":[{"href":"https:\/\/www.torreviejarentals.es\/sv\/wp-json\/wp\/v2\/listings\/15454","targetHints":{"allow":["GET"]}}],"collection":[{"href":"https:\/\/www.torreviejarentals.es\/sv\/wp-json\/wp\/v2\/listings"}],"about":[{"href":"https:\/\/www.torreviejarentals.es\/sv\/wp-json\/wp\/v2\/types\/listivo_listing"}],"author":[{"embeddable":true,"href":"https:\/\/www.torreviejarentals.es\/sv\/wp-json\/wp\/v2\/users\/136"}],"wp:attachment":[{"href":"https:\/\/www.torreviejarentals.es\/sv\/wp-json\/wp\/v2\/media?parent=15454"}],"wp:term":[{"taxonomy":"listivo_5495","embeddable":true,"href":"https:\/\/www.torreviejarentals.es\/sv\/wp-json\/wp\/v2\/listivo_5495?post=15454"},{"taxonomy":"listivo_14303","embeddable":true,"href":"https:\/\/www.torreviejarentals.es\/sv\/wp-json\/wp\/v2\/listivo_14303?post=15454"},{"taxonomy":"listivo_14297","embeddable":true,"href":"https:\/\/www.torreviejarentals.es\/sv\/wp-json\/wp\/v2\/listivo_14297?post=15454"},{"taxonomy":"listivo_14311","embeddable":true,"href":"https:\/\/www.torreviejarentals.es\/sv\/wp-json\/wp\/v2\/listivo_14311?post=15454"},{"taxonomy":"listivo_14299","embeddable":true,"href":"https:\/\/www.torreviejarentals.es\/sv\/wp-json\/wp\/v2\/listivo_14299?post=15454"},{"taxonomy":"listivo_14298","embeddable":true,"href":"https:\/\/www.torreviejarentals.es\/sv\/wp-json\/wp\/v2\/listivo_14298?post=15454"},{"taxonomy":"listivo_14300","embeddable":true,"href":"https:\/\/www.torreviejarentals.es\/sv\/wp-json\/wp\/v2\/listivo_14300?post=15454"},{"taxonomy":"listivo_14301","embeddable":true,"href":"https:\/\/www.torreviejarentals.es\/sv\/wp-json\/wp\/v2\/listivo_14301?post=15454"},{"taxonomy":"listivo_14305","embeddable":true,"href":"https:\/\/www.torreviejarentals.es\/sv\/wp-json\/wp\/v2\/listivo_14305?post=15454"},{"taxonomy":"listivo_14307","embeddable":true,"href":"https:\/\/www.torreviejarentals.es\/sv\/wp-json\/wp\/v2\/listivo_14307?post=15454"},{"taxonomy":"listivo_14309","embeddable":true,"href":"https:\/\/www.torreviejarentals.es\/sv\/wp-json\/wp\/v2\/listivo_14309?post=15454"},{"taxonomy":"listivo_14310","embeddable":true,"href":"https:\/\/www.torreviejarentals.es\/sv\/wp-json\/wp\/v2\/listivo_14310?post=15454"},{"taxonomy":"listivo_14","embeddable":true,"href":"https:\/\/www.torreviejarentals.es\/sv\/wp-json\/wp\/v2\/listivo_14?post=15454"},{"taxonomy":"listivo_11876","embeddable":true,"href":"https:\/\/www.torreviejarentals.es\/sv\/wp-json\/wp\/v2\/listivo_11876?post=15454"},{"taxonomy":"listivo_9508","embeddable":true,"href":"https:\/\/www.torreviejarentals.es\/sv\/wp-json\/wp\/v2\/listivo_9508?post=15454"},{"taxonomy":"listivo_12010","embeddable":true,"href":"https:\/\/www.torreviejarentals.es\/sv\/wp-json\/wp\/v2\/listivo_12010?post=15454"},{"taxonomy":"listivo_12008","embeddable":true,"href":"https:\/\/www.torreviejarentals.es\/sv\/wp-json\/wp\/v2\/listivo_12008?post=15454"},{"taxonomy":"listivo_4661","embeddable":true,"href":"https:\/\/www.torreviejarentals.es\/sv\/wp-json\/wp\/v2\/listivo_4661?post=15454"},{"taxonomy":"listivo_11882","embeddable":true,"href":"https:\/\/www.torreviejarentals.es\/sv\/wp-json\/wp\/v2\/listivo_11882?post=15454"},{"taxonomy":"listivo_12017","embeddable":true,"href":"https:\/\/www.torreviejarentals.es\/sv\/wp-json\/wp\/v2\/listivo_12017?post=15454"},{"taxonomy":"listivo_12018","embeddable":true,"href":"https:\/\/www.torreviejarentals.es\/sv\/wp-json\/wp\/v2\/listivo_12018?post=15454"}],"curies":[{"name":"wp","href":"https:\/\/api.w.org\/{rel}","templated":true}]}}