{"id":15463,"date":"2025-06-22T07:30:51","date_gmt":"2025-06-22T05:30:51","guid":{"rendered":"https:\/\/www.torreviejarentals.es\/?post_type=listivo_listing&#038;p=15463"},"modified":"2026-01-13T18:24:26","modified_gmt":"2026-01-13T16:24:26","slug":"pmt23-central-apartment-near-the-beach","status":"publish","type":"listivo_listing","link":"https:\/\/www.torreviejarentals.es\/sv\/listing\/pmt23-central-apartment-near-the-beach\/","title":{"rendered":"Central l\u00e4genhet n\u00e4ra stranden"},"content":{"rendered":"<div class=\"_tp3sbt\" style=\"color: #222222;font-family: 'Airbnb Cereal VF', Circular, -apple-system, BlinkMacSystemFont, Roboto, 'Helvetica Neue', sans-serif;font-size: 1rem !important;line-height: 1.5rem !important;margin-bottom: 24px !important\">\n<section>\n<p class=\"MsoNormal\" style=\"margin: 0cm;line-height: normal;font-size: medium;font-family: Aptos, sans-serif;color: #000000\"><span style=\"font-family: Roboto;color: #222222;border: 1pt windowtext;padding: 0cm\">PS: Kolla g\u00e4rna kalendern p\u00e5 AirBNB ocks\u00e5 eftersom vi har den listad d\u00e4r ocks\u00e5. Central l\u00e4genhet n\u00e4ra stranden<\/span><\/p>\n<section style=\"border: 0px;font-family: 'Airbnb Cereal VF', Circular, -apple-system, system-ui, Roboto, 'Helvetica Neue', sans-serif\"><span style=\"text-decoration: underline\"><span style=\"color: #3366ff\"><a style=\"color: #3366ff;box-shadow: none;font-size: 1rem;text-decoration: underline\" href=\"https:\/\/sv.airbnb.com\/rooms\/1390289702887110474?_set_bev_on_new_domain=1700513402_ODhjYzQyNzk3ODJl&amp;source_impression_id=p3_1749154044_P3kDNTvFC08spFPU\" target=\"_blank\" rel=\"noopener\"><span style=\"text-decoration: none\">Klicka h\u00e4r<\/span><\/a><\/span><\/span><\/section>\n<\/section>\n<section>\u00a0\u00a0<\/section>\n<section><span class=\"l1h825yc atm_kd_19r6f69_24z95b atm_kd_19r6f69_1xbvphn_1oszvuo dir dir-ltr\">Bo i denna ljusa l\u00e4genhet med 2 sovrum bara n\u00e5gra steg fr\u00e5n stranden, butiker, restauranger och kollektivtrafik. Koppla av i det mysiga vardagsrummet med en smart-TV och streaming, och laga mat med l\u00e4tthet i det fullt utrustade k\u00f6ket och matplatsen. B\u00e5da sovrummen har bekv\u00e4ma s\u00e4ngar och gott om f\u00f6rvaringsutrymme. Badrummet har en dusch \u00f6ver badkaret, en toalett och ett handfat. Njut av bekv\u00e4mligheten med ett utm\u00e4rkt l\u00e4ge, perfekt f\u00f6r en avslappnad vistelse n\u00e4ra allt.<\/span><\/section>\n<\/div>\n<div class=\"_tp3sbt\" style=\"color: #222222;font-family: 'Airbnb Cereal VF', Circular, -apple-system, BlinkMacSystemFont, Roboto, 'Helvetica Neue', sans-serif;font-size: 1rem !important;line-height: 1.5rem !important;margin-bottom: 24px !important\">\n<section>\n<div class=\"_gt7myn\">\n<h2 class=\"hpipapi atm_7l_1kw7nm4 atm_c8_1x4eueo atm_cs_1kw7nm4 atm_g3_1kw7nm4 atm_gi_idpfg4 atm_l8_idpfg4 atm_kd_idpfg4_pfnrn2 dir dir-ltr\" style=\"margin: 0px;padding: 0px;font-weight: inherit;line-height: inherit;font-size: 1em\">Utrymmet<\/h2>\n<\/div>\n<p><span class=\"l1h825yc atm_kd_19r6f69_24z95b atm_kd_19r6f69_1xbvphn_1oszvuo dir dir-ltr\">Denna nyrenoverade (2025) l\u00e4genhet med 2 sovrum och 1 badrum i hj\u00e4rtat av Torrevieja ligger bara n\u00e5gra steg fr\u00e5n den popul\u00e4ra Playa de Cura och erbjuder en perfekt blandning av modern stil och komfort.<\/span><\/p>\n<p>B\u00e5da sovrummen har nya, mysiga s\u00e4ngar f\u00f6r en god natts s\u00f6mn - ett med en queen size-s\u00e4ng och det andra med tv\u00e5 enkels\u00e4ngar. Det fullt utrustade k\u00f6ket har alla moderna apparater, s\u00e5som kyl, frys, spis och elektrisk spis, vilket g\u00f6r det enkelt att f\u00f6rbereda m\u00e5ltider och morgnar.<\/p>\n<p>Vardagsrummet har en praktisk b\u00e4ddsoffa f\u00f6r ytterligare sovplats, ett matbord f\u00f6r 4 personer och en smart-TV f\u00f6r underh\u00e5llning. Badrummet har ett badkar med dusch, toalett och handfat.<\/p>\n<p>Denna l\u00e4genhet \u00e4r perfekt f\u00f6r dem som vill njuta av b\u00e5de stranden och stadslivet, och \u00e4r den perfekta basen f\u00f6r din vistelse i Torrevieja.<\/p>\n<\/section>\n<\/div>\n<div class=\"_tp3sbt\" style=\"color: #222222;font-family: 'Airbnb Cereal VF', Circular, -apple-system, BlinkMacSystemFont, Roboto, 'Helvetica Neue', sans-serif;font-size: 1rem !important;line-height: 1.5rem !important;margin-bottom: 24px !important\">\n<section>\n<div class=\"_gt7myn\">\n<h2 class=\"hpipapi atm_7l_1kw7nm4 atm_c8_1x4eueo atm_cs_1kw7nm4 atm_g3_1kw7nm4 atm_gi_idpfg4 atm_l8_idpfg4 atm_kd_idpfg4_pfnrn2 dir dir-ltr\" style=\"margin: 0px;padding: 0px;font-weight: inherit;line-height: inherit;font-size: 1em\">Tilltr\u00e4de f\u00f6r g\u00e4ster<\/h2>\n<\/div>\n<p><span class=\"l1h825yc atm_kd_19r6f69_24z95b atm_kd_19r6f69_1xbvphn_1oszvuo dir dir-ltr\">G\u00e4sterna kommer att ha exklusiv tillg\u00e5ng till hela l\u00e4genheten. Solarium, korridorer och hiss \u00e4r alla gemensamma utrymmen som delas med andra boende i byggnaden.<\/span><\/p>\n<\/section>\n<\/div>\n<div class=\"_tp3sbt\" style=\"color: #222222;font-family: 'Airbnb Cereal VF', Circular, -apple-system, BlinkMacSystemFont, Roboto, 'Helvetica Neue', sans-serif;font-size: 1rem !important;line-height: 1.5rem !important;margin-bottom: 24px !important\">\n<section>\n<div class=\"_gt7myn\">\n<h2 class=\"hpipapi atm_7l_1kw7nm4 atm_c8_1x4eueo atm_cs_1kw7nm4 atm_g3_1kw7nm4 atm_gi_idpfg4 atm_l8_idpfg4 atm_kd_idpfg4_pfnrn2 dir dir-ltr\" style=\"margin: 0px;padding: 0px;font-weight: inherit;line-height: inherit;font-size: 1em\">Andra saker att notera<\/h2>\n<\/div>\n<p><span class=\"l1h825yc atm_kd_19r6f69_24z95b atm_kd_19r6f69_1xbvphn_1oszvuo dir dir-ltr\">Innan du bokar, v\u00e4nligen se till att du har l\u00e4st och f\u00f6rst\u00e5tt husreglerna. Det \u00e4r obligatoriskt f\u00f6r alla bes\u00f6kare att f\u00f6lja b\u00e5de l\u00e4genhetens och samh\u00e4llets regler.<\/span><\/p>\n<p>Vi tillhandah\u00e5ller handdukar f\u00f6r anv\u00e4ndning i duschen. G\u00e4sterna ombeds v\u00e4nligen ta med egna handdukar till stranden.<\/p>\n<p>Du har m\u00e5nga restauranger och livsmedelsbutiker p\u00e5 gatorna utanf\u00f6r l\u00e4genhetsbyggnaden.<\/p>\n<p>Parkering p\u00e5 gatorna, kostnadsfritt.<\/p>\n<p>\"V\u00e4nligen notera att p\u00e5 grund av v\u00e5rt h\u00e4rliga lokala klimat och l\u00e4ge finns det en naturlig n\u00e4rvaro av insekter i omr\u00e5det. F\u00f6r att s\u00e4kerst\u00e4lla en bekv\u00e4m vistelse och minimera risken f\u00f6r att de kommer in i l\u00e4genheten ber vi dig v\u00e4nligen att h\u00e5lla d\u00f6rrar och f\u00f6nster st\u00e4ngda n\u00e4r det \u00e4r m\u00f6jligt. Om du st\u00f6ter p\u00e5 n\u00e5gra problem, tveka inte att kontakta oss omedelbart f\u00f6r att f\u00e5 hj\u00e4lp.\"<\/p>\n<\/section>\n<\/div>\n<div class=\"_tp3sbt\" style=\"color: #222222;font-family: 'Airbnb Cereal VF', Circular, -apple-system, BlinkMacSystemFont, Roboto, 'Helvetica Neue', sans-serif;font-size: 1rem !important;line-height: 1.5rem !important;margin-bottom: 24px !important\">\n<section>\n<div class=\"_gt7myn\">\n<h2 class=\"hpipapi atm_7l_1kw7nm4 atm_c8_1x4eueo atm_cs_1kw7nm4 atm_g3_1kw7nm4 atm_gi_idpfg4 atm_l8_idpfg4 atm_kd_idpfg4_pfnrn2 dir dir-ltr\" style=\"margin: 0px;padding: 0px;font-weight: inherit;line-height: inherit;font-size: 1em\">Detaljer om registrering<\/h2>\n<\/div>\n<p><span class=\"l1h825yc atm_kd_19r6f69_24z95b atm_kd_19r6f69_1xbvphn_1oszvuo dir dir-ltr\">EGVT-1434-A<\/span><\/p>\n<\/section>\n<\/div>","protected":false},"author":136,"template":"","listivo_5495":["Holiday Rentals"],"listivo_14303":[],"listivo_14297":[],"listivo_14311":[],"listivo_14299":[],"listivo_14298":[],"listivo_14300":[],"listivo_14301":[],"listivo_14305":[],"listivo_14307":[],"listivo_14309":[],"listivo_14310":[],"listivo_14":["Apartments"],"listivo_11876":["Torrevieja"],"listivo_9508":[],"listivo_12010":["Air Conditioner","Bed Sheets","First Aid Kit","Furnished","Towels","TV","Washing Machine","Wi-Fi"],"listivo_12008":["Coffee Maker or Kettle","Kitchen Tools","Oven","Refrigerator &amp; Freezer","Stove"],"listivo_4661":["Parking (Shared)"],"listivo_11882":["Danish","English","Norwegian","Swedish"],"listivo_12017":["Smoking not allowed"],"listivo_12018":["Pets not allowed"],"class_list":["post-15463","listivo_listing","type-listivo_listing","status-publish","hentry","listivo_5495-holiday-rentals","listivo_14-apartments","listivo_11876-torrevieja","listivo_12010-air-conditioner","listivo_12010-bed-sheets","listivo_12010-first-aid-kit","listivo_12010-furnished","listivo_12010-towels","listivo_12010-tv","listivo_12010-washing-machine","listivo_12010-wi-fi","listivo_12008-coffee-maker-or-kettle","listivo_12008-kitchen-tools","listivo_12008-oven","listivo_12008-refrigerator-and-freezer","listivo_12008-stove","listivo_4661-parking-shared","listivo_11882-danish","listivo_11882-english","listivo_11882-norwegian","listivo_11882-swedish","listivo_12017-smoking-not-allowed","listivo_12018-pets-not-allowed"],"acf":[],"listivo_12212":["3"],"listivo_14304":[],"listivo_14306":[],"listivo_14308":[],"listivo_11786":["6"],"listivo_5463":["1"],"listivo_12019":["2"],"listivo_340":[],"listivo_11980":["70"],"listivo_145":["https:\/\/www.torreviejarentals.es\/wp-content\/uploads\/2025\/06\/63b8c3fa-d53c-474e-9a1e-e9b3bdfa76cf.png","https:\/\/www.torreviejarentals.es\/wp-content\/uploads\/2025\/06\/0c75229d-f0da-4281-95b0-439f27c659a0.png","https:\/\/www.torreviejarentals.es\/wp-content\/uploads\/2025\/06\/3c928c8b-ecba-4639-8a11-08637239a695.png","https:\/\/www.torreviejarentals.es\/wp-content\/uploads\/2025\/06\/8f6fc1a9-f7c2-45b6-ba67-9cbbbcb59dff.png","https:\/\/www.torreviejarentals.es\/wp-content\/uploads\/2025\/06\/25be14b9-604e-4862-8dc7-b99b92782b13.png","https:\/\/www.torreviejarentals.es\/wp-content\/uploads\/2025\/06\/74e7a192-6876-4f5c-843f-3ebb2a031194.png","https:\/\/www.torreviejarentals.es\/wp-content\/uploads\/2025\/06\/98b36dfc-91c3-475f-bb19-d66220cd5e61.png","https:\/\/www.torreviejarentals.es\/wp-content\/uploads\/2025\/06\/8299b4a1-215a-433b-8f6b-dcf278095b38.png","https:\/\/www.torreviejarentals.es\/wp-content\/uploads\/2025\/06\/42541666-3739-4815-8e90-d29dc09ddffa.png","https:\/\/www.torreviejarentals.es\/wp-content\/uploads\/2025\/06\/b3cf4171-2994-4c6f-904e-8927c2403c98.png","https:\/\/www.torreviejarentals.es\/wp-content\/uploads\/2025\/06\/b75f2b52-d237-4f07-bdd0-b5fddb0302c8.png","https:\/\/www.torreviejarentals.es\/wp-content\/uploads\/2025\/06\/bcc4fe2b-2bc3-4ef4-b0f5-1e3fe63bdad2.png","https:\/\/www.torreviejarentals.es\/wp-content\/uploads\/2025\/06\/da42733a-6ac9-4aaf-afaa-0a790e313039.png","https:\/\/www.torreviejarentals.es\/wp-content\/uploads\/2025\/06\/eafa0418-4509-47f2-8a8a-3d6fdb570b29.png"],"listivo_344":[],"listivo_345":{"url":"","embed":""},"listivo_153":{"address":"C. Goleta, Torrevieja, Alicante, Spain","location":{"lat":37.979994,"lng":-0.6664452}},"listivo_11704":[],"listivo_11750":["4209"],"listivo_11885":["{\"high-season\":{\"1\":{\"from\":1768262400000,\"to\":1798675200000,\"price\":\"88\",\"deposit\":\"88\"}}}"],"listivo_5974":["Price from:  \u20ac88 \/day"],"listivo_11948":[],"listivo_11949":[],"_links":{"self":[{"href":"https:\/\/www.torreviejarentals.es\/sv\/wp-json\/wp\/v2\/listings\/15463","targetHints":{"allow":["GET"]}}],"collection":[{"href":"https:\/\/www.torreviejarentals.es\/sv\/wp-json\/wp\/v2\/listings"}],"about":[{"href":"https:\/\/www.torreviejarentals.es\/sv\/wp-json\/wp\/v2\/types\/listivo_listing"}],"author":[{"embeddable":true,"href":"https:\/\/www.torreviejarentals.es\/sv\/wp-json\/wp\/v2\/users\/136"}],"wp:attachment":[{"href":"https:\/\/www.torreviejarentals.es\/sv\/wp-json\/wp\/v2\/media?parent=15463"}],"wp:term":[{"taxonomy":"listivo_5495","embeddable":true,"href":"https:\/\/www.torreviejarentals.es\/sv\/wp-json\/wp\/v2\/listivo_5495?post=15463"},{"taxonomy":"listivo_14303","embeddable":true,"href":"https:\/\/www.torreviejarentals.es\/sv\/wp-json\/wp\/v2\/listivo_14303?post=15463"},{"taxonomy":"listivo_14297","embeddable":true,"href":"https:\/\/www.torreviejarentals.es\/sv\/wp-json\/wp\/v2\/listivo_14297?post=15463"},{"taxonomy":"listivo_14311","embeddable":true,"href":"https:\/\/www.torreviejarentals.es\/sv\/wp-json\/wp\/v2\/listivo_14311?post=15463"},{"taxonomy":"listivo_14299","embeddable":true,"href":"https:\/\/www.torreviejarentals.es\/sv\/wp-json\/wp\/v2\/listivo_14299?post=15463"},{"taxonomy":"listivo_14298","embeddable":true,"href":"https:\/\/www.torreviejarentals.es\/sv\/wp-json\/wp\/v2\/listivo_14298?post=15463"},{"taxonomy":"listivo_14300","embeddable":true,"href":"https:\/\/www.torreviejarentals.es\/sv\/wp-json\/wp\/v2\/listivo_14300?post=15463"},{"taxonomy":"listivo_14301","embeddable":true,"href":"https:\/\/www.torreviejarentals.es\/sv\/wp-json\/wp\/v2\/listivo_14301?post=15463"},{"taxonomy":"listivo_14305","embeddable":true,"href":"https:\/\/www.torreviejarentals.es\/sv\/wp-json\/wp\/v2\/listivo_14305?post=15463"},{"taxonomy":"listivo_14307","embeddable":true,"href":"https:\/\/www.torreviejarentals.es\/sv\/wp-json\/wp\/v2\/listivo_14307?post=15463"},{"taxonomy":"listivo_14309","embeddable":true,"href":"https:\/\/www.torreviejarentals.es\/sv\/wp-json\/wp\/v2\/listivo_14309?post=15463"},{"taxonomy":"listivo_14310","embeddable":true,"href":"https:\/\/www.torreviejarentals.es\/sv\/wp-json\/wp\/v2\/listivo_14310?post=15463"},{"taxonomy":"listivo_14","embeddable":true,"href":"https:\/\/www.torreviejarentals.es\/sv\/wp-json\/wp\/v2\/listivo_14?post=15463"},{"taxonomy":"listivo_11876","embeddable":true,"href":"https:\/\/www.torreviejarentals.es\/sv\/wp-json\/wp\/v2\/listivo_11876?post=15463"},{"taxonomy":"listivo_9508","embeddable":true,"href":"https:\/\/www.torreviejarentals.es\/sv\/wp-json\/wp\/v2\/listivo_9508?post=15463"},{"taxonomy":"listivo_12010","embeddable":true,"href":"https:\/\/www.torreviejarentals.es\/sv\/wp-json\/wp\/v2\/listivo_12010?post=15463"},{"taxonomy":"listivo_12008","embeddable":true,"href":"https:\/\/www.torreviejarentals.es\/sv\/wp-json\/wp\/v2\/listivo_12008?post=15463"},{"taxonomy":"listivo_4661","embeddable":true,"href":"https:\/\/www.torreviejarentals.es\/sv\/wp-json\/wp\/v2\/listivo_4661?post=15463"},{"taxonomy":"listivo_11882","embeddable":true,"href":"https:\/\/www.torreviejarentals.es\/sv\/wp-json\/wp\/v2\/listivo_11882?post=15463"},{"taxonomy":"listivo_12017","embeddable":true,"href":"https:\/\/www.torreviejarentals.es\/sv\/wp-json\/wp\/v2\/listivo_12017?post=15463"},{"taxonomy":"listivo_12018","embeddable":true,"href":"https:\/\/www.torreviejarentals.es\/sv\/wp-json\/wp\/v2\/listivo_12018?post=15463"}],"curies":[{"name":"wp","href":"https:\/\/api.w.org\/{rel}","templated":true}]}}