{"id":15679,"date":"2025-06-07T07:04:51","date_gmt":"2025-06-07T05:04:51","guid":{"rendered":"https:\/\/www.torreviejarentals.es\/?post_type=listivo_listing&#038;p=15679"},"modified":"2026-01-13T18:27:35","modified_gmt":"2026-01-13T16:27:35","slug":"pmt09-cozy-apartment-with-pool","status":"publish","type":"listivo_listing","link":"https:\/\/www.torreviejarentals.es\/sv\/listing\/pmt09-cozy-apartment-with-pool\/","title":{"rendered":"Mysig l\u00e4genhet med pool"},"content":{"rendered":"<div class=\"_tp3sbt\" style=\"color: #222222;font-family: 'Airbnb Cereal VF', Circular, -apple-system, BlinkMacSystemFont, Roboto, 'Helvetica Neue', sans-serif;font-size: 1rem !important;line-height: 1.5rem !important;margin-bottom: 24px !important\">\n<section>\n<p class=\"MsoNormal\" style=\"margin: 0cm;line-height: normal;font-size: medium;font-family: Aptos, sans-serif;color: #000000\"><span style=\"font-family: Roboto;color: #222222;border: 1pt windowtext;padding: 0cm\">PS: Kolla g\u00e4rna kalendern p\u00e5 AirBNB ocks\u00e5 eftersom vi har den listad d\u00e4r ocks\u00e5.<\/span><\/p>\n<section style=\"border: 0px;font-family: 'Airbnb Cereal VF', Circular, -apple-system, system-ui, Roboto, 'Helvetica Neue', sans-serif\"><a style=\"border: 0px;text-decoration: none;color: #222222;box-shadow: none;position: relative;font-size: 1rem\" href=\"https:\/\/sv.airbnb.com\/rooms\/1169449872275233410?_set_bev_on_new_domain=1700513402_ODhjYzQyNzk3ODJl&amp;source_impression_id=p3_1749154750_P3ekw_EZdqdoKJFv\" target=\"_blank\" rel=\"noopener\"><span style=\"color: #222222;text-decoration: none\"><span style=\"text-decoration: underline\"><span style=\"color: #3366ff;text-decoration: underline\">Klicka h\u00e4r<\/span><\/span><\/span><\/a><\/section>\n<\/section>\n<section>\u00a0\u00a0<\/section>\n<section><span class=\"l1h825yc atm_kd_19r6f69_24z95b atm_kd_19r6f69_1xbvphn_1oszvuo dir dir-ltr\">Uppt\u00e4ck lugnet i denna l\u00e4genhet med 3 sovrum i ett lugnt, inh\u00e4gnat omr\u00e5de i Torrevieja. Med 1 badrum, k\u00f6k, matsal och vardagsrum i \u00f6ppen planl\u00f6sning och privata utomhusomr\u00e5den \u00e4r avkoppling enkelt. Njut av pool- och parkeringsutsikten fr\u00e5n det stora utomhusomr\u00e5det. Bel\u00e4get n\u00e4ra Torreviejas attraktioner som Fun Fair, Aquapolis vattenpark och fredagsmarknaden, tillsammans med restauranger och butiker, erbjuder detta hem den perfekta blandningen av komfort och bekv\u00e4mlighet.<\/span><\/section>\n<\/div>\n<div class=\"_tp3sbt\" style=\"color: #222222;font-family: 'Airbnb Cereal VF', Circular, -apple-system, BlinkMacSystemFont, Roboto, 'Helvetica Neue', sans-serif;font-size: 1rem !important;line-height: 1.5rem !important;margin-bottom: 24px !important\">\n<section>\n<div class=\"_gt7myn\">\n<h2 class=\"hpipapi atm_7l_1kw7nm4 atm_c8_1x4eueo atm_cs_1kw7nm4 atm_g3_1kw7nm4 atm_gi_idpfg4 atm_l8_idpfg4 atm_kd_idpfg4_pfnrn2 dir dir-ltr\" style=\"margin: 0px;padding: 0px;font-weight: inherit;line-height: inherit;font-size: 1em\">Utrymmet<\/h2>\n<\/div>\n<p><span class=\"l1h825yc atm_kd_19r6f69_24z95b atm_kd_19r6f69_1xbvphn_1oszvuo dir dir-ltr\">V\u00e4lkommen till din dr\u00f6mbostad i hj\u00e4rtat av Torrevieja! Denna v\u00e4lsk\u00f6tta l\u00e4genhet med 3 sovrum erbjuder den perfekta blandningen av komfort, moderna bekv\u00e4mligheter och vackra omgivningar, perfekt f\u00f6r b\u00e5de avkoppling och underh\u00e5llning.<br \/>\nSovrum:<br \/>\n- Tv\u00e5 rymliga sovrum med lyxiga queen size-s\u00e4ngar, perfekt f\u00f6r en vilsam natt.<br \/>\n- Ett m\u00e5ngsidigt tredje sovrum utrustat med en enkels\u00e4ng som l\u00e4tt kan f\u00f6rvandlas till en dubbels\u00e4ng i queen size-storlek tack vare den praktiska utdragbara s\u00e4ngen undertill.<br \/>\n- Alla sovrum \u00e4r utrustade med helt nya luftkonditioneringsapparater, vilket garanterar en sval och bekv\u00e4m milj\u00f6 \u00e5ret runt.<br \/>\nBadrum:<br \/>\n- Det moderna badrummet har en uppfriskande dusch, toalett och ett snyggt handfat som ger dig allt du beh\u00f6ver f\u00f6r din dagliga rutin.<br \/>\nVardagsrum och matplats:<br \/>\n- K\u00f6ket, matsalen och vardagsrummet har \u00f6ppen planl\u00f6sning och \u00e4r smakfullt inredda med modern inredning.<br \/>\n- Koppla av i den stora, mysiga soffan medan du njuter av en m\u00e4ngd norska och engelska kanaler p\u00e5 TV:n.<br \/>\n- Det fullt utrustade k\u00f6ket har tv\u00e4ttmaskin, diskmaskin, kyl och frys, tillsammans med alla n\u00f6dv\u00e4ndiga apparater och redskap f\u00f6r att laga l\u00e4ckra hemlagade m\u00e5ltider.<br \/>\nUtomhusutrymme:<br \/>\n- G\u00e5 genom de stora terrassd\u00f6rrarna fr\u00e5n vardagsrummet f\u00f6r att komma till det expansiva utomhusomr\u00e5det.<br \/>\n- P\u00e5 den v\u00e4lm\u00f6blerade terrassen finns en bekv\u00e4m loungegrupp och en matgrupp, perfekt f\u00f6r uteservering och avkoppling.<br \/>\n- Njut av skuggan under pergolan medan du lagar till en festm\u00e5ltid p\u00e5 kolgrillen.<br \/>\n- Uteplatsen erbjuder en fantastisk utsikt \u00f6ver poolen och parkeringsomr\u00e5det, vilket bidrar till den lugna atmosf\u00e4ren.<br \/>\n- Denna privata l\u00e4genhet garanterar fullst\u00e4ndig avskildhet, med egen ing\u00e5ng p\u00e5 1:a v\u00e5ningen som n\u00e5s via trappor.<br \/>\nGemenskapens bekv\u00e4mligheter:<br \/>\n- Bel\u00e4get i en vacker, v\u00e4lsk\u00f6tt gemenskap som \u00e4r stolt \u00f6ver att uppr\u00e4tth\u00e5lla en lugn och pittoresk milj\u00f6.<br \/>\nOavsett om du s\u00f6ker en lugn tillflyktsort eller ett livligt hem f\u00f6r underh\u00e5llning, \u00e4r denna l\u00e4genhet i Torrevieja ditt perfekta val. Missa inte chansen att uppleva det b\u00e4sta av kustliv i denna uts\u00f6kta fastighet.<\/span><\/p>\n<\/section>\n<\/div>\n<div class=\"_tp3sbt\" style=\"color: #222222;font-family: 'Airbnb Cereal VF', Circular, -apple-system, BlinkMacSystemFont, Roboto, 'Helvetica Neue', sans-serif;font-size: 1rem !important;line-height: 1.5rem !important;margin-bottom: 24px !important\">\n<section>\n<div class=\"_gt7myn\">\n<h2 class=\"hpipapi atm_7l_1kw7nm4 atm_c8_1x4eueo atm_cs_1kw7nm4 atm_g3_1kw7nm4 atm_gi_idpfg4 atm_l8_idpfg4 atm_kd_idpfg4_pfnrn2 dir dir-ltr\" style=\"margin: 0px;padding: 0px;font-weight: inherit;line-height: inherit;font-size: 1em\">Tilltr\u00e4de f\u00f6r g\u00e4ster<\/h2>\n<\/div>\n<p><span class=\"l1h825yc atm_kd_19r6f69_24z95b atm_kd_19r6f69_1xbvphn_1oszvuo dir dir-ltr\">Bes\u00f6kare kommer att ha exklusiv tillg\u00e5ng till hela l\u00e4genheten och de privata utomhusutrymmena. Poolen och parkeringsomr\u00e5det \u00e4r gemensamt och delas med andra boende i byggnaden.<\/span><\/p>\n<\/section>\n<\/div>\n<div class=\"_tp3sbt\" style=\"color: #222222;font-family: 'Airbnb Cereal VF', Circular, -apple-system, BlinkMacSystemFont, Roboto, 'Helvetica Neue', sans-serif;font-size: 1rem !important;line-height: 1.5rem !important;margin-bottom: 24px !important\">\n<section>\n<div class=\"_gt7myn\">\n<h2 class=\"hpipapi atm_7l_1kw7nm4 atm_c8_1x4eueo atm_cs_1kw7nm4 atm_g3_1kw7nm4 atm_gi_idpfg4 atm_l8_idpfg4 atm_kd_idpfg4_pfnrn2 dir dir-ltr\" style=\"margin: 0px;padding: 0px;font-weight: inherit;line-height: inherit;font-size: 1em\">Andra saker att notera<\/h2>\n<\/div>\n<p><span class=\"l1h825yc atm_kd_19r6f69_24z95b atm_kd_19r6f69_1xbvphn_1oszvuo dir dir-ltr\">Innan du bokar, v\u00e4nligen se till att du har l\u00e4st och f\u00f6rst\u00e5tt husreglerna. Det \u00e4r obligatoriskt f\u00f6r alla bes\u00f6kare att f\u00f6lja b\u00e5de l\u00e4genhetens och samh\u00e4llets regler.<\/span><\/p>\n<p>\"V\u00e4nligen notera att p\u00e5 grund av v\u00e5rt h\u00e4rliga lokala klimat och l\u00e4ge finns det en naturlig n\u00e4rvaro av insekter i omr\u00e5det. F\u00f6r att s\u00e4kerst\u00e4lla en bekv\u00e4m vistelse och minimera risken f\u00f6r att de kommer in i l\u00e4genheten ber vi dig v\u00e4nligen att h\u00e5lla d\u00f6rrar och f\u00f6nster st\u00e4ngda n\u00e4r det \u00e4r m\u00f6jligt. Om du st\u00f6ter p\u00e5 n\u00e5gra problem, tveka inte att kontakta oss omedelbart f\u00f6r att f\u00e5 hj\u00e4lp.\"<\/p>\n<\/section>\n<\/div>\n<div class=\"_tp3sbt\" style=\"color: #222222;font-family: 'Airbnb Cereal VF', Circular, -apple-system, BlinkMacSystemFont, Roboto, 'Helvetica Neue', sans-serif;font-size: 1rem !important;line-height: 1.5rem !important;margin-bottom: 24px !important\">\n<section>\n<div class=\"_gt7myn\">\n<h2 class=\"hpipapi atm_7l_1kw7nm4 atm_c8_1x4eueo atm_cs_1kw7nm4 atm_g3_1kw7nm4 atm_gi_idpfg4 atm_l8_idpfg4 atm_kd_idpfg4_pfnrn2 dir dir-ltr\" style=\"margin: 0px;padding: 0px;font-weight: inherit;line-height: inherit;font-size: 1em\">Detaljer om registrering<\/h2>\n<\/div>\n<p><span class=\"l1h825yc atm_kd_19r6f69_24z95b atm_kd_19r6f69_1xbvphn_1oszvuo dir dir-ltr\">EGVT-1434-A<\/span><\/p>\n<\/section>\n<\/div>","protected":false},"author":136,"template":"","listivo_5495":["Holiday Rentals"],"listivo_14303":[],"listivo_14297":[],"listivo_14311":[],"listivo_14299":[],"listivo_14298":[],"listivo_14300":[],"listivo_14301":[],"listivo_14305":[],"listivo_14307":[],"listivo_14309":[],"listivo_14310":[],"listivo_14":["Apartments"],"listivo_11876":["Torrevieja"],"listivo_9508":[],"listivo_12010":["Air Conditioner","Bed Sheets","Furnished","Towels","TV","Washing Machine","Wi-Fi"],"listivo_12008":["Coffee Maker or Kettle","Kitchen Tools","Oven","Refrigerator &amp; Freezer","Stove"],"listivo_4661":["Balcony\/Terrasse","Parking (Private)","Pool (Shared)"],"listivo_11882":["Danish","English","Norwegian","Swedish"],"listivo_12017":["Smoking not allowed"],"listivo_12018":["Pets not allowed"],"class_list":["post-15679","listivo_listing","type-listivo_listing","status-publish","hentry","listivo_5495-holiday-rentals","listivo_14-apartments","listivo_11876-torrevieja","listivo_12010-air-conditioner","listivo_12010-bed-sheets","listivo_12010-furnished","listivo_12010-towels","listivo_12010-tv","listivo_12010-washing-machine","listivo_12010-wi-fi","listivo_12008-coffee-maker-or-kettle","listivo_12008-kitchen-tools","listivo_12008-oven","listivo_12008-refrigerator-and-freezer","listivo_12008-stove","listivo_4661-balcony-terrasse","listivo_4661-parking-private","listivo_4661-pool-shared","listivo_11882-danish","listivo_11882-english","listivo_11882-norwegian","listivo_11882-swedish","listivo_12017-smoking-not-allowed","listivo_12018-pets-not-allowed"],"acf":[],"listivo_12212":["3"],"listivo_14304":[],"listivo_14306":[],"listivo_14308":[],"listivo_11786":["6"],"listivo_5463":["1"],"listivo_12019":["3"],"listivo_340":[],"listivo_11980":["120"],"listivo_145":["https:\/\/www.torreviejarentals.es\/wp-content\/uploads\/2025\/06\/a0789284-31cd-41f5-850c-ad6aa52cad6e.png","https:\/\/www.torreviejarentals.es\/wp-content\/uploads\/2025\/06\/c7afe9c0-dc98-4a79-b9b7-9ca21d54c911.png","https:\/\/www.torreviejarentals.es\/wp-content\/uploads\/2025\/06\/f9099217-2103-4dbf-b755-22a696037678.png","https:\/\/www.torreviejarentals.es\/wp-content\/uploads\/2025\/06\/e62675cd-dfae-41b2-b5ff-5e810ede0456.png","https:\/\/www.torreviejarentals.es\/wp-content\/uploads\/2025\/06\/c89a15b6-f7aa-4698-8ca0-45766625995a.png","https:\/\/www.torreviejarentals.es\/wp-content\/uploads\/2025\/06\/ba52dbf0-0638-42e5-992a-55b1c7a506c9.png","https:\/\/www.torreviejarentals.es\/wp-content\/uploads\/2025\/06\/72f49ab8-70fc-4d9a-8332-c04f0d1c6952.png","https:\/\/www.torreviejarentals.es\/wp-content\/uploads\/2025\/06\/af575034-3d52-497c-a1e4-815056f1d7b7.png","https:\/\/www.torreviejarentals.es\/wp-content\/uploads\/2025\/06\/28226f7b-8af2-4145-9e7e-251870d6b438.png","https:\/\/www.torreviejarentals.es\/wp-content\/uploads\/2025\/06\/3045cdfd-a643-48dd-bad1-e41a17ae15f3.png","https:\/\/www.torreviejarentals.es\/wp-content\/uploads\/2025\/06\/423e548c-070b-401e-97a3-db79c8571f80.png","https:\/\/www.torreviejarentals.es\/wp-content\/uploads\/2025\/06\/222cf9d6-b590-43ed-80eb-c0429433659c.png","https:\/\/www.torreviejarentals.es\/wp-content\/uploads\/2025\/06\/26ef548e-b085-4cc9-a54c-de0801c1f632.png","https:\/\/www.torreviejarentals.es\/wp-content\/uploads\/2025\/06\/26a7aff8-34b8-48df-a4d7-daa1af862694.png","https:\/\/www.torreviejarentals.es\/wp-content\/uploads\/2025\/06\/1f183b22-b146-436a-9274-573b5b747ee6.png","https:\/\/www.torreviejarentals.es\/wp-content\/uploads\/2025\/06\/1eabc4e1-529f-4119-ba96-61c977dc8fdd.png"],"listivo_344":[],"listivo_345":{"url":"","embed":""},"listivo_153":{"address":"Av. Tenerife, 03183 Torrevieja, Alicante, Spain","location":{"lat":37.9933426,"lng":-0.6649309}},"listivo_11704":[],"listivo_11750":["4209"],"listivo_11885":["{\"high-season\":{\"1\":{\"from\":1768262400000,\"to\":1798675200000,\"price\":\"90\",\"deposit\":\"90\"}}}"],"listivo_5974":["Price from:  \u20ac90 \/day"],"listivo_11948":[],"listivo_11949":[],"_links":{"self":[{"href":"https:\/\/www.torreviejarentals.es\/sv\/wp-json\/wp\/v2\/listings\/15679","targetHints":{"allow":["GET"]}}],"collection":[{"href":"https:\/\/www.torreviejarentals.es\/sv\/wp-json\/wp\/v2\/listings"}],"about":[{"href":"https:\/\/www.torreviejarentals.es\/sv\/wp-json\/wp\/v2\/types\/listivo_listing"}],"author":[{"embeddable":true,"href":"https:\/\/www.torreviejarentals.es\/sv\/wp-json\/wp\/v2\/users\/136"}],"wp:attachment":[{"href":"https:\/\/www.torreviejarentals.es\/sv\/wp-json\/wp\/v2\/media?parent=15679"}],"wp:term":[{"taxonomy":"listivo_5495","embeddable":true,"href":"https:\/\/www.torreviejarentals.es\/sv\/wp-json\/wp\/v2\/listivo_5495?post=15679"},{"taxonomy":"listivo_14303","embeddable":true,"href":"https:\/\/www.torreviejarentals.es\/sv\/wp-json\/wp\/v2\/listivo_14303?post=15679"},{"taxonomy":"listivo_14297","embeddable":true,"href":"https:\/\/www.torreviejarentals.es\/sv\/wp-json\/wp\/v2\/listivo_14297?post=15679"},{"taxonomy":"listivo_14311","embeddable":true,"href":"https:\/\/www.torreviejarentals.es\/sv\/wp-json\/wp\/v2\/listivo_14311?post=15679"},{"taxonomy":"listivo_14299","embeddable":true,"href":"https:\/\/www.torreviejarentals.es\/sv\/wp-json\/wp\/v2\/listivo_14299?post=15679"},{"taxonomy":"listivo_14298","embeddable":true,"href":"https:\/\/www.torreviejarentals.es\/sv\/wp-json\/wp\/v2\/listivo_14298?post=15679"},{"taxonomy":"listivo_14300","embeddable":true,"href":"https:\/\/www.torreviejarentals.es\/sv\/wp-json\/wp\/v2\/listivo_14300?post=15679"},{"taxonomy":"listivo_14301","embeddable":true,"href":"https:\/\/www.torreviejarentals.es\/sv\/wp-json\/wp\/v2\/listivo_14301?post=15679"},{"taxonomy":"listivo_14305","embeddable":true,"href":"https:\/\/www.torreviejarentals.es\/sv\/wp-json\/wp\/v2\/listivo_14305?post=15679"},{"taxonomy":"listivo_14307","embeddable":true,"href":"https:\/\/www.torreviejarentals.es\/sv\/wp-json\/wp\/v2\/listivo_14307?post=15679"},{"taxonomy":"listivo_14309","embeddable":true,"href":"https:\/\/www.torreviejarentals.es\/sv\/wp-json\/wp\/v2\/listivo_14309?post=15679"},{"taxonomy":"listivo_14310","embeddable":true,"href":"https:\/\/www.torreviejarentals.es\/sv\/wp-json\/wp\/v2\/listivo_14310?post=15679"},{"taxonomy":"listivo_14","embeddable":true,"href":"https:\/\/www.torreviejarentals.es\/sv\/wp-json\/wp\/v2\/listivo_14?post=15679"},{"taxonomy":"listivo_11876","embeddable":true,"href":"https:\/\/www.torreviejarentals.es\/sv\/wp-json\/wp\/v2\/listivo_11876?post=15679"},{"taxonomy":"listivo_9508","embeddable":true,"href":"https:\/\/www.torreviejarentals.es\/sv\/wp-json\/wp\/v2\/listivo_9508?post=15679"},{"taxonomy":"listivo_12010","embeddable":true,"href":"https:\/\/www.torreviejarentals.es\/sv\/wp-json\/wp\/v2\/listivo_12010?post=15679"},{"taxonomy":"listivo_12008","embeddable":true,"href":"https:\/\/www.torreviejarentals.es\/sv\/wp-json\/wp\/v2\/listivo_12008?post=15679"},{"taxonomy":"listivo_4661","embeddable":true,"href":"https:\/\/www.torreviejarentals.es\/sv\/wp-json\/wp\/v2\/listivo_4661?post=15679"},{"taxonomy":"listivo_11882","embeddable":true,"href":"https:\/\/www.torreviejarentals.es\/sv\/wp-json\/wp\/v2\/listivo_11882?post=15679"},{"taxonomy":"listivo_12017","embeddable":true,"href":"https:\/\/www.torreviejarentals.es\/sv\/wp-json\/wp\/v2\/listivo_12017?post=15679"},{"taxonomy":"listivo_12018","embeddable":true,"href":"https:\/\/www.torreviejarentals.es\/sv\/wp-json\/wp\/v2\/listivo_12018?post=15679"}],"curies":[{"name":"wp","href":"https:\/\/api.w.org\/{rel}","templated":true}]}}