{"id":15711,"date":"2025-06-07T07:04:44","date_gmt":"2025-06-07T05:04:44","guid":{"rendered":"https:\/\/www.torreviejarentals.es\/?post_type=listivo_listing&#038;p=15711"},"modified":"2026-01-13T18:28:00","modified_gmt":"2026-01-13T16:28:00","slug":"pmt21-bungalow-cabo-roig","status":"publish","type":"listivo_listing","link":"https:\/\/www.torreviejarentals.es\/sv\/listing\/pmt21-bungalow-cabo-roig\/","title":{"rendered":"Bungalow Cabo Roig"},"content":{"rendered":"<div class=\"_tp3sbt\" style=\"color: #222222;font-family: 'Airbnb Cereal VF', Circular, -apple-system, BlinkMacSystemFont, Roboto, 'Helvetica Neue', sans-serif;font-size: 1rem !important;line-height: 1.5rem !important;margin-bottom: 24px !important\">\n<section>\n<p class=\"MsoNormal\" style=\"margin: 0cm;line-height: normal;font-size: medium;font-family: Aptos, sans-serif;color: #000000\"><span style=\"font-family: Roboto;color: #222222;border: 1pt windowtext;padding: 0cm\">PS: Kolla g\u00e4rna kalendern p\u00e5 AirBNB ocks\u00e5 eftersom vi har den listad d\u00e4r ocks\u00e5.<\/span><\/p>\n<section style=\"border: 0px;font-family: 'Airbnb Cereal VF', Circular, -apple-system, system-ui, Roboto, 'Helvetica Neue', sans-serif\"><a style=\"border: 0px;text-decoration: none;color: #222222;box-shadow: none;position: relative;font-size: 1rem\" href=\"https:\/\/sv.airbnb.com\/rooms\/1254085992936930762?_set_bev_on_new_domain=1700513402_ODhjYzQyNzk3ODJl&amp;source_impression_id=p3_1749155175_P3yDINfLwM4oRkKk\" target=\"_blank\" rel=\"noopener\"><span style=\"color: #222222;text-decoration: none\"><span style=\"text-decoration: underline\"><span style=\"color: #3366ff;text-decoration: underline\">Klicka h\u00e4r<\/span><\/span><\/span><\/a><span style=\"font-family: 'Airbnb Cereal VF', Circular, -apple-system, BlinkMacSystemFont, Roboto, 'Helvetica Neue', sans-serif;font-size: 1rem\"><span style=\"font-family: 'Airbnb Cereal VF', Circular, -apple-system, BlinkMacSystemFont, Roboto, 'Helvetica Neue', sans-serif;font-size: 1rem\">\u00a0\u00a0<\/span><\/span>\u00a0<\/section>\n<\/section>\n<section><span class=\"l1h825yc atm_kd_19r6f69_24z95b atm_kd_19r6f69_1xbvphn_1oszvuo dir dir-ltr\">Charmig bungalow, bel\u00e4gen i ett gr\u00f6nskande samh\u00e4lle p\u00e5 en lugn gata, n\u00e4ra en gemensam pool och den livliga Cabo Roig Strip med olika mat- och shoppingalternativ. Den vackra stranden Playa de Cabo Roig ligger bara 600 meter bort.<br \/>\nBungalowen har tre sovrum med luftkonditionering, ett rymligt vardagsrum, tv\u00e5 badrum och en tv\u00e4ttstuga. Utomhus finns en balkong med utsikt \u00f6ver poolen, ett privat solarium f\u00f6r solbad och en stor terrass med plats f\u00f6r sex personer, allt f\u00f6r att du ska kunna njuta.<\/span><\/section>\n<\/div>\n<div class=\"_tp3sbt\" style=\"color: #222222;font-family: 'Airbnb Cereal VF', Circular, -apple-system, BlinkMacSystemFont, Roboto, 'Helvetica Neue', sans-serif;font-size: 1rem !important;line-height: 1.5rem !important;margin-bottom: 24px !important\">\n<section>\n<div class=\"_gt7myn\">\n<h2 class=\"hpipapi atm_7l_1kw7nm4 atm_c8_1x4eueo atm_cs_1kw7nm4 atm_g3_1kw7nm4 atm_gi_idpfg4 atm_l8_idpfg4 atm_kd_idpfg4_pfnrn2 dir dir-ltr\" style=\"margin: 0px;padding: 0px;font-weight: inherit;line-height: inherit;font-size: 1em\">Utrymmet<\/h2>\n<\/div>\n<p><span class=\"l1h825yc atm_kd_19r6f69_24z95b atm_kd_19r6f69_1xbvphn_1oszvuo dir dir-ltr\">Denna bungalow i spansk stil ligger inb\u00e4ddad i ett charmigt samh\u00e4lle, som k\u00e4nnetecknas av frodiga tr\u00e4dg\u00e5rdar och ligger p\u00e5 en lugn gata. Bara n\u00e5gra steg fr\u00e5n den gemensamma poolen och en kort promenad till den livliga Cabo Roig Strip, kan inv\u00e5narna njuta av ett varierat utbud av restauranger, butiker, barer och mer. Den fantastiska stranden Playa de Cabo Roig ligger ocks\u00e5 bekv\u00e4mt inom 600 meters g\u00e5ngavst\u00e5nd.<\/span><\/p>\n<p>Bungalowen best\u00e5r av tre sovrum, alla utrustade med luftkonditionering och takfl\u00e4ktar. Den har ett rymligt vardagsrum och matplats som s\u00f6ml\u00f6st ansluter till k\u00f6ket, samt tv\u00e5 badrum och en tv\u00e4ttstuga. Utomhusvistelsen \u00e4r en h\u00f6jdpunkt och erbjuder tre olika omr\u00e5den: en balkong i anslutning till sovrummet p\u00e5 f\u00f6rsta v\u00e5ningen med pittoresk utsikt \u00f6ver poolen, ett privat solarium perfekt f\u00f6r att sola hela dagen och en stor terrass p\u00e5 bottenv\u00e5ningen som vetter mot poolen, komplett med sittplatser f\u00f6r sex personer.<\/p>\n<p>Gemensam parkering utomhus p\u00e5 inh\u00e4gnat omr\u00e5de.<\/p>\n<\/section>\n<\/div>\n<div class=\"_tp3sbt\" style=\"color: #222222;font-family: 'Airbnb Cereal VF', Circular, -apple-system, BlinkMacSystemFont, Roboto, 'Helvetica Neue', sans-serif;font-size: 1rem !important;line-height: 1.5rem !important;margin-bottom: 24px !important\">\n<section>\n<div class=\"_gt7myn\">\n<h2 class=\"hpipapi atm_7l_1kw7nm4 atm_c8_1x4eueo atm_cs_1kw7nm4 atm_g3_1kw7nm4 atm_gi_idpfg4 atm_l8_idpfg4 atm_kd_idpfg4_pfnrn2 dir dir-ltr\" style=\"margin: 0px;padding: 0px;font-weight: inherit;line-height: inherit;font-size: 1em\">Tilltr\u00e4de f\u00f6r g\u00e4ster<\/h2>\n<\/div>\n<p><span class=\"l1h825yc atm_kd_19r6f69_24z95b atm_kd_19r6f69_1xbvphn_1oszvuo dir dir-ltr\">Bungalowen har tre sovrum, alla bel\u00e4gna p\u00e5 f\u00f6rsta v\u00e5ningen. Det stora sovrummet \u00e4r inrett med en queen size-s\u00e4ng, har ett s\u00e4rskilt arbetsomr\u00e5de och direkt tillg\u00e5ng till en h\u00e4rlig balkong med utsikt \u00f6ver poolen. Det andra och tredje sovrummet har tv\u00e5 enkels\u00e4ngar vardera. Varje sovrum \u00e4r utrustat med luftkonditionering och en takfl\u00e4kt f\u00f6r optimal komfort. Observera att ett av enkelrummen \u00e4r l\u00e4mpligt f\u00f6r barn, eftersom s\u00e4ngen m\u00e4ter 170 cm i l\u00e4ngd.<\/span><\/p>\n<p>L\u00e4genheten har ocks\u00e5 tv\u00e5 badrum, b\u00e5da med dusch, varav det ena badrummet dessutom har ett litet badkar, handfat och toalett. Det \u00f6ppna konceptet integrerar s\u00f6ml\u00f6st k\u00f6ket, matplatsen och vardagsrummet. K\u00f6ket \u00e4r v\u00e4lutrustat med spis, ugn, diskmaskin, mikrov\u00e5gsugn, kyl och frys och alla viktiga kulinariska redskap. I en separat tv\u00e4ttstuga finns en tv\u00e4ttmaskin f\u00f6r extra bekv\u00e4mlighet.<\/p>\n<p>I matplatsen finns ett bord med plats f\u00f6r tre personer, medan vardagsrummet \u00e4r m\u00f6blerat med en soffa och en smart-TV f\u00f6r streamingtj\u00e4nster. Det privata solariumet ger natursk\u00f6n 360-graders utsikt och utm\u00e4rkt sol exponering. Balkongen och terrassen p\u00e5 bottenv\u00e5ningen har utsikt \u00f6ver poolen och tr\u00e4dg\u00e5rden och skapar ett idealiskt utrymme f\u00f6r avkoppling.<\/p>\n<p>Samh\u00e4llet erbjuder gratis parkering p\u00e5 plats f\u00f6r boende. G\u00e4sterna har exklusiv tillg\u00e5ng till hela l\u00e4genheten och dess utomhusomr\u00e5den. Observera att poolen, tr\u00e4dg\u00e5rden och parkeringsplatserna \u00e4r gemensamma omr\u00e5den som delas med andra boende i samh\u00e4llet.<\/p>\n<\/section>\n<\/div>\n<div class=\"_tp3sbt\" style=\"color: #222222;font-family: 'Airbnb Cereal VF', Circular, -apple-system, BlinkMacSystemFont, Roboto, 'Helvetica Neue', sans-serif;font-size: 1rem !important;line-height: 1.5rem !important;margin-bottom: 24px !important\">\n<section>\n<div class=\"_gt7myn\">\n<h2 class=\"hpipapi atm_7l_1kw7nm4 atm_c8_1x4eueo atm_cs_1kw7nm4 atm_g3_1kw7nm4 atm_gi_idpfg4 atm_l8_idpfg4 atm_kd_idpfg4_pfnrn2 dir dir-ltr\" style=\"margin: 0px;padding: 0px;font-weight: inherit;line-height: inherit;font-size: 1em\">Andra saker att notera<\/h2>\n<\/div>\n<p><span class=\"l1h825yc atm_kd_19r6f69_24z95b atm_kd_19r6f69_1xbvphn_1oszvuo dir dir-ltr\">Innan du bokar, v\u00e4nligen se till att du har l\u00e4st och f\u00f6rst\u00e5tt husreglerna. Det \u00e4r obligatoriskt f\u00f6r alla bes\u00f6kare att f\u00f6lja b\u00e5de l\u00e4genhetens och samh\u00e4llets regler.<\/span><\/p>\n<p>\"V\u00e4nligen notera att p\u00e5 grund av v\u00e5rt h\u00e4rliga lokala klimat och l\u00e4ge finns det en naturlig n\u00e4rvaro av insekter i omr\u00e5det. F\u00f6r att s\u00e4kerst\u00e4lla en bekv\u00e4m vistelse och minimera risken f\u00f6r att de kommer in i l\u00e4genheten ber vi dig v\u00e4nligen att h\u00e5lla d\u00f6rrar och f\u00f6nster st\u00e4ngda n\u00e4r det \u00e4r m\u00f6jligt. Om du st\u00f6ter p\u00e5 n\u00e5gra problem, tveka inte att kontakta oss omedelbart f\u00f6r att f\u00e5 hj\u00e4lp.\"<\/p>\n<\/section>\n<\/div>\n<div class=\"_tp3sbt\" style=\"color: #222222;font-family: 'Airbnb Cereal VF', Circular, -apple-system, BlinkMacSystemFont, Roboto, 'Helvetica Neue', sans-serif;font-size: 1rem !important;line-height: 1.5rem !important;margin-bottom: 24px !important\">\n<section>\n<div class=\"_gt7myn\">\n<h2 class=\"hpipapi atm_7l_1kw7nm4 atm_c8_1x4eueo atm_cs_1kw7nm4 atm_g3_1kw7nm4 atm_gi_idpfg4 atm_l8_idpfg4 atm_kd_idpfg4_pfnrn2 dir dir-ltr\" style=\"margin: 0px;padding: 0px;font-weight: inherit;line-height: inherit;font-size: 1em\">Detaljer om registrering<\/h2>\n<\/div>\n<p><span class=\"l1h825yc atm_kd_19r6f69_24z95b atm_kd_19r6f69_1xbvphn_1oszvuo dir dir-ltr\">EGVT-1434-A<\/span><\/p>\n<\/section>\n<\/div>","protected":false},"author":136,"template":"","listivo_5495":["Holiday Rentals"],"listivo_14303":[],"listivo_14297":[],"listivo_14311":[],"listivo_14299":[],"listivo_14298":[],"listivo_14300":[],"listivo_14301":[],"listivo_14305":[],"listivo_14307":[],"listivo_14309":[],"listivo_14310":[],"listivo_14":["Houses"],"listivo_11876":["Torrevieja"],"listivo_9508":[],"listivo_12010":["Air Conditioner","Bed Sheets","Ceiling or Floor Fan","Furnished","TV","Washing Machine","Wi-Fi"],"listivo_12008":["Coffee Maker or Kettle","Kitchen Tools","Microwave","Oven","Refrigerator &amp; Freezer","Stove"],"listivo_4661":["Balcony\/Terrasse","Parking (Private)","Pool (Shared)"],"listivo_11882":["Danish","English","Norwegian","Swedish"],"listivo_12017":["Smoking not allowed"],"listivo_12018":["Pets not allowed"],"class_list":["post-15711","listivo_listing","type-listivo_listing","status-publish","hentry","listivo_5495-holiday-rentals","listivo_14-houses","listivo_11876-torrevieja","listivo_12010-air-conditioner","listivo_12010-bed-sheets","listivo_12010-ceiling-or-floor-fan","listivo_12010-furnished","listivo_12010-tv","listivo_12010-washing-machine","listivo_12010-wi-fi","listivo_12008-coffee-maker-or-kettle","listivo_12008-kitchen-tools","listivo_12008-microwave","listivo_12008-oven","listivo_12008-refrigerator-and-freezer","listivo_12008-stove","listivo_4661-balcony-terrasse","listivo_4661-parking-private","listivo_4661-pool-shared","listivo_11882-danish","listivo_11882-english","listivo_11882-norwegian","listivo_11882-swedish","listivo_12017-smoking-not-allowed","listivo_12018-pets-not-allowed"],"acf":[],"listivo_12212":[],"listivo_14304":[],"listivo_14306":[],"listivo_14308":[],"listivo_11786":["6"],"listivo_5463":["2"],"listivo_12019":["3"],"listivo_340":[],"listivo_11980":["70"],"listivo_145":["https:\/\/www.torreviejarentals.es\/wp-content\/uploads\/2025\/06\/735d51cd-b7f9-4374-bc69-04e5a1a9ab99.png","https:\/\/www.torreviejarentals.es\/wp-content\/uploads\/2025\/06\/ea15faf9-2d9c-4f5f-8ff4-44707252b697.png","https:\/\/www.torreviejarentals.es\/wp-content\/uploads\/2025\/06\/0151c7ab-9c2b-47f7-8c60-47cbaedf5768.png","https:\/\/www.torreviejarentals.es\/wp-content\/uploads\/2025\/06\/ab9d7b64-80ec-431a-86ab-d19d52a6f3e3.png","https:\/\/www.torreviejarentals.es\/wp-content\/uploads\/2025\/06\/e5ec1c7c-86ab-4994-b4ff-f342285d78c0.png","https:\/\/www.torreviejarentals.es\/wp-content\/uploads\/2025\/06\/d1532e89-a03f-4771-938b-5a33485e1e30.png","https:\/\/www.torreviejarentals.es\/wp-content\/uploads\/2025\/06\/adfb64bd-c477-4ff0-bda1-bd6530985c1d.png","https:\/\/www.torreviejarentals.es\/wp-content\/uploads\/2025\/06\/62777362-8a42-4d82-a13e-8d147fbdc834.png","https:\/\/www.torreviejarentals.es\/wp-content\/uploads\/2025\/06\/fa0d34e5-6355-4464-b710-b06763c9ccc5.png","https:\/\/www.torreviejarentals.es\/wp-content\/uploads\/2025\/06\/17344988-a37e-46c5-b6e0-87e994dba58e.png","https:\/\/www.torreviejarentals.es\/wp-content\/uploads\/2025\/06\/766dd02a-6ec7-4f8d-8f6d-cf186ce0e9e3.png","https:\/\/www.torreviejarentals.es\/wp-content\/uploads\/2025\/06\/75f75df6-f762-49a3-9abc-17e510d070a9.png","https:\/\/www.torreviejarentals.es\/wp-content\/uploads\/2025\/06\/51a0464b-5fa6-4394-95b7-16c1dd39d998.png","https:\/\/www.torreviejarentals.es\/wp-content\/uploads\/2025\/06\/9e54d5b1-bd70-4c47-9731-b5ef0bfcdb3b.png","https:\/\/www.torreviejarentals.es\/wp-content\/uploads\/2025\/06\/022dd357-2e2a-4b14-9107-e0e4722b7418.png","https:\/\/www.torreviejarentals.es\/wp-content\/uploads\/2025\/06\/07a33a6d-a81e-45d1-9fa6-6fd6e45eb596.png","https:\/\/www.torreviejarentals.es\/wp-content\/uploads\/2025\/06\/3d243114-22ed-45eb-b10b-0d7c955dc667.png","https:\/\/www.torreviejarentals.es\/wp-content\/uploads\/2025\/06\/2c2bce0c-95b3-47e8-830f-a12cfb74a475.png"],"listivo_344":[],"listivo_345":{"url":"","embed":""},"listivo_153":{"address":"C. el Pte., 03189, Alicante, Spain","location":{"lat":37.9169794,"lng":-0.732652}},"listivo_11704":[],"listivo_11750":["4209"],"listivo_11885":["{\"high-season\":{\"1\":{\"from\":1768262400000,\"to\":1798675200000,\"price\":\"69\",\"deposit\":\"69\"}}}"],"listivo_5974":["Price from:  \u20ac69 \/day"],"listivo_11948":[],"listivo_11949":[],"_links":{"self":[{"href":"https:\/\/www.torreviejarentals.es\/sv\/wp-json\/wp\/v2\/listings\/15711","targetHints":{"allow":["GET"]}}],"collection":[{"href":"https:\/\/www.torreviejarentals.es\/sv\/wp-json\/wp\/v2\/listings"}],"about":[{"href":"https:\/\/www.torreviejarentals.es\/sv\/wp-json\/wp\/v2\/types\/listivo_listing"}],"author":[{"embeddable":true,"href":"https:\/\/www.torreviejarentals.es\/sv\/wp-json\/wp\/v2\/users\/136"}],"wp:attachment":[{"href":"https:\/\/www.torreviejarentals.es\/sv\/wp-json\/wp\/v2\/media?parent=15711"}],"wp:term":[{"taxonomy":"listivo_5495","embeddable":true,"href":"https:\/\/www.torreviejarentals.es\/sv\/wp-json\/wp\/v2\/listivo_5495?post=15711"},{"taxonomy":"listivo_14303","embeddable":true,"href":"https:\/\/www.torreviejarentals.es\/sv\/wp-json\/wp\/v2\/listivo_14303?post=15711"},{"taxonomy":"listivo_14297","embeddable":true,"href":"https:\/\/www.torreviejarentals.es\/sv\/wp-json\/wp\/v2\/listivo_14297?post=15711"},{"taxonomy":"listivo_14311","embeddable":true,"href":"https:\/\/www.torreviejarentals.es\/sv\/wp-json\/wp\/v2\/listivo_14311?post=15711"},{"taxonomy":"listivo_14299","embeddable":true,"href":"https:\/\/www.torreviejarentals.es\/sv\/wp-json\/wp\/v2\/listivo_14299?post=15711"},{"taxonomy":"listivo_14298","embeddable":true,"href":"https:\/\/www.torreviejarentals.es\/sv\/wp-json\/wp\/v2\/listivo_14298?post=15711"},{"taxonomy":"listivo_14300","embeddable":true,"href":"https:\/\/www.torreviejarentals.es\/sv\/wp-json\/wp\/v2\/listivo_14300?post=15711"},{"taxonomy":"listivo_14301","embeddable":true,"href":"https:\/\/www.torreviejarentals.es\/sv\/wp-json\/wp\/v2\/listivo_14301?post=15711"},{"taxonomy":"listivo_14305","embeddable":true,"href":"https:\/\/www.torreviejarentals.es\/sv\/wp-json\/wp\/v2\/listivo_14305?post=15711"},{"taxonomy":"listivo_14307","embeddable":true,"href":"https:\/\/www.torreviejarentals.es\/sv\/wp-json\/wp\/v2\/listivo_14307?post=15711"},{"taxonomy":"listivo_14309","embeddable":true,"href":"https:\/\/www.torreviejarentals.es\/sv\/wp-json\/wp\/v2\/listivo_14309?post=15711"},{"taxonomy":"listivo_14310","embeddable":true,"href":"https:\/\/www.torreviejarentals.es\/sv\/wp-json\/wp\/v2\/listivo_14310?post=15711"},{"taxonomy":"listivo_14","embeddable":true,"href":"https:\/\/www.torreviejarentals.es\/sv\/wp-json\/wp\/v2\/listivo_14?post=15711"},{"taxonomy":"listivo_11876","embeddable":true,"href":"https:\/\/www.torreviejarentals.es\/sv\/wp-json\/wp\/v2\/listivo_11876?post=15711"},{"taxonomy":"listivo_9508","embeddable":true,"href":"https:\/\/www.torreviejarentals.es\/sv\/wp-json\/wp\/v2\/listivo_9508?post=15711"},{"taxonomy":"listivo_12010","embeddable":true,"href":"https:\/\/www.torreviejarentals.es\/sv\/wp-json\/wp\/v2\/listivo_12010?post=15711"},{"taxonomy":"listivo_12008","embeddable":true,"href":"https:\/\/www.torreviejarentals.es\/sv\/wp-json\/wp\/v2\/listivo_12008?post=15711"},{"taxonomy":"listivo_4661","embeddable":true,"href":"https:\/\/www.torreviejarentals.es\/sv\/wp-json\/wp\/v2\/listivo_4661?post=15711"},{"taxonomy":"listivo_11882","embeddable":true,"href":"https:\/\/www.torreviejarentals.es\/sv\/wp-json\/wp\/v2\/listivo_11882?post=15711"},{"taxonomy":"listivo_12017","embeddable":true,"href":"https:\/\/www.torreviejarentals.es\/sv\/wp-json\/wp\/v2\/listivo_12017?post=15711"},{"taxonomy":"listivo_12018","embeddable":true,"href":"https:\/\/www.torreviejarentals.es\/sv\/wp-json\/wp\/v2\/listivo_12018?post=15711"}],"curies":[{"name":"wp","href":"https:\/\/api.w.org\/{rel}","templated":true}]}}